{"id":29996,"date":"2026-09-03T10:12:19","date_gmt":"2026-09-03T08:12:19","guid":{"rendered":"https:\/\/www.delc.ch\/?page_id=29996"},"modified":"2026-09-03T10:12:19","modified_gmt":"2026-09-03T08:12:19","slug":"urtikaria-und-angiooeedem","status":"publish","type":"page","link":"https:\/\/www.delc.ch\/de\/zuweiser-neu\/dermatologie\/urtikaria-und-angiooeedem\/","title":{"rendered":"Urtikaria und Angio\u00f6edem"},"content":{"rendered":"\t\t<div data-elementor-type=\"wp-page\" data-elementor-id=\"29996\" class=\"elementor elementor-29996\" data-elementor-post-type=\"page\">\n\t\t\t\t<div class=\"elementor-element elementor-element-185daee e-flex e-con-boxed e-con e-parent\" data-id=\"185daee\" data-element_type=\"container\" data-e-type=\"container\">\n\t\t\t\t\t<div class=\"e-con-inner\">\n\t\t<div class=\"elementor-element elementor-element-ce540bb e-con-full e-flex e-con e-child\" data-id=\"ce540bb\" data-element_type=\"container\" data-e-type=\"container\">\n\t\t\t\t<div class=\"elementor-element elementor-element-290c9e7 elementor-widget elementor-widget-text-editor\" data-id=\"290c9e7\" data-element_type=\"widget\" data-e-type=\"widget\" data-widget_type=\"text-editor.default\">\n\t\t\t\t<div class=\"elementor-widget-container\">\n\t\t\t\t\t\t\t\t\t<p>Urtikaria und Angio\u00f6edem<\/p>\t\t\t\t\t\t\t\t<\/div>\n\t\t\t\t<\/div>\n\t\t\t\t<div class=\"elementor-element elementor-element-483227d elementor-widget elementor-widget-image\" data-id=\"483227d\" data-element_type=\"widget\" data-e-type=\"widget\" data-widget_type=\"image.default\">\n\t\t\t\t<div class=\"elementor-widget-container\">\n\t\t\t\t\t\t\t\t\t\t\t\t\t\t\t<img fetchpriority=\"high\" decoding=\"async\" width=\"800\" height=\"466\" src=\"https:\/\/www.delc.ch\/wp-content\/uploads\/2026\/09\/Urtikaria.jpg\" class=\"attachment-large size-large wp-image-29998\" alt=\"\" srcset=\"https:\/\/www.delc.ch\/wp-content\/uploads\/2026\/09\/Urtikaria.jpg 800w, https:\/\/www.delc.ch\/wp-content\/uploads\/2026\/09\/Urtikaria-300x175.jpg 300w, https:\/\/www.delc.ch\/wp-content\/uploads\/2026\/09\/Urtikaria-768x447.jpg 768w\" sizes=\"(max-width: 800px) 100vw, 800px\" \/>\t\t\t\t\t\t\t\t\t\t\t\t\t\t\t<\/div>\n\t\t\t\t<\/div>\n\t\t\t\t<div class=\"elementor-element elementor-element-2f5321d elementor-widget elementor-widget-text-editor\" data-id=\"2f5321d\" data-element_type=\"widget\" data-e-type=\"widget\" data-widget_type=\"text-editor.default\">\n\t\t\t\t<div class=\"elementor-widget-container\">\n\t\t\t\t\t\t\t\t\t<p>Die Urtikaria (Nesselsucht) ist eine h\u00e4ufige Hauterkrankung mit pl\u00f6tzlich auftretenden, juckenden Quaddeln und oberfl\u00e4chlichen Schwellungen der Haut. Man unterscheidet eine akute (weniger als 6 Wochen) und eine chronische Form (l\u00e4nger als 6 Wochen). Eine rasche, leitliniengerechte Therapie verbessert den Juckreiz, die klinische Zeichen und die Lebensqualit\u00e4t deutlich. Neben Quaddeln k\u00f6nnen auch Angio\u00f6deme auftreten. Die Angio\u00f6deme stellen tiefere Schwellungen der Lederhaut (der Dermis) und der Unterhaut (Hypodermis) dar und k\u00f6nnen auch die Schleimh\u00e4ute betreffen. Ein Angio\u00f6dem kann auch allein vorkommen, ohne von Urtikaria und Juckreiz begleitet zu sein. Bei Schwellungen im Rachen- oder Kehlkopfbereich besteht die Gefahr einer lebensbedrohlichen Atemnot. Treten Darmbeschwerden wie Bauchschmerzen oder Kr\u00e4mpfe auf, kann auch der Darm betroffen sein.<\/p>\t\t\t\t\t\t\t\t<\/div>\n\t\t\t\t<\/div>\n\t\t\t\t<\/div>\n\t\t\t\t\t<\/div>\n\t\t\t\t<\/div>\n\t\t<div class=\"elementor-element elementor-element-2124b3b e-flex e-con-boxed e-con e-parent\" data-id=\"2124b3b\" data-element_type=\"container\" data-e-type=\"container\" data-settings=\"{&quot;background_background&quot;:&quot;classic&quot;}\">\n\t\t\t\t\t<div class=\"e-con-inner\">\n\t\t\t\t<div class=\"elementor-element elementor-element-c8b790a elementor-widget elementor-widget-n-accordion\" data-id=\"c8b790a\" data-element_type=\"widget\" data-e-type=\"widget\" data-settings=\"{&quot;default_state&quot;:&quot;all_collapsed&quot;,&quot;max_items_expended&quot;:&quot;one&quot;,&quot;n_accordion_animation_duration&quot;:{&quot;unit&quot;:&quot;ms&quot;,&quot;size&quot;:400,&quot;sizes&quot;:[]}}\" data-widget_type=\"nested-accordion.default\">\n\t\t\t\t<div class=\"elementor-widget-container\">\n\t\t\t\t\t\t\t<div class=\"e-n-accordion\" aria-label=\"Accordion. Open links with Enter or Space, close with Escape, and navigate with Arrow Keys\">\n\t\t\t\t\t\t<details id=\"e-n-accordion-item-2100\" class=\"e-n-accordion-item\" >\n\t\t\t\t<summary class=\"e-n-accordion-item-title\" data-accordion-index=\"1\" tabindex=\"0\" aria-expanded=\"false\" aria-controls=\"e-n-accordion-item-2100\" >\n\t\t\t\t\t<span class='e-n-accordion-item-title-header'><div class=\"e-n-accordion-item-title-text\"> Diagnose und Indikation <\/div><\/span>\n\t\t\t\t\t\t\t<span class='e-n-accordion-item-title-icon'>\n\t\t\t<span class='e-opened' ><i aria-hidden=\"true\" class=\"icon icon-up-arrow1\"><\/i><\/span>\n\t\t\t<span class='e-closed'><i aria-hidden=\"true\" class=\"icon icon-down-arrow1\"><\/i><\/span>\n\t\t<\/span>\n\n\t\t\t\t\t\t<\/summary>\n\t\t\t\t<div role=\"region\" aria-labelledby=\"e-n-accordion-item-2100\" class=\"elementor-element elementor-element-3c7d7a5 e-con-full e-flex e-con e-child\" data-id=\"3c7d7a5\" data-element_type=\"container\" data-e-type=\"container\">\n\t\t\t\t<div class=\"elementor-element elementor-element-a161364 elementor-widget elementor-widget-text-editor\" data-id=\"a161364\" data-element_type=\"widget\" data-e-type=\"widget\" data-widget_type=\"text-editor.default\">\n\t\t\t\t<div class=\"elementor-widget-container\">\n\t\t\t\t\t\t\t\t\t<p>Typisch sind fl\u00fcchtige, juckende Quaddeln unterschiedlicher Gr\u00f6sse. Ausl\u00f6ser k\u00f6nnen physikalische Reize, Medikamente, Infektionen oder Nahrungsmittel sein. Bei unklarer Ursache spricht man von chronisch spontaner Urtikaria (CSU).<\/p><p>Die Urtikaria factitia wird durch mechanische Reize wie Reiben oder Kratzen ausgel\u00f6st.<\/p>\t\t\t\t\t\t\t\t<\/div>\n\t\t\t\t<\/div>\n\t\t\t\t<\/div>\n\t\t\t\t\t<\/details>\n\t\t\t\t\t\t<details id=\"e-n-accordion-item-2101\" class=\"e-n-accordion-item\" >\n\t\t\t\t<summary class=\"e-n-accordion-item-title\" data-accordion-index=\"2\" tabindex=\"-1\" aria-expanded=\"false\" aria-controls=\"e-n-accordion-item-2101\" >\n\t\t\t\t\t<span class='e-n-accordion-item-title-header'><div class=\"e-n-accordion-item-title-text\"> Klinische Zeichen und Warnzeichen <\/div><\/span>\n\t\t\t\t\t\t\t<span class='e-n-accordion-item-title-icon'>\n\t\t\t<span class='e-opened' ><i aria-hidden=\"true\" class=\"icon icon-up-arrow1\"><\/i><\/span>\n\t\t\t<span class='e-closed'><i aria-hidden=\"true\" class=\"icon icon-down-arrow1\"><\/i><\/span>\n\t\t<\/span>\n\n\t\t\t\t\t\t<\/summary>\n\t\t\t\t<div role=\"region\" aria-labelledby=\"e-n-accordion-item-2101\" class=\"elementor-element elementor-element-804ca3f e-con-full e-flex e-con e-child\" data-id=\"804ca3f\" data-element_type=\"container\" data-e-type=\"container\">\n\t\t\t\t<div class=\"elementor-element elementor-element-ba99f1d elementor-widget elementor-widget-text-editor\" data-id=\"ba99f1d\" data-element_type=\"widget\" data-e-type=\"widget\" data-widget_type=\"text-editor.default\">\n\t\t\t\t<div class=\"elementor-widget-container\">\n\t\t\t\t\t\t\t\t\t<p>Neben Quaddeln k\u00f6nnen Angio\u00f6deme im Gesichts-, Halsbereich oder am K\u00f6rper auftreten.<\/p><p><strong>Red Flags:<\/strong> Wenn Atemnot, Schluckbeschwerden oder Kreislaufreaktionen auftreten, ist sofort eine Notfallbehandlung erforderlich, da dies auf eine anaphylaktische Reaktion hinweisen kann.<\/p><p>Auch das Auftreten eines Angio\u00f6dems nach einem Zahnarztbesuch oder Bauchschmerzen in Verbindung mit Angio\u00f6demen sowie Fieber, das gleichzeitig mit Urtikaria auftritt, sollten umgehend \u00e4rztlich abgekl\u00e4rt werden, da sie auf eine schwerwiegende systemische Reaktion hinweisen k\u00f6nnen.<\/p>\t\t\t\t\t\t\t\t<\/div>\n\t\t\t\t<\/div>\n\t\t\t\t<\/div>\n\t\t\t\t\t<\/details>\n\t\t\t\t\t\t<details id=\"e-n-accordion-item-2102\" class=\"e-n-accordion-item\" >\n\t\t\t\t<summary class=\"e-n-accordion-item-title\" data-accordion-index=\"3\" tabindex=\"-1\" aria-expanded=\"false\" aria-controls=\"e-n-accordion-item-2102\" >\n\t\t\t\t\t<span class='e-n-accordion-item-title-header'><div class=\"e-n-accordion-item-title-text\"> Diagnostik und Therapie <\/div><\/span>\n\t\t\t\t\t\t\t<span class='e-n-accordion-item-title-icon'>\n\t\t\t<span class='e-opened' ><i aria-hidden=\"true\" class=\"icon icon-up-arrow1\"><\/i><\/span>\n\t\t\t<span class='e-closed'><i aria-hidden=\"true\" class=\"icon icon-down-arrow1\"><\/i><\/span>\n\t\t<\/span>\n\n\t\t\t\t\t\t<\/summary>\n\t\t\t\t<div role=\"region\" aria-labelledby=\"e-n-accordion-item-2102\" class=\"elementor-element elementor-element-3ac9e16 e-con-full e-flex e-con e-child\" data-id=\"3ac9e16\" data-element_type=\"container\" data-e-type=\"container\">\n\t\t\t\t<div class=\"elementor-element elementor-element-8a7234c elementor-widget elementor-widget-text-editor\" data-id=\"8a7234c\" data-element_type=\"widget\" data-e-type=\"widget\" data-widget_type=\"text-editor.default\">\n\t\t\t\t<div class=\"elementor-widget-container\">\n\t\t\t\t\t\t\t\t\t<p>Die Diagnose erfolgt klinisch durch Anamnese und Inspektion. Basislabor ist nur bei chronischem Verlauf oder Verdacht auf Grunderkrankung n\u00f6tig.<\/p><p>Die Therapie erfolgt nach den aktuellen Leitlinien mit Antihistaminika der 2. Generation (z. B. Cetirizin oder Loratadin). Bei unzureichender Wirkung kann die Dosis bis zum Vierfachen der Standarddosis gesteigert werden. Sollte die Symptomatik weiterhin persistieren, ist der Einsatz von Biologikum (Omalizumab) empfohlen. Bei Therapieversagen wird die Anwendung von Ciclosporin A in Betracht gezogen. Kortikosteroide sollten nur kurzzeitig bei akuten Sch\u00fcben eingesetzt werden.<\/p>\t\t\t\t\t\t\t\t<\/div>\n\t\t\t\t<\/div>\n\t\t\t\t<\/div>\n\t\t\t\t\t<\/details>\n\t\t\t\t\t\t<details id=\"e-n-accordion-item-2103\" class=\"e-n-accordion-item\" >\n\t\t\t\t<summary class=\"e-n-accordion-item-title\" data-accordion-index=\"4\" tabindex=\"-1\" aria-expanded=\"false\" aria-controls=\"e-n-accordion-item-2103\" >\n\t\t\t\t\t<span class='e-n-accordion-item-title-header'><div class=\"e-n-accordion-item-title-text\"> Mehrwert f\u00fcr Patient und Zuweiser <\/div><\/span>\n\t\t\t\t\t\t\t<span class='e-n-accordion-item-title-icon'>\n\t\t\t<span class='e-opened' ><i aria-hidden=\"true\" class=\"icon icon-up-arrow1\"><\/i><\/span>\n\t\t\t<span class='e-closed'><i aria-hidden=\"true\" class=\"icon icon-down-arrow1\"><\/i><\/span>\n\t\t<\/span>\n\n\t\t\t\t\t\t<\/summary>\n\t\t\t\t<div role=\"region\" aria-labelledby=\"e-n-accordion-item-2103\" class=\"elementor-element elementor-element-8d7b013 e-con-full e-flex e-con e-child\" data-id=\"8d7b013\" data-element_type=\"container\" data-e-type=\"container\">\n\t\t\t\t<div class=\"elementor-element elementor-element-e405391 elementor-widget elementor-widget-text-editor\" data-id=\"e405391\" data-element_type=\"widget\" data-e-type=\"widget\" data-widget_type=\"text-editor.default\">\n\t\t\t\t<div class=\"elementor-widget-container\">\n\t\t\t\t\t\t\t\t\t<p>Eine schnelle Diagnose und strukturierte Therapie f\u00fchren zu rascher Symptomlinderung und h\u00f6herer Lebensqualit\u00e4t. F\u00fcr Zuweiser erm\u00f6glicht das ein klares Therapieschema und effiziente Verlaufskontrolle.<\/p>\t\t\t\t\t\t\t\t<\/div>\n\t\t\t\t<\/div>\n\t\t\t\t<\/div>\n\t\t\t\t\t<\/details>\n\t\t\t\t\t\t<details id=\"e-n-accordion-item-2104\" class=\"e-n-accordion-item\" >\n\t\t\t\t<summary class=\"e-n-accordion-item-title\" data-accordion-index=\"5\" tabindex=\"-1\" aria-expanded=\"false\" aria-controls=\"e-n-accordion-item-2104\" >\n\t\t\t\t\t<span class='e-n-accordion-item-title-header'><div class=\"e-n-accordion-item-title-text\"> Abschluss <\/div><\/span>\n\t\t\t\t\t\t\t<span class='e-n-accordion-item-title-icon'>\n\t\t\t<span class='e-opened' ><i aria-hidden=\"true\" class=\"icon icon-up-arrow1\"><\/i><\/span>\n\t\t\t<span class='e-closed'><i aria-hidden=\"true\" class=\"icon icon-down-arrow1\"><\/i><\/span>\n\t\t<\/span>\n\n\t\t\t\t\t\t<\/summary>\n\t\t\t\t<div role=\"region\" aria-labelledby=\"e-n-accordion-item-2104\" class=\"elementor-element elementor-element-c4ec342 e-con-full e-flex e-con e-child\" data-id=\"c4ec342\" data-element_type=\"container\" data-e-type=\"container\">\n\t\t\t\t<div class=\"elementor-element elementor-element-5d555de elementor-widget elementor-widget-text-editor\" data-id=\"5d555de\" data-element_type=\"widget\" data-e-type=\"widget\" data-widget_type=\"text-editor.default\">\n\t\t\t\t<div class=\"elementor-widget-container\">\n\t\t\t\t\t\t\t\t\t<p>Eine fr\u00fchzeitige, stufenweise Behandlung ist entscheidend. Bei chronischen oder therapieresistenten Verl\u00e4ufen sollte eine \u00dcberweisung an spezialisierte Dermatologie oder Allergologie erfolgen.<\/p>\t\t\t\t\t\t\t\t<\/div>\n\t\t\t\t<\/div>\n\t\t\t\t<\/div>\n\t\t\t\t\t<\/details>\n\t\t\t\t\t<\/div>\n\t\t\t\t\t\t<\/div>\n\t\t\t\t<\/div>\n\t\t\t\t\t<\/div>\n\t\t\t\t<\/div>\n\t\t\t\t<\/div>\n\t\t\n    <div class=\"xs_social_share_widget xs_share_url after_content \t\tmain_content  wslu-style-1 wslu-share-box-shaped wslu-fill-colored wslu-none wslu-share-horizontal wslu-theme-font-no wslu-main_content\">\n\n\t\t\n        <ul>\n\t\t\t        <\/ul>\n    <\/div> \n","protected":false},"excerpt":{"rendered":"<p>Urtikaria und Angio\u00f6edem Die Urtikaria (Nesselsucht) ist eine h\u00e4ufige Hauterkrankung mit pl\u00f6tzlich auftretenden, juckenden Quaddeln und oberfl\u00e4chlichen Schwellungen der Haut. Man unterscheidet eine akute (weniger als 6 Wochen) und eine chronische Form (l\u00e4nger als 6 Wochen). Eine rasche, leitliniengerechte Therapie verbessert den Juckreiz, die klinische Zeichen und die Lebensqualit\u00e4t deutlich. Neben Quaddeln k\u00f6nnen auch Angio\u00f6deme [&hellip;]<\/p>\n","protected":false},"author":3,"featured_media":0,"parent":29686,"menu_order":0,"comment_status":"closed","ping_status":"closed","template":"elementor_header_footer","meta":{"postBodyCss":"","postBodyMargin":[],"postBodyPadding":[],"postBodyBackground":{"backgroundType":"classic","gradient":""},"footnotes":""},"class_list":["post-29996","page","type-page","status-publish","hentry"],"yoast_head":"<!-- This site is optimized with the Yoast SEO plugin v28.4 - https:\/\/yoast.com\/product\/yoast-seo-wordpress\/ -->\n<title>Urtikaria und Angio\u00f6edem - Clinique Delc<\/title>\n<meta name=\"robots\" content=\"noindex, follow\" \/>\n<meta property=\"og:locale\" content=\"de_DE\" \/>\n<meta property=\"og:type\" content=\"article\" \/>\n<meta property=\"og:title\" content=\"Urtikaria und Angio\u00f6edem - Clinique Delc\" \/>\n<meta property=\"og:description\" content=\"Urtikaria und Angio\u00f6edem Die Urtikaria (Nesselsucht) ist eine h\u00e4ufige Hauterkrankung mit pl\u00f6tzlich auftretenden, juckenden Quaddeln und oberfl\u00e4chlichen Schwellungen der Haut. Man unterscheidet eine akute (weniger als 6 Wochen) und eine chronische Form (l\u00e4nger als 6 Wochen). Eine rasche, leitliniengerechte Therapie verbessert den Juckreiz, die klinische Zeichen und die Lebensqualit\u00e4t deutlich. Neben Quaddeln k\u00f6nnen auch Angio\u00f6deme [&hellip;]\" \/>\n<meta property=\"og:url\" content=\"https:\/\/www.delc.ch\/de\/zuweiser-neu\/dermatologie\/urtikaria-und-angiooeedem\/\" \/>\n<meta property=\"og:site_name\" content=\"Clinique Delc\" \/>\n<meta property=\"og:image\" content=\"https:\/\/www.delc.ch\/wp-content\/uploads\/2026\/09\/Urtikaria.jpg\" \/>\n<meta name=\"twitter:card\" content=\"summary_large_image\" \/>\n<meta name=\"twitter:label1\" content=\"Gesch\u00e4tzte Lesezeit\" \/>\n\t<meta name=\"twitter:data1\" content=\"3\u00a0Minuten\" \/>\n<script type=\"application\/ld+json\" class=\"yoast-schema-graph\">{\"@context\":\"https:\\\/\\\/schema.org\",\"@graph\":[{\"@type\":\"WebPage\",\"@id\":\"https:\\\/\\\/www.delc.ch\\\/de\\\/zuweiser-neu\\\/dermatologie\\\/urtikaria-und-angiooeedem\\\/\",\"url\":\"https:\\\/\\\/www.delc.ch\\\/de\\\/zuweiser-neu\\\/dermatologie\\\/urtikaria-und-angiooeedem\\\/\",\"name\":\"Urtikaria und Angio\u00f6edem - Clinique Delc\",\"isPartOf\":{\"@id\":\"https:\\\/\\\/www.delc.ch\\\/de\\\/#website\"},\"primaryImageOfPage\":{\"@id\":\"https:\\\/\\\/www.delc.ch\\\/de\\\/zuweiser-neu\\\/dermatologie\\\/urtikaria-und-angiooeedem\\\/#primaryimage\"},\"image\":{\"@id\":\"https:\\\/\\\/www.delc.ch\\\/de\\\/zuweiser-neu\\\/dermatologie\\\/urtikaria-und-angiooeedem\\\/#primaryimage\"},\"thumbnailUrl\":\"https:\\\/\\\/www.delc.ch\\\/wp-content\\\/uploads\\\/2026\\\/09\\\/Urtikaria.jpg\",\"datePublished\":\"2026-09-03T08:12:19+00:00\",\"breadcrumb\":{\"@id\":\"https:\\\/\\\/www.delc.ch\\\/de\\\/zuweiser-neu\\\/dermatologie\\\/urtikaria-und-angiooeedem\\\/#breadcrumb\"},\"inLanguage\":\"de\",\"potentialAction\":[{\"@type\":\"ReadAction\",\"target\":[\"https:\\\/\\\/www.delc.ch\\\/de\\\/zuweiser-neu\\\/dermatologie\\\/urtikaria-und-angiooeedem\\\/\"]}]},{\"@type\":\"ImageObject\",\"inLanguage\":\"de\",\"@id\":\"https:\\\/\\\/www.delc.ch\\\/de\\\/zuweiser-neu\\\/dermatologie\\\/urtikaria-und-angiooeedem\\\/#primaryimage\",\"url\":\"https:\\\/\\\/www.delc.ch\\\/wp-content\\\/uploads\\\/2026\\\/09\\\/Urtikaria.jpg\",\"contentUrl\":\"https:\\\/\\\/www.delc.ch\\\/wp-content\\\/uploads\\\/2026\\\/09\\\/Urtikaria.jpg\"},{\"@type\":\"BreadcrumbList\",\"@id\":\"https:\\\/\\\/www.delc.ch\\\/de\\\/zuweiser-neu\\\/dermatologie\\\/urtikaria-und-angiooeedem\\\/#breadcrumb\",\"itemListElement\":[{\"@type\":\"ListItem\",\"position\":1,\"name\":\"Home\",\"item\":\"https:\\\/\\\/www.delc.ch\\\/de\\\/\"},{\"@type\":\"ListItem\",\"position\":2,\"name\":\"Zuweiser NEU\",\"item\":\"https:\\\/\\\/www.delc.ch\\\/de\\\/zuweiser-neu\\\/\"},{\"@type\":\"ListItem\",\"position\":3,\"name\":\"Dermatologie \u2013 Zuweiser\",\"item\":\"https:\\\/\\\/www.delc.ch\\\/de\\\/zuweiser-neu\\\/dermatologie\\\/\"},{\"@type\":\"ListItem\",\"position\":4,\"name\":\"Urtikaria und Angio\u00f6edem\"}]},{\"@type\":\"WebSite\",\"@id\":\"https:\\\/\\\/www.delc.ch\\\/de\\\/#website\",\"url\":\"https:\\\/\\\/www.delc.ch\\\/de\\\/\",\"name\":\"Clinique Delc\",\"description\":\"Plastische Chirurgie, Dermatologie, Laser &amp; Venenheilkunde\",\"publisher\":{\"@id\":\"https:\\\/\\\/www.delc.ch\\\/de\\\/#organization\"},\"potentialAction\":[{\"@type\":\"SearchAction\",\"target\":{\"@type\":\"EntryPoint\",\"urlTemplate\":\"https:\\\/\\\/www.delc.ch\\\/de\\\/?s={search_term_string}\"},\"query-input\":{\"@type\":\"PropertyValueSpecification\",\"valueRequired\":true,\"valueName\":\"search_term_string\"}}],\"inLanguage\":\"de\"},{\"@type\":\"Organization\",\"@id\":\"https:\\\/\\\/www.delc.ch\\\/de\\\/#organization\",\"name\":\"Clinique Delc\",\"url\":\"https:\\\/\\\/www.delc.ch\\\/de\\\/\",\"logo\":{\"@type\":\"ImageObject\",\"inLanguage\":\"de\",\"@id\":\"https:\\\/\\\/www.delc.ch\\\/de\\\/#\\\/schema\\\/logo\\\/image\\\/\",\"url\":\"https:\\\/\\\/www.delc.ch\\\/wp-content\\\/uploads\\\/2020\\\/04\\\/DELC_Logo.png\",\"contentUrl\":\"https:\\\/\\\/www.delc.ch\\\/wp-content\\\/uploads\\\/2020\\\/04\\\/DELC_Logo.png\",\"width\":1369,\"height\":444,\"caption\":\"Clinique Delc\"},\"image\":{\"@id\":\"https:\\\/\\\/www.delc.ch\\\/de\\\/#\\\/schema\\\/logo\\\/image\\\/\"}}]}<\/script>\n<!-- \/ Yoast SEO plugin. -->","yoast_head_json":{"title":"Urtikaria und Angio\u00f6edem - Clinique Delc","robots":{"index":"noindex","follow":"follow"},"og_locale":"de_DE","og_type":"article","og_title":"Urtikaria und Angio\u00f6edem - Clinique Delc","og_description":"Urtikaria und Angio\u00f6edem Die Urtikaria (Nesselsucht) ist eine h\u00e4ufige Hauterkrankung mit pl\u00f6tzlich auftretenden, juckenden Quaddeln und oberfl\u00e4chlichen Schwellungen der Haut. Man unterscheidet eine akute (weniger als 6 Wochen) und eine chronische Form (l\u00e4nger als 6 Wochen). Eine rasche, leitliniengerechte Therapie verbessert den Juckreiz, die klinische Zeichen und die Lebensqualit\u00e4t deutlich. Neben Quaddeln k\u00f6nnen auch Angio\u00f6deme [&hellip;]","og_url":"https:\/\/www.delc.ch\/de\/zuweiser-neu\/dermatologie\/urtikaria-und-angiooeedem\/","og_site_name":"Clinique Delc","og_image":[{"url":"https:\/\/www.delc.ch\/wp-content\/uploads\/2026\/09\/Urtikaria.jpg","type":"","width":"","height":""}],"twitter_card":"summary_large_image","twitter_misc":{"Gesch\u00e4tzte Lesezeit":"3\u00a0Minuten"},"schema":{"@context":"https:\/\/schema.org","@graph":[{"@type":"WebPage","@id":"https:\/\/www.delc.ch\/de\/zuweiser-neu\/dermatologie\/urtikaria-und-angiooeedem\/","url":"https:\/\/www.delc.ch\/de\/zuweiser-neu\/dermatologie\/urtikaria-und-angiooeedem\/","name":"Urtikaria und Angio\u00f6edem - Clinique Delc","isPartOf":{"@id":"https:\/\/www.delc.ch\/de\/#website"},"primaryImageOfPage":{"@id":"https:\/\/www.delc.ch\/de\/zuweiser-neu\/dermatologie\/urtikaria-und-angiooeedem\/#primaryimage"},"image":{"@id":"https:\/\/www.delc.ch\/de\/zuweiser-neu\/dermatologie\/urtikaria-und-angiooeedem\/#primaryimage"},"thumbnailUrl":"https:\/\/www.delc.ch\/wp-content\/uploads\/2026\/09\/Urtikaria.jpg","datePublished":"2026-09-03T08:12:19+00:00","breadcrumb":{"@id":"https:\/\/www.delc.ch\/de\/zuweiser-neu\/dermatologie\/urtikaria-und-angiooeedem\/#breadcrumb"},"inLanguage":"de","potentialAction":[{"@type":"ReadAction","target":["https:\/\/www.delc.ch\/de\/zuweiser-neu\/dermatologie\/urtikaria-und-angiooeedem\/"]}]},{"@type":"ImageObject","inLanguage":"de","@id":"https:\/\/www.delc.ch\/de\/zuweiser-neu\/dermatologie\/urtikaria-und-angiooeedem\/#primaryimage","url":"https:\/\/www.delc.ch\/wp-content\/uploads\/2026\/09\/Urtikaria.jpg","contentUrl":"https:\/\/www.delc.ch\/wp-content\/uploads\/2026\/09\/Urtikaria.jpg"},{"@type":"BreadcrumbList","@id":"https:\/\/www.delc.ch\/de\/zuweiser-neu\/dermatologie\/urtikaria-und-angiooeedem\/#breadcrumb","itemListElement":[{"@type":"ListItem","position":1,"name":"Home","item":"https:\/\/www.delc.ch\/de\/"},{"@type":"ListItem","position":2,"name":"Zuweiser NEU","item":"https:\/\/www.delc.ch\/de\/zuweiser-neu\/"},{"@type":"ListItem","position":3,"name":"Dermatologie \u2013 Zuweiser","item":"https:\/\/www.delc.ch\/de\/zuweiser-neu\/dermatologie\/"},{"@type":"ListItem","position":4,"name":"Urtikaria und Angio\u00f6edem"}]},{"@type":"WebSite","@id":"https:\/\/www.delc.ch\/de\/#website","url":"https:\/\/www.delc.ch\/de\/","name":"Clinique Delc","description":"Plastische Chirurgie, Dermatologie, Laser &amp; Venenheilkunde","publisher":{"@id":"https:\/\/www.delc.ch\/de\/#organization"},"potentialAction":[{"@type":"SearchAction","target":{"@type":"EntryPoint","urlTemplate":"https:\/\/www.delc.ch\/de\/?s={search_term_string}"},"query-input":{"@type":"PropertyValueSpecification","valueRequired":true,"valueName":"search_term_string"}}],"inLanguage":"de"},{"@type":"Organization","@id":"https:\/\/www.delc.ch\/de\/#organization","name":"Clinique Delc","url":"https:\/\/www.delc.ch\/de\/","logo":{"@type":"ImageObject","inLanguage":"de","@id":"https:\/\/www.delc.ch\/de\/#\/schema\/logo\/image\/","url":"https:\/\/www.delc.ch\/wp-content\/uploads\/2020\/04\/DELC_Logo.png","contentUrl":"https:\/\/www.delc.ch\/wp-content\/uploads\/2020\/04\/DELC_Logo.png","width":1369,"height":444,"caption":"Clinique Delc"},"image":{"@id":"https:\/\/www.delc.ch\/de\/#\/schema\/logo\/image\/"}}]}},"_links":{"self":[{"href":"https:\/\/www.delc.ch\/de\/wp-json\/wp\/v2\/pages\/29996","targetHints":{"allow":["GET"]}}],"collection":[{"href":"https:\/\/www.delc.ch\/de\/wp-json\/wp\/v2\/pages"}],"about":[{"href":"https:\/\/www.delc.ch\/de\/wp-json\/wp\/v2\/types\/page"}],"author":[{"embeddable":true,"href":"https:\/\/www.delc.ch\/de\/wp-json\/wp\/v2\/users\/3"}],"replies":[{"embeddable":true,"href":"https:\/\/www.delc.ch\/de\/wp-json\/wp\/v2\/comments?post=29996"}],"version-history":[{"count":5,"href":"https:\/\/www.delc.ch\/de\/wp-json\/wp\/v2\/pages\/29996\/revisions"}],"predecessor-version":[{"id":30356,"href":"https:\/\/www.delc.ch\/de\/wp-json\/wp\/v2\/pages\/29996\/revisions\/30356"}],"up":[{"embeddable":true,"href":"https:\/\/www.delc.ch\/de\/wp-json\/wp\/v2\/pages\/29686"}],"wp:attachment":[{"href":"https:\/\/www.delc.ch\/de\/wp-json\/wp\/v2\/media?parent=29996"}],"curies":[{"name":"wp","href":"https:\/\/api.w.org\/{rel}","templated":true}]}}