{"id":29984,"date":"2026-09-03T10:10:39","date_gmt":"2026-09-03T08:10:39","guid":{"rendered":"https:\/\/www.delc.ch\/?page_id=29984"},"modified":"2026-09-03T10:10:39","modified_gmt":"2026-09-03T08:10:39","slug":"seborrhoische-dermatitis","status":"publish","type":"page","link":"https:\/\/www.delc.ch\/de\/zuweiser-neu\/dermatologie\/seborrhoische-dermatitis\/","title":{"rendered":"Seborrhoische Dermatitis"},"content":{"rendered":"\t\t<div data-elementor-type=\"wp-page\" data-elementor-id=\"29984\" class=\"elementor elementor-29984\" data-elementor-post-type=\"page\">\n\t\t\t\t<div class=\"elementor-element elementor-element-e99dee8 e-flex e-con-boxed e-con e-parent\" data-id=\"e99dee8\" data-element_type=\"container\" data-e-type=\"container\">\n\t\t\t\t\t<div class=\"e-con-inner\">\n\t\t<div class=\"elementor-element elementor-element-66a0950 e-con-full e-flex e-con e-child\" data-id=\"66a0950\" data-element_type=\"container\" data-e-type=\"container\">\n\t\t\t\t<div class=\"elementor-element elementor-element-46158c9 elementor-widget elementor-widget-text-editor\" data-id=\"46158c9\" data-element_type=\"widget\" data-e-type=\"widget\" data-widget_type=\"text-editor.default\">\n\t\t\t\t<div class=\"elementor-widget-container\">\n\t\t\t\t\t\t\t\t\t<p>Seborrhoische Dermatitis<\/p>\t\t\t\t\t\t\t\t<\/div>\n\t\t\t\t<\/div>\n\t\t\t\t<div class=\"elementor-element elementor-element-94529d6 elementor-widget elementor-widget-image\" data-id=\"94529d6\" data-element_type=\"widget\" data-e-type=\"widget\" data-widget_type=\"image.default\">\n\t\t\t\t<div class=\"elementor-widget-container\">\n\t\t\t\t\t\t\t\t\t\t\t\t\t\t\t<img fetchpriority=\"high\" decoding=\"async\" width=\"800\" height=\"466\" src=\"https:\/\/www.delc.ch\/wp-content\/uploads\/2026\/09\/Seborrhoische-Dermatitis.jpg\" class=\"attachment-large size-large wp-image-29986\" alt=\"\" srcset=\"https:\/\/www.delc.ch\/wp-content\/uploads\/2026\/09\/Seborrhoische-Dermatitis.jpg 800w, https:\/\/www.delc.ch\/wp-content\/uploads\/2026\/09\/Seborrhoische-Dermatitis-300x175.jpg 300w, https:\/\/www.delc.ch\/wp-content\/uploads\/2026\/09\/Seborrhoische-Dermatitis-768x447.jpg 768w\" sizes=\"(max-width: 800px) 100vw, 800px\" \/>\t\t\t\t\t\t\t\t\t\t\t\t\t\t\t<\/div>\n\t\t\t\t<\/div>\n\t\t\t\t<div class=\"elementor-element elementor-element-6925fcf elementor-widget elementor-widget-text-editor\" data-id=\"6925fcf\" data-element_type=\"widget\" data-e-type=\"widget\" data-widget_type=\"text-editor.default\">\n\t\t\t\t<div class=\"elementor-widget-container\">\n\t\t\t\t\t\t\t\t\t<p>Die seborrhoische Dermatitis ist eine chronisch-rezidivierende, entz\u00fcndliche Hauterkrankung mit hoher Pr\u00e4valenz. Sie betrifft vor allem talgdr\u00fcsenreiche Hautareale. Aufgrund ihres h\u00e4ufigen Auftretens und der oft chronischen Verlaufsform ist sie f\u00fcr die haus\u00e4rztliche Praxis von besonderer Relevanz.<\/p>\t\t\t\t\t\t\t\t<\/div>\n\t\t\t\t<\/div>\n\t\t\t\t<\/div>\n\t\t\t\t\t<\/div>\n\t\t\t\t<\/div>\n\t\t<div class=\"elementor-element elementor-element-cf11199 e-flex e-con-boxed e-con e-parent\" data-id=\"cf11199\" data-element_type=\"container\" data-e-type=\"container\" data-settings=\"{&quot;background_background&quot;:&quot;classic&quot;}\">\n\t\t\t\t\t<div class=\"e-con-inner\">\n\t\t\t\t<div class=\"elementor-element elementor-element-497c0b9 elementor-widget elementor-widget-n-accordion\" data-id=\"497c0b9\" data-element_type=\"widget\" data-e-type=\"widget\" data-settings=\"{&quot;default_state&quot;:&quot;all_collapsed&quot;,&quot;max_items_expended&quot;:&quot;one&quot;,&quot;n_accordion_animation_duration&quot;:{&quot;unit&quot;:&quot;ms&quot;,&quot;size&quot;:400,&quot;sizes&quot;:[]}}\" data-widget_type=\"nested-accordion.default\">\n\t\t\t\t<div class=\"elementor-widget-container\">\n\t\t\t\t\t\t\t<div class=\"e-n-accordion\" aria-label=\"Accordion. Open links with Enter or Space, close with Escape, and navigate with Arrow Keys\">\n\t\t\t\t\t\t<details id=\"e-n-accordion-item-7700\" class=\"e-n-accordion-item\" >\n\t\t\t\t<summary class=\"e-n-accordion-item-title\" data-accordion-index=\"1\" tabindex=\"0\" aria-expanded=\"false\" aria-controls=\"e-n-accordion-item-7700\" >\n\t\t\t\t\t<span class='e-n-accordion-item-title-header'><div class=\"e-n-accordion-item-title-text\"> Diagnose und Indikation <\/div><\/span>\n\t\t\t\t\t\t\t<span class='e-n-accordion-item-title-icon'>\n\t\t\t<span class='e-opened' ><i aria-hidden=\"true\" class=\"icon icon-up-arrow1\"><\/i><\/span>\n\t\t\t<span class='e-closed'><i aria-hidden=\"true\" class=\"icon icon-down-arrow1\"><\/i><\/span>\n\t\t<\/span>\n\n\t\t\t\t\t\t<\/summary>\n\t\t\t\t<div role=\"region\" aria-labelledby=\"e-n-accordion-item-7700\" class=\"elementor-element elementor-element-236cad1 e-con-full e-flex e-con e-child\" data-id=\"236cad1\" data-element_type=\"container\" data-e-type=\"container\">\n\t\t\t\t<div class=\"elementor-element elementor-element-ce20c27 elementor-widget elementor-widget-text-editor\" data-id=\"ce20c27\" data-element_type=\"widget\" data-e-type=\"widget\" data-widget_type=\"text-editor.default\">\n\t\t\t\t<div class=\"elementor-widget-container\">\n\t\t\t\t\t\t\t\t\t<p>Die Diagnose erfolgt in der Regel klinisch anhand des charakteristischen Erscheinungsbildes mit ger\u00f6teter, h\u00e4ufig juckender Kopfhaut und fettiger Schuppung. Eine weiterf\u00fchrende Diagnostik ist meist nicht erforderlich, kann jedoch bei therapieresistenten Verl\u00e4ufen oder atypischer Pr\u00e4sentation sinnvoll sein, um Differenzialdiagnosen auszuschliessen.<\/p>\t\t\t\t\t\t\t\t<\/div>\n\t\t\t\t<\/div>\n\t\t\t\t<\/div>\n\t\t\t\t\t<\/details>\n\t\t\t\t\t\t<details id=\"e-n-accordion-item-7701\" class=\"e-n-accordion-item\" >\n\t\t\t\t<summary class=\"e-n-accordion-item-title\" data-accordion-index=\"2\" tabindex=\"-1\" aria-expanded=\"false\" aria-controls=\"e-n-accordion-item-7701\" >\n\t\t\t\t\t<span class='e-n-accordion-item-title-header'><div class=\"e-n-accordion-item-title-text\"> Klinische Zeichen und Warnzeichen <\/div><\/span>\n\t\t\t\t\t\t\t<span class='e-n-accordion-item-title-icon'>\n\t\t\t<span class='e-opened' ><i aria-hidden=\"true\" class=\"icon icon-up-arrow1\"><\/i><\/span>\n\t\t\t<span class='e-closed'><i aria-hidden=\"true\" class=\"icon icon-down-arrow1\"><\/i><\/span>\n\t\t<\/span>\n\n\t\t\t\t\t\t<\/summary>\n\t\t\t\t<div role=\"region\" aria-labelledby=\"e-n-accordion-item-7701\" class=\"elementor-element elementor-element-0096fa2 e-con-full e-flex e-con e-child\" data-id=\"0096fa2\" data-element_type=\"container\" data-e-type=\"container\">\n\t\t\t\t<div class=\"elementor-element elementor-element-f0cebda elementor-widget elementor-widget-text-editor\" data-id=\"f0cebda\" data-element_type=\"widget\" data-e-type=\"widget\" data-widget_type=\"text-editor.default\">\n\t\t\t\t<div class=\"elementor-widget-container\">\n\t\t\t\t\t\t\t\t\t<p>Typische Lokalisationen sind die Kopfhaut, das Gesicht (nasolabiale Falten, Augenbrauen), retroaurikul\u00e4re Areale sowie die vordere und hintere Schweissrinne, aber auch der Genitalbereich. Warnzeichen sind generalisierte oder schwer entz\u00fcndliche Verl\u00e4ufe, die eine systemische Therapie erfordern k\u00f6nnen.<\/p>\t\t\t\t\t\t\t\t<\/div>\n\t\t\t\t<\/div>\n\t\t\t\t<\/div>\n\t\t\t\t\t<\/details>\n\t\t\t\t\t\t<details id=\"e-n-accordion-item-7702\" class=\"e-n-accordion-item\" >\n\t\t\t\t<summary class=\"e-n-accordion-item-title\" data-accordion-index=\"3\" tabindex=\"-1\" aria-expanded=\"false\" aria-controls=\"e-n-accordion-item-7702\" >\n\t\t\t\t\t<span class='e-n-accordion-item-title-header'><div class=\"e-n-accordion-item-title-text\"> Diagnostik und Therapieoptionen <\/div><\/span>\n\t\t\t\t\t\t\t<span class='e-n-accordion-item-title-icon'>\n\t\t\t<span class='e-opened' ><i aria-hidden=\"true\" class=\"icon icon-up-arrow1\"><\/i><\/span>\n\t\t\t<span class='e-closed'><i aria-hidden=\"true\" class=\"icon icon-down-arrow1\"><\/i><\/span>\n\t\t<\/span>\n\n\t\t\t\t\t\t<\/summary>\n\t\t\t\t<div role=\"region\" aria-labelledby=\"e-n-accordion-item-7702\" class=\"elementor-element elementor-element-0221136 e-con-full e-flex e-con e-child\" data-id=\"0221136\" data-element_type=\"container\" data-e-type=\"container\">\n\t\t\t\t<div class=\"elementor-element elementor-element-45ed1ac elementor-widget elementor-widget-text-editor\" data-id=\"45ed1ac\" data-element_type=\"widget\" data-e-type=\"widget\" data-widget_type=\"text-editor.default\">\n\t\t\t\t<div class=\"elementor-widget-container\">\n\t\t\t\t\t\t\t\t\t<p>Therapeutisch kommen topische Antimykotika, milde Kortikosteroide und Calcineurininhibitoren zum Einsatz. Eine gute Hautpflege und regelm\u00e4ssige Kontrolle sind entscheidend zur Rezidivprophylaxe.<\/p>\t\t\t\t\t\t\t\t<\/div>\n\t\t\t\t<\/div>\n\t\t\t\t<\/div>\n\t\t\t\t\t<\/details>\n\t\t\t\t\t\t<details id=\"e-n-accordion-item-7703\" class=\"e-n-accordion-item\" >\n\t\t\t\t<summary class=\"e-n-accordion-item-title\" data-accordion-index=\"4\" tabindex=\"-1\" aria-expanded=\"false\" aria-controls=\"e-n-accordion-item-7703\" >\n\t\t\t\t\t<span class='e-n-accordion-item-title-header'><div class=\"e-n-accordion-item-title-text\"> Mehrwert f\u00fcr Patient und Zuweiser <\/div><\/span>\n\t\t\t\t\t\t\t<span class='e-n-accordion-item-title-icon'>\n\t\t\t<span class='e-opened' ><i aria-hidden=\"true\" class=\"icon icon-up-arrow1\"><\/i><\/span>\n\t\t\t<span class='e-closed'><i aria-hidden=\"true\" class=\"icon icon-down-arrow1\"><\/i><\/span>\n\t\t<\/span>\n\n\t\t\t\t\t\t<\/summary>\n\t\t\t\t<div role=\"region\" aria-labelledby=\"e-n-accordion-item-7703\" class=\"elementor-element elementor-element-0dd1f9a e-con-full e-flex e-con e-child\" data-id=\"0dd1f9a\" data-element_type=\"container\" data-e-type=\"container\">\n\t\t\t\t<div class=\"elementor-element elementor-element-223a3f3 elementor-widget elementor-widget-text-editor\" data-id=\"223a3f3\" data-element_type=\"widget\" data-e-type=\"widget\" data-widget_type=\"text-editor.default\">\n\t\t\t\t<div class=\"elementor-widget-container\">\n\t\t\t\t\t\t\t\t\t<p>Durch konsequente Therapie und Aufkl\u00e4rung kann die Krankheitslast erheblich reduziert werden. Eine strukturierte Betreuung unterst\u00fctzt eine langfristige Kontrolle der Erkrankung.<\/p>\t\t\t\t\t\t\t\t<\/div>\n\t\t\t\t<\/div>\n\t\t\t\t<\/div>\n\t\t\t\t\t<\/details>\n\t\t\t\t\t<\/div>\n\t\t\t\t\t\t<\/div>\n\t\t\t\t<\/div>\n\t\t\t\t\t<\/div>\n\t\t\t\t<\/div>\n\t\t\t\t<\/div>\n\t\t\n    <div class=\"xs_social_share_widget xs_share_url after_content \t\tmain_content  wslu-style-1 wslu-share-box-shaped wslu-fill-colored wslu-none wslu-share-horizontal wslu-theme-font-no wslu-main_content\">\n\n\t\t\n        <ul>\n\t\t\t        <\/ul>\n    <\/div> \n","protected":false},"excerpt":{"rendered":"<p>Seborrhoische Dermatitis Die seborrhoische Dermatitis ist eine chronisch-rezidivierende, entz\u00fcndliche Hauterkrankung mit hoher Pr\u00e4valenz. Sie betrifft vor allem talgdr\u00fcsenreiche Hautareale. Aufgrund ihres h\u00e4ufigen Auftretens und der oft chronischen Verlaufsform ist sie f\u00fcr die haus\u00e4rztliche Praxis von besonderer Relevanz. Diagnose und Indikation Die Diagnose erfolgt in der Regel klinisch anhand des charakteristischen Erscheinungsbildes mit ger\u00f6teter, h\u00e4ufig juckender [&hellip;]<\/p>\n","protected":false},"author":3,"featured_media":0,"parent":29686,"menu_order":0,"comment_status":"closed","ping_status":"closed","template":"elementor_header_footer","meta":{"postBodyCss":"","postBodyMargin":[],"postBodyPadding":[],"postBodyBackground":{"backgroundType":"classic","gradient":""},"footnotes":""},"class_list":["post-29984","page","type-page","status-publish","hentry"],"yoast_head":"<!-- This site is optimized with the Yoast SEO plugin v28.4 - https:\/\/yoast.com\/product\/yoast-seo-wordpress\/ -->\n<title>Seborrhoische Dermatitis - Clinique Delc<\/title>\n<meta name=\"robots\" content=\"noindex, follow\" \/>\n<meta property=\"og:locale\" content=\"de_DE\" \/>\n<meta property=\"og:type\" content=\"article\" \/>\n<meta property=\"og:title\" content=\"Seborrhoische Dermatitis - Clinique Delc\" \/>\n<meta property=\"og:description\" content=\"Seborrhoische Dermatitis Die seborrhoische Dermatitis ist eine chronisch-rezidivierende, entz\u00fcndliche Hauterkrankung mit hoher Pr\u00e4valenz. Sie betrifft vor allem talgdr\u00fcsenreiche Hautareale. Aufgrund ihres h\u00e4ufigen Auftretens und der oft chronischen Verlaufsform ist sie f\u00fcr die haus\u00e4rztliche Praxis von besonderer Relevanz. Diagnose und Indikation Die Diagnose erfolgt in der Regel klinisch anhand des charakteristischen Erscheinungsbildes mit ger\u00f6teter, h\u00e4ufig juckender [&hellip;]\" \/>\n<meta property=\"og:url\" content=\"https:\/\/www.delc.ch\/de\/zuweiser-neu\/dermatologie\/seborrhoische-dermatitis\/\" \/>\n<meta property=\"og:site_name\" content=\"Clinique Delc\" \/>\n<meta property=\"og:image\" content=\"https:\/\/www.delc.ch\/wp-content\/uploads\/2026\/09\/Seborrhoische-Dermatitis.jpg\" \/>\n<meta name=\"twitter:card\" content=\"summary_large_image\" \/>\n<meta name=\"twitter:label1\" content=\"Gesch\u00e4tzte Lesezeit\" \/>\n\t<meta name=\"twitter:data1\" content=\"2\u00a0Minuten\" \/>\n<script type=\"application\/ld+json\" class=\"yoast-schema-graph\">{\"@context\":\"https:\\\/\\\/schema.org\",\"@graph\":[{\"@type\":\"WebPage\",\"@id\":\"https:\\\/\\\/www.delc.ch\\\/de\\\/zuweiser-neu\\\/dermatologie\\\/seborrhoische-dermatitis\\\/\",\"url\":\"https:\\\/\\\/www.delc.ch\\\/de\\\/zuweiser-neu\\\/dermatologie\\\/seborrhoische-dermatitis\\\/\",\"name\":\"Seborrhoische Dermatitis - Clinique Delc\",\"isPartOf\":{\"@id\":\"https:\\\/\\\/www.delc.ch\\\/de\\\/#website\"},\"primaryImageOfPage\":{\"@id\":\"https:\\\/\\\/www.delc.ch\\\/de\\\/zuweiser-neu\\\/dermatologie\\\/seborrhoische-dermatitis\\\/#primaryimage\"},\"image\":{\"@id\":\"https:\\\/\\\/www.delc.ch\\\/de\\\/zuweiser-neu\\\/dermatologie\\\/seborrhoische-dermatitis\\\/#primaryimage\"},\"thumbnailUrl\":\"https:\\\/\\\/www.delc.ch\\\/wp-content\\\/uploads\\\/2026\\\/09\\\/Seborrhoische-Dermatitis.jpg\",\"datePublished\":\"2026-09-03T08:10:39+00:00\",\"breadcrumb\":{\"@id\":\"https:\\\/\\\/www.delc.ch\\\/de\\\/zuweiser-neu\\\/dermatologie\\\/seborrhoische-dermatitis\\\/#breadcrumb\"},\"inLanguage\":\"de\",\"potentialAction\":[{\"@type\":\"ReadAction\",\"target\":[\"https:\\\/\\\/www.delc.ch\\\/de\\\/zuweiser-neu\\\/dermatologie\\\/seborrhoische-dermatitis\\\/\"]}]},{\"@type\":\"ImageObject\",\"inLanguage\":\"de\",\"@id\":\"https:\\\/\\\/www.delc.ch\\\/de\\\/zuweiser-neu\\\/dermatologie\\\/seborrhoische-dermatitis\\\/#primaryimage\",\"url\":\"https:\\\/\\\/www.delc.ch\\\/wp-content\\\/uploads\\\/2026\\\/09\\\/Seborrhoische-Dermatitis.jpg\",\"contentUrl\":\"https:\\\/\\\/www.delc.ch\\\/wp-content\\\/uploads\\\/2026\\\/09\\\/Seborrhoische-Dermatitis.jpg\"},{\"@type\":\"BreadcrumbList\",\"@id\":\"https:\\\/\\\/www.delc.ch\\\/de\\\/zuweiser-neu\\\/dermatologie\\\/seborrhoische-dermatitis\\\/#breadcrumb\",\"itemListElement\":[{\"@type\":\"ListItem\",\"position\":1,\"name\":\"Home\",\"item\":\"https:\\\/\\\/www.delc.ch\\\/de\\\/\"},{\"@type\":\"ListItem\",\"position\":2,\"name\":\"Zuweiser NEU\",\"item\":\"https:\\\/\\\/www.delc.ch\\\/de\\\/zuweiser-neu\\\/\"},{\"@type\":\"ListItem\",\"position\":3,\"name\":\"Dermatologie \u2013 Zuweiser\",\"item\":\"https:\\\/\\\/www.delc.ch\\\/de\\\/zuweiser-neu\\\/dermatologie\\\/\"},{\"@type\":\"ListItem\",\"position\":4,\"name\":\"Seborrhoische Dermatitis\"}]},{\"@type\":\"WebSite\",\"@id\":\"https:\\\/\\\/www.delc.ch\\\/de\\\/#website\",\"url\":\"https:\\\/\\\/www.delc.ch\\\/de\\\/\",\"name\":\"Clinique Delc\",\"description\":\"Plastische Chirurgie, Dermatologie, Laser &amp; Venenheilkunde\",\"publisher\":{\"@id\":\"https:\\\/\\\/www.delc.ch\\\/de\\\/#organization\"},\"potentialAction\":[{\"@type\":\"SearchAction\",\"target\":{\"@type\":\"EntryPoint\",\"urlTemplate\":\"https:\\\/\\\/www.delc.ch\\\/de\\\/?s={search_term_string}\"},\"query-input\":{\"@type\":\"PropertyValueSpecification\",\"valueRequired\":true,\"valueName\":\"search_term_string\"}}],\"inLanguage\":\"de\"},{\"@type\":\"Organization\",\"@id\":\"https:\\\/\\\/www.delc.ch\\\/de\\\/#organization\",\"name\":\"Clinique Delc\",\"url\":\"https:\\\/\\\/www.delc.ch\\\/de\\\/\",\"logo\":{\"@type\":\"ImageObject\",\"inLanguage\":\"de\",\"@id\":\"https:\\\/\\\/www.delc.ch\\\/de\\\/#\\\/schema\\\/logo\\\/image\\\/\",\"url\":\"https:\\\/\\\/www.delc.ch\\\/wp-content\\\/uploads\\\/2020\\\/04\\\/DELC_Logo.png\",\"contentUrl\":\"https:\\\/\\\/www.delc.ch\\\/wp-content\\\/uploads\\\/2020\\\/04\\\/DELC_Logo.png\",\"width\":1369,\"height\":444,\"caption\":\"Clinique Delc\"},\"image\":{\"@id\":\"https:\\\/\\\/www.delc.ch\\\/de\\\/#\\\/schema\\\/logo\\\/image\\\/\"}}]}<\/script>\n<!-- \/ Yoast SEO plugin. -->","yoast_head_json":{"title":"Seborrhoische Dermatitis - Clinique Delc","robots":{"index":"noindex","follow":"follow"},"og_locale":"de_DE","og_type":"article","og_title":"Seborrhoische Dermatitis - Clinique Delc","og_description":"Seborrhoische Dermatitis Die seborrhoische Dermatitis ist eine chronisch-rezidivierende, entz\u00fcndliche Hauterkrankung mit hoher Pr\u00e4valenz. Sie betrifft vor allem talgdr\u00fcsenreiche Hautareale. Aufgrund ihres h\u00e4ufigen Auftretens und der oft chronischen Verlaufsform ist sie f\u00fcr die haus\u00e4rztliche Praxis von besonderer Relevanz. Diagnose und Indikation Die Diagnose erfolgt in der Regel klinisch anhand des charakteristischen Erscheinungsbildes mit ger\u00f6teter, h\u00e4ufig juckender [&hellip;]","og_url":"https:\/\/www.delc.ch\/de\/zuweiser-neu\/dermatologie\/seborrhoische-dermatitis\/","og_site_name":"Clinique Delc","og_image":[{"url":"https:\/\/www.delc.ch\/wp-content\/uploads\/2026\/09\/Seborrhoische-Dermatitis.jpg","type":"","width":"","height":""}],"twitter_card":"summary_large_image","twitter_misc":{"Gesch\u00e4tzte Lesezeit":"2\u00a0Minuten"},"schema":{"@context":"https:\/\/schema.org","@graph":[{"@type":"WebPage","@id":"https:\/\/www.delc.ch\/de\/zuweiser-neu\/dermatologie\/seborrhoische-dermatitis\/","url":"https:\/\/www.delc.ch\/de\/zuweiser-neu\/dermatologie\/seborrhoische-dermatitis\/","name":"Seborrhoische Dermatitis - Clinique Delc","isPartOf":{"@id":"https:\/\/www.delc.ch\/de\/#website"},"primaryImageOfPage":{"@id":"https:\/\/www.delc.ch\/de\/zuweiser-neu\/dermatologie\/seborrhoische-dermatitis\/#primaryimage"},"image":{"@id":"https:\/\/www.delc.ch\/de\/zuweiser-neu\/dermatologie\/seborrhoische-dermatitis\/#primaryimage"},"thumbnailUrl":"https:\/\/www.delc.ch\/wp-content\/uploads\/2026\/09\/Seborrhoische-Dermatitis.jpg","datePublished":"2026-09-03T08:10:39+00:00","breadcrumb":{"@id":"https:\/\/www.delc.ch\/de\/zuweiser-neu\/dermatologie\/seborrhoische-dermatitis\/#breadcrumb"},"inLanguage":"de","potentialAction":[{"@type":"ReadAction","target":["https:\/\/www.delc.ch\/de\/zuweiser-neu\/dermatologie\/seborrhoische-dermatitis\/"]}]},{"@type":"ImageObject","inLanguage":"de","@id":"https:\/\/www.delc.ch\/de\/zuweiser-neu\/dermatologie\/seborrhoische-dermatitis\/#primaryimage","url":"https:\/\/www.delc.ch\/wp-content\/uploads\/2026\/09\/Seborrhoische-Dermatitis.jpg","contentUrl":"https:\/\/www.delc.ch\/wp-content\/uploads\/2026\/09\/Seborrhoische-Dermatitis.jpg"},{"@type":"BreadcrumbList","@id":"https:\/\/www.delc.ch\/de\/zuweiser-neu\/dermatologie\/seborrhoische-dermatitis\/#breadcrumb","itemListElement":[{"@type":"ListItem","position":1,"name":"Home","item":"https:\/\/www.delc.ch\/de\/"},{"@type":"ListItem","position":2,"name":"Zuweiser NEU","item":"https:\/\/www.delc.ch\/de\/zuweiser-neu\/"},{"@type":"ListItem","position":3,"name":"Dermatologie \u2013 Zuweiser","item":"https:\/\/www.delc.ch\/de\/zuweiser-neu\/dermatologie\/"},{"@type":"ListItem","position":4,"name":"Seborrhoische Dermatitis"}]},{"@type":"WebSite","@id":"https:\/\/www.delc.ch\/de\/#website","url":"https:\/\/www.delc.ch\/de\/","name":"Clinique Delc","description":"Plastische Chirurgie, Dermatologie, Laser &amp; Venenheilkunde","publisher":{"@id":"https:\/\/www.delc.ch\/de\/#organization"},"potentialAction":[{"@type":"SearchAction","target":{"@type":"EntryPoint","urlTemplate":"https:\/\/www.delc.ch\/de\/?s={search_term_string}"},"query-input":{"@type":"PropertyValueSpecification","valueRequired":true,"valueName":"search_term_string"}}],"inLanguage":"de"},{"@type":"Organization","@id":"https:\/\/www.delc.ch\/de\/#organization","name":"Clinique Delc","url":"https:\/\/www.delc.ch\/de\/","logo":{"@type":"ImageObject","inLanguage":"de","@id":"https:\/\/www.delc.ch\/de\/#\/schema\/logo\/image\/","url":"https:\/\/www.delc.ch\/wp-content\/uploads\/2020\/04\/DELC_Logo.png","contentUrl":"https:\/\/www.delc.ch\/wp-content\/uploads\/2020\/04\/DELC_Logo.png","width":1369,"height":444,"caption":"Clinique Delc"},"image":{"@id":"https:\/\/www.delc.ch\/de\/#\/schema\/logo\/image\/"}}]}},"_links":{"self":[{"href":"https:\/\/www.delc.ch\/de\/wp-json\/wp\/v2\/pages\/29984","targetHints":{"allow":["GET"]}}],"collection":[{"href":"https:\/\/www.delc.ch\/de\/wp-json\/wp\/v2\/pages"}],"about":[{"href":"https:\/\/www.delc.ch\/de\/wp-json\/wp\/v2\/types\/page"}],"author":[{"embeddable":true,"href":"https:\/\/www.delc.ch\/de\/wp-json\/wp\/v2\/users\/3"}],"replies":[{"embeddable":true,"href":"https:\/\/www.delc.ch\/de\/wp-json\/wp\/v2\/comments?post=29984"}],"version-history":[{"count":5,"href":"https:\/\/www.delc.ch\/de\/wp-json\/wp\/v2\/pages\/29984\/revisions"}],"predecessor-version":[{"id":30351,"href":"https:\/\/www.delc.ch\/de\/wp-json\/wp\/v2\/pages\/29984\/revisions\/30351"}],"up":[{"embeddable":true,"href":"https:\/\/www.delc.ch\/de\/wp-json\/wp\/v2\/pages\/29686"}],"wp:attachment":[{"href":"https:\/\/www.delc.ch\/de\/wp-json\/wp\/v2\/media?parent=29984"}],"curies":[{"name":"wp","href":"https:\/\/api.w.org\/{rel}","templated":true}]}}