{"id":29955,"date":"2026-09-03T10:07:43","date_gmt":"2026-09-03T08:07:43","guid":{"rendered":"https:\/\/www.delc.ch\/?page_id=29955"},"modified":"2026-09-03T10:07:43","modified_gmt":"2026-09-03T08:07:43","slug":"periorale-dermatitis","status":"publish","type":"page","link":"https:\/\/www.delc.ch\/de\/zuweiser-neu\/dermatologie\/periorale-dermatitis\/","title":{"rendered":"Periorale Dermatitis"},"content":{"rendered":"\t\t<div data-elementor-type=\"wp-page\" data-elementor-id=\"29955\" class=\"elementor elementor-29955\" data-elementor-post-type=\"page\">\n\t\t\t\t<div class=\"elementor-element elementor-element-4d66c72 e-flex e-con-boxed e-con e-parent\" data-id=\"4d66c72\" data-element_type=\"container\" data-e-type=\"container\">\n\t\t\t\t\t<div class=\"e-con-inner\">\n\t\t<div class=\"elementor-element elementor-element-1d8ac48 e-con-full e-flex e-con e-child\" data-id=\"1d8ac48\" data-element_type=\"container\" data-e-type=\"container\">\n\t\t\t\t<div class=\"elementor-element elementor-element-231ac3b elementor-widget elementor-widget-text-editor\" data-id=\"231ac3b\" data-element_type=\"widget\" data-e-type=\"widget\" data-widget_type=\"text-editor.default\">\n\t\t\t\t<div class=\"elementor-widget-container\">\n\t\t\t\t\t\t\t\t\t<p>Periorale Dermatitis<\/p>\t\t\t\t\t\t\t\t<\/div>\n\t\t\t\t<\/div>\n\t\t\t\t<div class=\"elementor-element elementor-element-8a223d8 elementor-widget elementor-widget-image\" data-id=\"8a223d8\" data-element_type=\"widget\" data-e-type=\"widget\" data-widget_type=\"image.default\">\n\t\t\t\t<div class=\"elementor-widget-container\">\n\t\t\t\t\t\t\t\t\t\t\t\t\t\t\t<img fetchpriority=\"high\" decoding=\"async\" width=\"800\" height=\"466\" src=\"https:\/\/www.delc.ch\/wp-content\/uploads\/2026\/09\/Periorale-Dermatitis.jpg\" class=\"attachment-large size-large wp-image-29957\" alt=\"\" srcset=\"https:\/\/www.delc.ch\/wp-content\/uploads\/2026\/09\/Periorale-Dermatitis.jpg 800w, https:\/\/www.delc.ch\/wp-content\/uploads\/2026\/09\/Periorale-Dermatitis-300x175.jpg 300w, https:\/\/www.delc.ch\/wp-content\/uploads\/2026\/09\/Periorale-Dermatitis-768x447.jpg 768w\" sizes=\"(max-width: 800px) 100vw, 800px\" \/>\t\t\t\t\t\t\t\t\t\t\t\t\t\t\t<\/div>\n\t\t\t\t<\/div>\n\t\t\t\t<div class=\"elementor-element elementor-element-c8c7a14 elementor-widget elementor-widget-text-editor\" data-id=\"c8c7a14\" data-element_type=\"widget\" data-e-type=\"widget\" data-widget_type=\"text-editor.default\">\n\t\t\t\t<div class=\"elementor-widget-container\">\n\t\t\t\t\t\t\t\t\t<p>Die periorale Dermatitis ist eine h\u00e4ufige entz\u00fcndliche Hauterkrankung im Mund-, Nasen- oder Augenbereich. Eine rasche Diagnose und das Absetzen ausl\u00f6sender Faktoren sind entscheidend, obschon die Behandlung weiherhin eine grosse Herausforderung darstellt.<\/p>\t\t\t\t\t\t\t\t<\/div>\n\t\t\t\t<\/div>\n\t\t\t\t<\/div>\n\t\t\t\t\t<\/div>\n\t\t\t\t<\/div>\n\t\t<div class=\"elementor-element elementor-element-a21f40c e-flex e-con-boxed e-con e-parent\" data-id=\"a21f40c\" data-element_type=\"container\" data-e-type=\"container\" data-settings=\"{&quot;background_background&quot;:&quot;classic&quot;}\">\n\t\t\t\t\t<div class=\"e-con-inner\">\n\t\t\t\t<div class=\"elementor-element elementor-element-27433af elementor-widget elementor-widget-n-accordion\" data-id=\"27433af\" data-element_type=\"widget\" data-e-type=\"widget\" data-settings=\"{&quot;default_state&quot;:&quot;all_collapsed&quot;,&quot;max_items_expended&quot;:&quot;one&quot;,&quot;n_accordion_animation_duration&quot;:{&quot;unit&quot;:&quot;ms&quot;,&quot;size&quot;:400,&quot;sizes&quot;:[]}}\" data-widget_type=\"nested-accordion.default\">\n\t\t\t\t<div class=\"elementor-widget-container\">\n\t\t\t\t\t\t\t<div class=\"e-n-accordion\" aria-label=\"Accordion. Open links with Enter or Space, close with Escape, and navigate with Arrow Keys\">\n\t\t\t\t\t\t<details id=\"e-n-accordion-item-4110\" class=\"e-n-accordion-item\" >\n\t\t\t\t<summary class=\"e-n-accordion-item-title\" data-accordion-index=\"1\" tabindex=\"0\" aria-expanded=\"false\" aria-controls=\"e-n-accordion-item-4110\" >\n\t\t\t\t\t<span class='e-n-accordion-item-title-header'><div class=\"e-n-accordion-item-title-text\"> Diagnose und Indikation <\/div><\/span>\n\t\t\t\t\t\t\t<span class='e-n-accordion-item-title-icon'>\n\t\t\t<span class='e-opened' ><i aria-hidden=\"true\" class=\"icon icon-up-arrow1\"><\/i><\/span>\n\t\t\t<span class='e-closed'><i aria-hidden=\"true\" class=\"icon icon-down-arrow1\"><\/i><\/span>\n\t\t<\/span>\n\n\t\t\t\t\t\t<\/summary>\n\t\t\t\t<div role=\"region\" aria-labelledby=\"e-n-accordion-item-4110\" class=\"elementor-element elementor-element-cb1f788 e-con-full e-flex e-con e-child\" data-id=\"cb1f788\" data-element_type=\"container\" data-e-type=\"container\">\n\t\t\t\t<div class=\"elementor-element elementor-element-23c75a0 elementor-widget elementor-widget-text-editor\" data-id=\"23c75a0\" data-element_type=\"widget\" data-e-type=\"widget\" data-widget_type=\"text-editor.default\">\n\t\t\t\t<div class=\"elementor-widget-container\">\n\t\t\t\t\t\t\t\t\t<p>Die Diagnose basiert auf dem klinischen Erscheinungsbild charakteristischer Papeln und Pusteln um Mund und Augen. Eine Therapie ist insbesondere bei chronischen oder therapieresistenten Verl\u00e4ufen indiziert.<\/p>\t\t\t\t\t\t\t\t<\/div>\n\t\t\t\t<\/div>\n\t\t\t\t<\/div>\n\t\t\t\t\t<\/details>\n\t\t\t\t\t\t<details id=\"e-n-accordion-item-4111\" class=\"e-n-accordion-item\" >\n\t\t\t\t<summary class=\"e-n-accordion-item-title\" data-accordion-index=\"2\" tabindex=\"-1\" aria-expanded=\"false\" aria-controls=\"e-n-accordion-item-4111\" >\n\t\t\t\t\t<span class='e-n-accordion-item-title-header'><div class=\"e-n-accordion-item-title-text\"> Klinische Zeichen und Warnzeichen <\/div><\/span>\n\t\t\t\t\t\t\t<span class='e-n-accordion-item-title-icon'>\n\t\t\t<span class='e-opened' ><i aria-hidden=\"true\" class=\"icon icon-up-arrow1\"><\/i><\/span>\n\t\t\t<span class='e-closed'><i aria-hidden=\"true\" class=\"icon icon-down-arrow1\"><\/i><\/span>\n\t\t<\/span>\n\n\t\t\t\t\t\t<\/summary>\n\t\t\t\t<div role=\"region\" aria-labelledby=\"e-n-accordion-item-4111\" class=\"elementor-element elementor-element-9e598ea e-con-full e-flex e-con e-child\" data-id=\"9e598ea\" data-element_type=\"container\" data-e-type=\"container\">\n\t\t\t\t<div class=\"elementor-element elementor-element-7529dd8 elementor-widget elementor-widget-text-editor\" data-id=\"7529dd8\" data-element_type=\"widget\" data-e-type=\"widget\" data-widget_type=\"text-editor.default\">\n\t\t\t\t<div class=\"elementor-widget-container\">\n\t\t\t\t\t\t\t\t\t<p>Typisch ist ein papulopustul\u00f6ses Exanthem mit ausgesparter Lippenrotzone. Red Flags sind ausgedehnte L\u00e4sionen oder schwere sekund\u00e4re Infektionen.<\/p>\t\t\t\t\t\t\t\t<\/div>\n\t\t\t\t<\/div>\n\t\t\t\t<\/div>\n\t\t\t\t\t<\/details>\n\t\t\t\t\t\t<details id=\"e-n-accordion-item-4112\" class=\"e-n-accordion-item\" >\n\t\t\t\t<summary class=\"e-n-accordion-item-title\" data-accordion-index=\"3\" tabindex=\"-1\" aria-expanded=\"false\" aria-controls=\"e-n-accordion-item-4112\" >\n\t\t\t\t\t<span class='e-n-accordion-item-title-header'><div class=\"e-n-accordion-item-title-text\"> Diagnostik und Therapieoptionen <\/div><\/span>\n\t\t\t\t\t\t\t<span class='e-n-accordion-item-title-icon'>\n\t\t\t<span class='e-opened' ><i aria-hidden=\"true\" class=\"icon icon-up-arrow1\"><\/i><\/span>\n\t\t\t<span class='e-closed'><i aria-hidden=\"true\" class=\"icon icon-down-arrow1\"><\/i><\/span>\n\t\t<\/span>\n\n\t\t\t\t\t\t<\/summary>\n\t\t\t\t<div role=\"region\" aria-labelledby=\"e-n-accordion-item-4112\" class=\"elementor-element elementor-element-2eeb0d4 e-con-full e-flex e-con e-child\" data-id=\"2eeb0d4\" data-element_type=\"container\" data-e-type=\"container\">\n\t\t\t\t<div class=\"elementor-element elementor-element-1306d67 elementor-widget elementor-widget-text-editor\" data-id=\"1306d67\" data-element_type=\"widget\" data-e-type=\"widget\" data-widget_type=\"text-editor.default\">\n\t\t\t\t<div class=\"elementor-widget-container\">\n\t\t\t\t\t\t\t\t\t<p>Die wichtigste Massnahme ist das Absetzen topischer Kortikosteroide und irritierender Pflegeprodukte. Topische Antibiotika oder systemische Tetrazykline k\u00f6nnen eingesetzt werden. Eine patientenschulende Beratung zur Hautpflege ist essenziell.<\/p>\t\t\t\t\t\t\t\t<\/div>\n\t\t\t\t<\/div>\n\t\t\t\t<\/div>\n\t\t\t\t\t<\/details>\n\t\t\t\t\t\t<details id=\"e-n-accordion-item-4113\" class=\"e-n-accordion-item\" >\n\t\t\t\t<summary class=\"e-n-accordion-item-title\" data-accordion-index=\"4\" tabindex=\"-1\" aria-expanded=\"false\" aria-controls=\"e-n-accordion-item-4113\" >\n\t\t\t\t\t<span class='e-n-accordion-item-title-header'><div class=\"e-n-accordion-item-title-text\"> Mehrwert f\u00fcr Patient und Zuweiser <\/div><\/span>\n\t\t\t\t\t\t\t<span class='e-n-accordion-item-title-icon'>\n\t\t\t<span class='e-opened' ><i aria-hidden=\"true\" class=\"icon icon-up-arrow1\"><\/i><\/span>\n\t\t\t<span class='e-closed'><i aria-hidden=\"true\" class=\"icon icon-down-arrow1\"><\/i><\/span>\n\t\t<\/span>\n\n\t\t\t\t\t\t<\/summary>\n\t\t\t\t<div role=\"region\" aria-labelledby=\"e-n-accordion-item-4113\" class=\"elementor-element elementor-element-5c8d0da e-con-full e-flex e-con e-child\" data-id=\"5c8d0da\" data-element_type=\"container\" data-e-type=\"container\">\n\t\t\t\t<div class=\"elementor-element elementor-element-86458ca elementor-widget elementor-widget-text-editor\" data-id=\"86458ca\" data-element_type=\"widget\" data-e-type=\"widget\" data-widget_type=\"text-editor.default\">\n\t\t\t\t<div class=\"elementor-widget-container\">\n\t\t\t\t\t\t\t\t\t<p>Eine fr\u00fchzeitige Diagnose verhindert chronische Verl\u00e4ufe. Haus\u00e4rztinnen und Haus\u00e4rzte profitieren von einer klaren Therapieempfehlung und einer zielgerichteten \u00dcberweisung bei schweren F\u00e4llen.<\/p>\t\t\t\t\t\t\t\t<\/div>\n\t\t\t\t<\/div>\n\t\t\t\t<\/div>\n\t\t\t\t\t<\/details>\n\t\t\t\t\t<\/div>\n\t\t\t\t\t\t<\/div>\n\t\t\t\t<\/div>\n\t\t\t\t\t<\/div>\n\t\t\t\t<\/div>\n\t\t\t\t<\/div>\n\t\t\n    <div class=\"xs_social_share_widget xs_share_url after_content \t\tmain_content  wslu-style-1 wslu-share-box-shaped wslu-fill-colored wslu-none wslu-share-horizontal wslu-theme-font-no wslu-main_content\">\n\n\t\t\n        <ul>\n\t\t\t        <\/ul>\n    <\/div> \n","protected":false},"excerpt":{"rendered":"<p>Periorale Dermatitis Die periorale Dermatitis ist eine h\u00e4ufige entz\u00fcndliche Hauterkrankung im Mund-, Nasen- oder Augenbereich. Eine rasche Diagnose und das Absetzen ausl\u00f6sender Faktoren sind entscheidend, obschon die Behandlung weiherhin eine grosse Herausforderung darstellt. Diagnose und Indikation Die Diagnose basiert auf dem klinischen Erscheinungsbild charakteristischer Papeln und Pusteln um Mund und Augen. Eine Therapie ist insbesondere [&hellip;]<\/p>\n","protected":false},"author":3,"featured_media":0,"parent":29686,"menu_order":0,"comment_status":"closed","ping_status":"closed","template":"elementor_header_footer","meta":{"postBodyCss":"","postBodyMargin":[],"postBodyPadding":[],"postBodyBackground":{"backgroundType":"classic","gradient":""},"footnotes":""},"class_list":["post-29955","page","type-page","status-publish","hentry"],"yoast_head":"<!-- This site is optimized with the Yoast SEO plugin v28.4 - https:\/\/yoast.com\/product\/yoast-seo-wordpress\/ -->\n<title>Periorale Dermatitis - Clinique Delc<\/title>\n<meta name=\"robots\" content=\"noindex, follow\" \/>\n<meta property=\"og:locale\" content=\"de_DE\" \/>\n<meta property=\"og:type\" content=\"article\" \/>\n<meta property=\"og:title\" content=\"Periorale Dermatitis - Clinique Delc\" \/>\n<meta property=\"og:description\" content=\"Periorale Dermatitis Die periorale Dermatitis ist eine h\u00e4ufige entz\u00fcndliche Hauterkrankung im Mund-, Nasen- oder Augenbereich. Eine rasche Diagnose und das Absetzen ausl\u00f6sender Faktoren sind entscheidend, obschon die Behandlung weiherhin eine grosse Herausforderung darstellt. Diagnose und Indikation Die Diagnose basiert auf dem klinischen Erscheinungsbild charakteristischer Papeln und Pusteln um Mund und Augen. Eine Therapie ist insbesondere [&hellip;]\" \/>\n<meta property=\"og:url\" content=\"https:\/\/www.delc.ch\/de\/zuweiser-neu\/dermatologie\/periorale-dermatitis\/\" \/>\n<meta property=\"og:site_name\" content=\"Clinique Delc\" \/>\n<meta property=\"og:image\" content=\"https:\/\/www.delc.ch\/wp-content\/uploads\/2026\/09\/Periorale-Dermatitis.jpg\" \/>\n<meta name=\"twitter:card\" content=\"summary_large_image\" \/>\n<meta name=\"twitter:label1\" content=\"Gesch\u00e4tzte Lesezeit\" \/>\n\t<meta name=\"twitter:data1\" content=\"1\u00a0Minute\" \/>\n<script type=\"application\/ld+json\" class=\"yoast-schema-graph\">{\"@context\":\"https:\\\/\\\/schema.org\",\"@graph\":[{\"@type\":\"WebPage\",\"@id\":\"https:\\\/\\\/www.delc.ch\\\/de\\\/zuweiser-neu\\\/dermatologie\\\/periorale-dermatitis\\\/\",\"url\":\"https:\\\/\\\/www.delc.ch\\\/de\\\/zuweiser-neu\\\/dermatologie\\\/periorale-dermatitis\\\/\",\"name\":\"Periorale Dermatitis - Clinique Delc\",\"isPartOf\":{\"@id\":\"https:\\\/\\\/www.delc.ch\\\/de\\\/#website\"},\"primaryImageOfPage\":{\"@id\":\"https:\\\/\\\/www.delc.ch\\\/de\\\/zuweiser-neu\\\/dermatologie\\\/periorale-dermatitis\\\/#primaryimage\"},\"image\":{\"@id\":\"https:\\\/\\\/www.delc.ch\\\/de\\\/zuweiser-neu\\\/dermatologie\\\/periorale-dermatitis\\\/#primaryimage\"},\"thumbnailUrl\":\"https:\\\/\\\/www.delc.ch\\\/wp-content\\\/uploads\\\/2026\\\/09\\\/Periorale-Dermatitis.jpg\",\"datePublished\":\"2026-09-03T08:07:43+00:00\",\"breadcrumb\":{\"@id\":\"https:\\\/\\\/www.delc.ch\\\/de\\\/zuweiser-neu\\\/dermatologie\\\/periorale-dermatitis\\\/#breadcrumb\"},\"inLanguage\":\"de\",\"potentialAction\":[{\"@type\":\"ReadAction\",\"target\":[\"https:\\\/\\\/www.delc.ch\\\/de\\\/zuweiser-neu\\\/dermatologie\\\/periorale-dermatitis\\\/\"]}]},{\"@type\":\"ImageObject\",\"inLanguage\":\"de\",\"@id\":\"https:\\\/\\\/www.delc.ch\\\/de\\\/zuweiser-neu\\\/dermatologie\\\/periorale-dermatitis\\\/#primaryimage\",\"url\":\"https:\\\/\\\/www.delc.ch\\\/wp-content\\\/uploads\\\/2026\\\/09\\\/Periorale-Dermatitis.jpg\",\"contentUrl\":\"https:\\\/\\\/www.delc.ch\\\/wp-content\\\/uploads\\\/2026\\\/09\\\/Periorale-Dermatitis.jpg\"},{\"@type\":\"BreadcrumbList\",\"@id\":\"https:\\\/\\\/www.delc.ch\\\/de\\\/zuweiser-neu\\\/dermatologie\\\/periorale-dermatitis\\\/#breadcrumb\",\"itemListElement\":[{\"@type\":\"ListItem\",\"position\":1,\"name\":\"Home\",\"item\":\"https:\\\/\\\/www.delc.ch\\\/de\\\/\"},{\"@type\":\"ListItem\",\"position\":2,\"name\":\"Zuweiser NEU\",\"item\":\"https:\\\/\\\/www.delc.ch\\\/de\\\/zuweiser-neu\\\/\"},{\"@type\":\"ListItem\",\"position\":3,\"name\":\"Dermatologie \u2013 Zuweiser\",\"item\":\"https:\\\/\\\/www.delc.ch\\\/de\\\/zuweiser-neu\\\/dermatologie\\\/\"},{\"@type\":\"ListItem\",\"position\":4,\"name\":\"Periorale Dermatitis\"}]},{\"@type\":\"WebSite\",\"@id\":\"https:\\\/\\\/www.delc.ch\\\/de\\\/#website\",\"url\":\"https:\\\/\\\/www.delc.ch\\\/de\\\/\",\"name\":\"Clinique Delc\",\"description\":\"Plastische Chirurgie, Dermatologie, Laser &amp; Venenheilkunde\",\"publisher\":{\"@id\":\"https:\\\/\\\/www.delc.ch\\\/de\\\/#organization\"},\"potentialAction\":[{\"@type\":\"SearchAction\",\"target\":{\"@type\":\"EntryPoint\",\"urlTemplate\":\"https:\\\/\\\/www.delc.ch\\\/de\\\/?s={search_term_string}\"},\"query-input\":{\"@type\":\"PropertyValueSpecification\",\"valueRequired\":true,\"valueName\":\"search_term_string\"}}],\"inLanguage\":\"de\"},{\"@type\":\"Organization\",\"@id\":\"https:\\\/\\\/www.delc.ch\\\/de\\\/#organization\",\"name\":\"Clinique Delc\",\"url\":\"https:\\\/\\\/www.delc.ch\\\/de\\\/\",\"logo\":{\"@type\":\"ImageObject\",\"inLanguage\":\"de\",\"@id\":\"https:\\\/\\\/www.delc.ch\\\/de\\\/#\\\/schema\\\/logo\\\/image\\\/\",\"url\":\"https:\\\/\\\/www.delc.ch\\\/wp-content\\\/uploads\\\/2020\\\/04\\\/DELC_Logo.png\",\"contentUrl\":\"https:\\\/\\\/www.delc.ch\\\/wp-content\\\/uploads\\\/2020\\\/04\\\/DELC_Logo.png\",\"width\":1369,\"height\":444,\"caption\":\"Clinique Delc\"},\"image\":{\"@id\":\"https:\\\/\\\/www.delc.ch\\\/de\\\/#\\\/schema\\\/logo\\\/image\\\/\"}}]}<\/script>\n<!-- \/ Yoast SEO plugin. -->","yoast_head_json":{"title":"Periorale Dermatitis - Clinique Delc","robots":{"index":"noindex","follow":"follow"},"og_locale":"de_DE","og_type":"article","og_title":"Periorale Dermatitis - Clinique Delc","og_description":"Periorale Dermatitis Die periorale Dermatitis ist eine h\u00e4ufige entz\u00fcndliche Hauterkrankung im Mund-, Nasen- oder Augenbereich. Eine rasche Diagnose und das Absetzen ausl\u00f6sender Faktoren sind entscheidend, obschon die Behandlung weiherhin eine grosse Herausforderung darstellt. Diagnose und Indikation Die Diagnose basiert auf dem klinischen Erscheinungsbild charakteristischer Papeln und Pusteln um Mund und Augen. Eine Therapie ist insbesondere [&hellip;]","og_url":"https:\/\/www.delc.ch\/de\/zuweiser-neu\/dermatologie\/periorale-dermatitis\/","og_site_name":"Clinique Delc","og_image":[{"url":"https:\/\/www.delc.ch\/wp-content\/uploads\/2026\/09\/Periorale-Dermatitis.jpg","type":"","width":"","height":""}],"twitter_card":"summary_large_image","twitter_misc":{"Gesch\u00e4tzte Lesezeit":"1\u00a0Minute"},"schema":{"@context":"https:\/\/schema.org","@graph":[{"@type":"WebPage","@id":"https:\/\/www.delc.ch\/de\/zuweiser-neu\/dermatologie\/periorale-dermatitis\/","url":"https:\/\/www.delc.ch\/de\/zuweiser-neu\/dermatologie\/periorale-dermatitis\/","name":"Periorale Dermatitis - Clinique Delc","isPartOf":{"@id":"https:\/\/www.delc.ch\/de\/#website"},"primaryImageOfPage":{"@id":"https:\/\/www.delc.ch\/de\/zuweiser-neu\/dermatologie\/periorale-dermatitis\/#primaryimage"},"image":{"@id":"https:\/\/www.delc.ch\/de\/zuweiser-neu\/dermatologie\/periorale-dermatitis\/#primaryimage"},"thumbnailUrl":"https:\/\/www.delc.ch\/wp-content\/uploads\/2026\/09\/Periorale-Dermatitis.jpg","datePublished":"2026-09-03T08:07:43+00:00","breadcrumb":{"@id":"https:\/\/www.delc.ch\/de\/zuweiser-neu\/dermatologie\/periorale-dermatitis\/#breadcrumb"},"inLanguage":"de","potentialAction":[{"@type":"ReadAction","target":["https:\/\/www.delc.ch\/de\/zuweiser-neu\/dermatologie\/periorale-dermatitis\/"]}]},{"@type":"ImageObject","inLanguage":"de","@id":"https:\/\/www.delc.ch\/de\/zuweiser-neu\/dermatologie\/periorale-dermatitis\/#primaryimage","url":"https:\/\/www.delc.ch\/wp-content\/uploads\/2026\/09\/Periorale-Dermatitis.jpg","contentUrl":"https:\/\/www.delc.ch\/wp-content\/uploads\/2026\/09\/Periorale-Dermatitis.jpg"},{"@type":"BreadcrumbList","@id":"https:\/\/www.delc.ch\/de\/zuweiser-neu\/dermatologie\/periorale-dermatitis\/#breadcrumb","itemListElement":[{"@type":"ListItem","position":1,"name":"Home","item":"https:\/\/www.delc.ch\/de\/"},{"@type":"ListItem","position":2,"name":"Zuweiser NEU","item":"https:\/\/www.delc.ch\/de\/zuweiser-neu\/"},{"@type":"ListItem","position":3,"name":"Dermatologie \u2013 Zuweiser","item":"https:\/\/www.delc.ch\/de\/zuweiser-neu\/dermatologie\/"},{"@type":"ListItem","position":4,"name":"Periorale Dermatitis"}]},{"@type":"WebSite","@id":"https:\/\/www.delc.ch\/de\/#website","url":"https:\/\/www.delc.ch\/de\/","name":"Clinique Delc","description":"Plastische Chirurgie, Dermatologie, Laser &amp; Venenheilkunde","publisher":{"@id":"https:\/\/www.delc.ch\/de\/#organization"},"potentialAction":[{"@type":"SearchAction","target":{"@type":"EntryPoint","urlTemplate":"https:\/\/www.delc.ch\/de\/?s={search_term_string}"},"query-input":{"@type":"PropertyValueSpecification","valueRequired":true,"valueName":"search_term_string"}}],"inLanguage":"de"},{"@type":"Organization","@id":"https:\/\/www.delc.ch\/de\/#organization","name":"Clinique Delc","url":"https:\/\/www.delc.ch\/de\/","logo":{"@type":"ImageObject","inLanguage":"de","@id":"https:\/\/www.delc.ch\/de\/#\/schema\/logo\/image\/","url":"https:\/\/www.delc.ch\/wp-content\/uploads\/2020\/04\/DELC_Logo.png","contentUrl":"https:\/\/www.delc.ch\/wp-content\/uploads\/2020\/04\/DELC_Logo.png","width":1369,"height":444,"caption":"Clinique Delc"},"image":{"@id":"https:\/\/www.delc.ch\/de\/#\/schema\/logo\/image\/"}}]}},"_links":{"self":[{"href":"https:\/\/www.delc.ch\/de\/wp-json\/wp\/v2\/pages\/29955","targetHints":{"allow":["GET"]}}],"collection":[{"href":"https:\/\/www.delc.ch\/de\/wp-json\/wp\/v2\/pages"}],"about":[{"href":"https:\/\/www.delc.ch\/de\/wp-json\/wp\/v2\/types\/page"}],"author":[{"embeddable":true,"href":"https:\/\/www.delc.ch\/de\/wp-json\/wp\/v2\/users\/3"}],"replies":[{"embeddable":true,"href":"https:\/\/www.delc.ch\/de\/wp-json\/wp\/v2\/comments?post=29955"}],"version-history":[{"count":5,"href":"https:\/\/www.delc.ch\/de\/wp-json\/wp\/v2\/pages\/29955\/revisions"}],"predecessor-version":[{"id":30343,"href":"https:\/\/www.delc.ch\/de\/wp-json\/wp\/v2\/pages\/29955\/revisions\/30343"}],"up":[{"embeddable":true,"href":"https:\/\/www.delc.ch\/de\/wp-json\/wp\/v2\/pages\/29686"}],"wp:attachment":[{"href":"https:\/\/www.delc.ch\/de\/wp-json\/wp\/v2\/media?parent=29955"}],"curies":[{"name":"wp","href":"https:\/\/api.w.org\/{rel}","templated":true}]}}