{"id":29940,"date":"2026-09-03T10:06:01","date_gmt":"2026-09-03T08:06:01","guid":{"rendered":"https:\/\/www.delc.ch\/?page_id=29940"},"modified":"2026-09-03T10:06:01","modified_gmt":"2026-09-03T08:06:01","slug":"photodynamische-therapie","status":"publish","type":"page","link":"https:\/\/www.delc.ch\/de\/zuweiser-neu\/dermatologie\/photodynamische-therapie\/","title":{"rendered":"Photodynamische Therapie"},"content":{"rendered":"\t\t<div data-elementor-type=\"wp-page\" data-elementor-id=\"29940\" class=\"elementor elementor-29940\" data-elementor-post-type=\"page\">\n\t\t\t\t<div class=\"elementor-element elementor-element-7eb001e e-flex e-con-boxed e-con e-parent\" data-id=\"7eb001e\" data-element_type=\"container\" data-e-type=\"container\">\n\t\t\t\t\t<div class=\"e-con-inner\">\n\t\t<div class=\"elementor-element elementor-element-71f9952 e-con-full e-flex e-con e-child\" data-id=\"71f9952\" data-element_type=\"container\" data-e-type=\"container\">\n\t\t\t\t<div class=\"elementor-element elementor-element-20944c5 elementor-widget elementor-widget-text-editor\" data-id=\"20944c5\" data-element_type=\"widget\" data-e-type=\"widget\" data-widget_type=\"text-editor.default\">\n\t\t\t\t<div class=\"elementor-widget-container\">\n\t\t\t\t\t\t\t\t\t<p>Photodynamische Therapie (PDT)<\/p>\t\t\t\t\t\t\t\t<\/div>\n\t\t\t\t<\/div>\n\t\t\t\t<div class=\"elementor-element elementor-element-094db0f elementor-widget elementor-widget-image\" data-id=\"094db0f\" data-element_type=\"widget\" data-e-type=\"widget\" data-widget_type=\"image.default\">\n\t\t\t\t<div class=\"elementor-widget-container\">\n\t\t\t\t\t\t\t\t\t\t\t\t\t\t\t<img fetchpriority=\"high\" decoding=\"async\" width=\"800\" height=\"466\" src=\"https:\/\/www.delc.ch\/wp-content\/uploads\/2026\/09\/Photodynamische-Therapie-1.jpg\" class=\"attachment-large size-large wp-image-29942\" alt=\"\" srcset=\"https:\/\/www.delc.ch\/wp-content\/uploads\/2026\/09\/Photodynamische-Therapie-1.jpg 800w, https:\/\/www.delc.ch\/wp-content\/uploads\/2026\/09\/Photodynamische-Therapie-1-300x175.jpg 300w, https:\/\/www.delc.ch\/wp-content\/uploads\/2026\/09\/Photodynamische-Therapie-1-768x447.jpg 768w\" sizes=\"(max-width: 800px) 100vw, 800px\" \/>\t\t\t\t\t\t\t\t\t\t\t\t\t\t\t<\/div>\n\t\t\t\t<\/div>\n\t\t\t\t<div class=\"elementor-element elementor-element-1839daa elementor-widget elementor-widget-text-editor\" data-id=\"1839daa\" data-element_type=\"widget\" data-e-type=\"widget\" data-widget_type=\"text-editor.default\">\n\t\t\t\t<div class=\"elementor-widget-container\">\n\t\t\t\t\t\t\t\t\t<p>Die PDT ist eine minimal-invasive Therapie f\u00fcr pr\u00e4kanzer\u00f6se Hautver\u00e4nderungen, oberfl\u00e4chlichen Hautkrebs und aktinische Keratosen. Sie kombiniert einen lichtsensibilisierenden Wirkstoff mit Licht, um gezielt abnorme Hautzellen zu zerst\u00f6ren.<\/p>\t\t\t\t\t\t\t\t<\/div>\n\t\t\t\t<\/div>\n\t\t\t\t<\/div>\n\t\t\t\t\t<\/div>\n\t\t\t\t<\/div>\n\t\t<div class=\"elementor-element elementor-element-b9e554b e-flex e-con-boxed e-con e-parent\" data-id=\"b9e554b\" data-element_type=\"container\" data-e-type=\"container\" data-settings=\"{&quot;background_background&quot;:&quot;classic&quot;}\">\n\t\t\t\t\t<div class=\"e-con-inner\">\n\t\t\t\t<div class=\"elementor-element elementor-element-d5d4806 elementor-widget elementor-widget-n-accordion\" data-id=\"d5d4806\" data-element_type=\"widget\" data-e-type=\"widget\" data-settings=\"{&quot;default_state&quot;:&quot;all_collapsed&quot;,&quot;max_items_expended&quot;:&quot;one&quot;,&quot;n_accordion_animation_duration&quot;:{&quot;unit&quot;:&quot;ms&quot;,&quot;size&quot;:400,&quot;sizes&quot;:[]}}\" data-widget_type=\"nested-accordion.default\">\n\t\t\t\t<div class=\"elementor-widget-container\">\n\t\t\t\t\t\t\t<div class=\"e-n-accordion\" aria-label=\"Accordion. Open links with Enter or Space, close with Escape, and navigate with Arrow Keys\">\n\t\t\t\t\t\t<details id=\"e-n-accordion-item-2240\" class=\"e-n-accordion-item\" >\n\t\t\t\t<summary class=\"e-n-accordion-item-title\" data-accordion-index=\"1\" tabindex=\"0\" aria-expanded=\"false\" aria-controls=\"e-n-accordion-item-2240\" >\n\t\t\t\t\t<span class='e-n-accordion-item-title-header'><div class=\"e-n-accordion-item-title-text\"> Diagnose und Indikation <\/div><\/span>\n\t\t\t\t\t\t\t<span class='e-n-accordion-item-title-icon'>\n\t\t\t<span class='e-opened' ><i aria-hidden=\"true\" class=\"icon icon-up-arrow1\"><\/i><\/span>\n\t\t\t<span class='e-closed'><i aria-hidden=\"true\" class=\"icon icon-down-arrow1\"><\/i><\/span>\n\t\t<\/span>\n\n\t\t\t\t\t\t<\/summary>\n\t\t\t\t<div role=\"region\" aria-labelledby=\"e-n-accordion-item-2240\" class=\"elementor-element elementor-element-3903cce e-con-full e-flex e-con e-child\" data-id=\"3903cce\" data-element_type=\"container\" data-e-type=\"container\">\n\t\t\t\t<div class=\"elementor-element elementor-element-963101e elementor-widget elementor-widget-text-editor\" data-id=\"963101e\" data-element_type=\"widget\" data-e-type=\"widget\" data-widget_type=\"text-editor.default\">\n\t\t\t\t<div class=\"elementor-widget-container\">\n\t\t\t\t\t\t\t\t\t<p>Die Phototherapie ist indiziert bei Hautl\u00e4sionen mit erh\u00f6htem Krebsrisiko, wie z. B. aktinischen Keratosen, oberfl\u00e4chlichen Basalzellkarzinomen, Lentigo maligna und Bowen-Erkrankungen. Ein Psoralen-Derivat oder ein Photosensibilisator wird auf die L\u00e4sionen aufgetragen und anschliessend mit Licht aktiviert, um die Zellen gezielt zu behandeln und das Risiko einer Tumorentwicklung zu verringern.<\/p>\t\t\t\t\t\t\t\t<\/div>\n\t\t\t\t<\/div>\n\t\t\t\t<\/div>\n\t\t\t\t\t<\/details>\n\t\t\t\t\t\t<details id=\"e-n-accordion-item-2241\" class=\"e-n-accordion-item\" >\n\t\t\t\t<summary class=\"e-n-accordion-item-title\" data-accordion-index=\"2\" tabindex=\"-1\" aria-expanded=\"false\" aria-controls=\"e-n-accordion-item-2241\" >\n\t\t\t\t\t<span class='e-n-accordion-item-title-header'><div class=\"e-n-accordion-item-title-text\"> Komplikationen <\/div><\/span>\n\t\t\t\t\t\t\t<span class='e-n-accordion-item-title-icon'>\n\t\t\t<span class='e-opened' ><i aria-hidden=\"true\" class=\"icon icon-up-arrow1\"><\/i><\/span>\n\t\t\t<span class='e-closed'><i aria-hidden=\"true\" class=\"icon icon-down-arrow1\"><\/i><\/span>\n\t\t<\/span>\n\n\t\t\t\t\t\t<\/summary>\n\t\t\t\t<div role=\"region\" aria-labelledby=\"e-n-accordion-item-2241\" class=\"elementor-element elementor-element-0ecd8aa e-con-full e-flex e-con e-child\" data-id=\"0ecd8aa\" data-element_type=\"container\" data-e-type=\"container\">\n\t\t\t\t<div class=\"elementor-element elementor-element-ab76c5e elementor-widget elementor-widget-text-editor\" data-id=\"ab76c5e\" data-element_type=\"widget\" data-e-type=\"widget\" data-widget_type=\"text-editor.default\">\n\t\t\t\t<div class=\"elementor-widget-container\">\n\t\t\t\t\t\t\t\t\t<p>Starke, anhaltende Schmerzen, Blasenbildung und eine ausgepr\u00e4gte Hautreaktion sind Hinweise auf eine \u00dcberempfindlichkeitsreaktion. In solchen F\u00e4llen ist eine sorgf\u00e4ltige Nachsorge erforderlich, um m\u00f6gliche Komplikationen fr\u00fchzeitig zu erkennen und entsprechend zu behandeln.<\/p>\t\t\t\t\t\t\t\t<\/div>\n\t\t\t\t<\/div>\n\t\t\t\t<\/div>\n\t\t\t\t\t<\/details>\n\t\t\t\t\t\t<details id=\"e-n-accordion-item-2242\" class=\"e-n-accordion-item\" >\n\t\t\t\t<summary class=\"e-n-accordion-item-title\" data-accordion-index=\"3\" tabindex=\"-1\" aria-expanded=\"false\" aria-controls=\"e-n-accordion-item-2242\" >\n\t\t\t\t\t<span class='e-n-accordion-item-title-header'><div class=\"e-n-accordion-item-title-text\"> Verlauf <\/div><\/span>\n\t\t\t\t\t\t\t<span class='e-n-accordion-item-title-icon'>\n\t\t\t<span class='e-opened' ><i aria-hidden=\"true\" class=\"icon icon-up-arrow1\"><\/i><\/span>\n\t\t\t<span class='e-closed'><i aria-hidden=\"true\" class=\"icon icon-down-arrow1\"><\/i><\/span>\n\t\t<\/span>\n\n\t\t\t\t\t\t<\/summary>\n\t\t\t\t<div role=\"region\" aria-labelledby=\"e-n-accordion-item-2242\" class=\"elementor-element elementor-element-e8f61a0 e-con-full e-flex e-con e-child\" data-id=\"e8f61a0\" data-element_type=\"container\" data-e-type=\"container\">\n\t\t\t\t<div class=\"elementor-element elementor-element-2ee229c elementor-widget elementor-widget-text-editor\" data-id=\"2ee229c\" data-element_type=\"widget\" data-e-type=\"widget\" data-widget_type=\"text-editor.default\">\n\t\t\t\t<div class=\"elementor-widget-container\">\n\t\t\t\t\t\t\t\t\t<p>Vor der Behandlung erfolgt eine gr\u00fcndliche Hautuntersuchung, gefolgt vom Auftragen des Photosensibilisators auf die betroffenen L\u00e4sionen. W\u00e4hrend der Behandlung wird die Haut mit rotem Licht f\u00fcr 30 bis 60 Minuten belichtet, wobei je nach Schweregrad mehrere Sitzungen notwendig sein k\u00f6nnen. Die Therapie erm\u00f6glicht eine pr\u00e4zise und gezielte Zerst\u00f6rung abnormer Zellen, ohne die gesunde Haut zu beeintr\u00e4chtigen.<\/p>\t\t\t\t\t\t\t\t<\/div>\n\t\t\t\t<\/div>\n\t\t\t\t<\/div>\n\t\t\t\t\t<\/details>\n\t\t\t\t\t\t<details id=\"e-n-accordion-item-2243\" class=\"e-n-accordion-item\" >\n\t\t\t\t<summary class=\"e-n-accordion-item-title\" data-accordion-index=\"4\" tabindex=\"-1\" aria-expanded=\"false\" aria-controls=\"e-n-accordion-item-2243\" >\n\t\t\t\t\t<span class='e-n-accordion-item-title-header'><div class=\"e-n-accordion-item-title-text\"> Mehrwert f\u00fcr Patient und Zuweiser <\/div><\/span>\n\t\t\t\t\t\t\t<span class='e-n-accordion-item-title-icon'>\n\t\t\t<span class='e-opened' ><i aria-hidden=\"true\" class=\"icon icon-up-arrow1\"><\/i><\/span>\n\t\t\t<span class='e-closed'><i aria-hidden=\"true\" class=\"icon icon-down-arrow1\"><\/i><\/span>\n\t\t<\/span>\n\n\t\t\t\t\t\t<\/summary>\n\t\t\t\t<div role=\"region\" aria-labelledby=\"e-n-accordion-item-2243\" class=\"elementor-element elementor-element-3e6beda e-con-full e-flex e-con e-child\" data-id=\"3e6beda\" data-element_type=\"container\" data-e-type=\"container\">\n\t\t\t\t<div class=\"elementor-element elementor-element-a7b4089 elementor-widget elementor-widget-text-editor\" data-id=\"a7b4089\" data-element_type=\"widget\" data-e-type=\"widget\" data-widget_type=\"text-editor.default\">\n\t\t\t\t<div class=\"elementor-widget-container\">\n\t\t\t\t\t\t\t\t\t<p>Die Photodynamische Therapie ist eine schonende Alternative zu invasiven Verfahren und erm\u00f6glicht eine gezielte Behandlung pr\u00e4kanzer\u00f6ser oder oberfl\u00e4chlicher Tumoren. Sie erh\u00f6ht sowohl die Sicherheit als auch die Wirksamkeit der Hautkrebsvorsorge, indem sie abnorme Zellen pr\u00e4zise entfernt, ohne die gesunde Haut zu beeintr\u00e4chtigen.<\/p>\t\t\t\t\t\t\t\t<\/div>\n\t\t\t\t<\/div>\n\t\t\t\t<\/div>\n\t\t\t\t\t<\/details>\n\t\t\t\t\t\t<details id=\"e-n-accordion-item-2244\" class=\"e-n-accordion-item\" >\n\t\t\t\t<summary class=\"e-n-accordion-item-title\" data-accordion-index=\"5\" tabindex=\"-1\" aria-expanded=\"false\" aria-controls=\"e-n-accordion-item-2244\" >\n\t\t\t\t\t<span class='e-n-accordion-item-title-header'><div class=\"e-n-accordion-item-title-text\"> Abschluss <\/div><\/span>\n\t\t\t\t\t\t\t<span class='e-n-accordion-item-title-icon'>\n\t\t\t<span class='e-opened' ><i aria-hidden=\"true\" class=\"icon icon-up-arrow1\"><\/i><\/span>\n\t\t\t<span class='e-closed'><i aria-hidden=\"true\" class=\"icon icon-down-arrow1\"><\/i><\/span>\n\t\t<\/span>\n\n\t\t\t\t\t\t<\/summary>\n\t\t\t\t<div role=\"region\" aria-labelledby=\"e-n-accordion-item-2244\" class=\"elementor-element elementor-element-45c9873 e-con-full e-flex e-con e-child\" data-id=\"45c9873\" data-element_type=\"container\" data-e-type=\"container\">\n\t\t\t\t<div class=\"elementor-element elementor-element-c8e0c1b elementor-widget elementor-widget-text-editor\" data-id=\"c8e0c1b\" data-element_type=\"widget\" data-e-type=\"widget\" data-widget_type=\"text-editor.default\">\n\t\t\t\t<div class=\"elementor-widget-container\">\n\t\t\t\t\t\t\t\t\t<p>Photodynamische Therapie (PDT) ist eine effektive, minimal-invasive Therapie f\u00fcr pr\u00e4kanzer\u00f6se und oberfl\u00e4chliche Hautl\u00e4sionen. Fr\u00fche Diagnose und korrekte Anwendung sind entscheidend f\u00fcr den Erfolg der Behandlung. Bei Verdacht auf Hautkrebs sollte stets eine dermatologische Beurteilung einbezogen werden, um eine genaue Diagnose zu stellen und gegebenenfalls eine fr\u00fchzeitige Behandlung einzuleiten.<\/p>\t\t\t\t\t\t\t\t<\/div>\n\t\t\t\t<\/div>\n\t\t\t\t<\/div>\n\t\t\t\t\t<\/details>\n\t\t\t\t\t<\/div>\n\t\t\t\t\t\t<\/div>\n\t\t\t\t<\/div>\n\t\t\t\t\t<\/div>\n\t\t\t\t<\/div>\n\t\t\t\t<\/div>\n\t\t\n    <div class=\"xs_social_share_widget xs_share_url after_content \t\tmain_content  wslu-style-1 wslu-share-box-shaped wslu-fill-colored wslu-none wslu-share-horizontal wslu-theme-font-no wslu-main_content\">\n\n\t\t\n        <ul>\n\t\t\t        <\/ul>\n    <\/div> \n","protected":false},"excerpt":{"rendered":"<p>Photodynamische Therapie (PDT) Die PDT ist eine minimal-invasive Therapie f\u00fcr pr\u00e4kanzer\u00f6se Hautver\u00e4nderungen, oberfl\u00e4chlichen Hautkrebs und aktinische Keratosen. Sie kombiniert einen lichtsensibilisierenden Wirkstoff mit Licht, um gezielt abnorme Hautzellen zu zerst\u00f6ren. Diagnose und Indikation Die Phototherapie ist indiziert bei Hautl\u00e4sionen mit erh\u00f6htem Krebsrisiko, wie z. B. aktinischen Keratosen, oberfl\u00e4chlichen Basalzellkarzinomen, Lentigo maligna und Bowen-Erkrankungen. Ein Psoralen-Derivat [&hellip;]<\/p>\n","protected":false},"author":3,"featured_media":0,"parent":29686,"menu_order":0,"comment_status":"closed","ping_status":"closed","template":"elementor_header_footer","meta":{"postBodyCss":"","postBodyMargin":[],"postBodyPadding":[],"postBodyBackground":{"backgroundType":"classic","gradient":""},"footnotes":""},"class_list":["post-29940","page","type-page","status-publish","hentry"],"yoast_head":"<!-- This site is optimized with the Yoast SEO plugin v28.4 - https:\/\/yoast.com\/product\/yoast-seo-wordpress\/ -->\n<title>Photodynamische Therapie - Clinique Delc<\/title>\n<meta name=\"robots\" content=\"noindex, follow\" \/>\n<meta property=\"og:locale\" content=\"de_DE\" \/>\n<meta property=\"og:type\" content=\"article\" \/>\n<meta property=\"og:title\" content=\"Photodynamische Therapie - Clinique Delc\" \/>\n<meta property=\"og:description\" content=\"Photodynamische Therapie (PDT) Die PDT ist eine minimal-invasive Therapie f\u00fcr pr\u00e4kanzer\u00f6se Hautver\u00e4nderungen, oberfl\u00e4chlichen Hautkrebs und aktinische Keratosen. Sie kombiniert einen lichtsensibilisierenden Wirkstoff mit Licht, um gezielt abnorme Hautzellen zu zerst\u00f6ren. Diagnose und Indikation Die Phototherapie ist indiziert bei Hautl\u00e4sionen mit erh\u00f6htem Krebsrisiko, wie z. B. aktinischen Keratosen, oberfl\u00e4chlichen Basalzellkarzinomen, Lentigo maligna und Bowen-Erkrankungen. Ein Psoralen-Derivat [&hellip;]\" \/>\n<meta property=\"og:url\" content=\"https:\/\/www.delc.ch\/de\/zuweiser-neu\/dermatologie\/photodynamische-therapie\/\" \/>\n<meta property=\"og:site_name\" content=\"Clinique Delc\" \/>\n<meta property=\"og:image\" content=\"https:\/\/www.delc.ch\/wp-content\/uploads\/2026\/09\/Photodynamische-Therapie-1.jpg\" \/>\n<meta name=\"twitter:card\" content=\"summary_large_image\" \/>\n<meta name=\"twitter:label1\" content=\"Gesch\u00e4tzte Lesezeit\" \/>\n\t<meta name=\"twitter:data1\" content=\"3\u00a0Minuten\" \/>\n<script type=\"application\/ld+json\" class=\"yoast-schema-graph\">{\"@context\":\"https:\\\/\\\/schema.org\",\"@graph\":[{\"@type\":\"WebPage\",\"@id\":\"https:\\\/\\\/www.delc.ch\\\/de\\\/zuweiser-neu\\\/dermatologie\\\/photodynamische-therapie\\\/\",\"url\":\"https:\\\/\\\/www.delc.ch\\\/de\\\/zuweiser-neu\\\/dermatologie\\\/photodynamische-therapie\\\/\",\"name\":\"Photodynamische Therapie - Clinique Delc\",\"isPartOf\":{\"@id\":\"https:\\\/\\\/www.delc.ch\\\/de\\\/#website\"},\"primaryImageOfPage\":{\"@id\":\"https:\\\/\\\/www.delc.ch\\\/de\\\/zuweiser-neu\\\/dermatologie\\\/photodynamische-therapie\\\/#primaryimage\"},\"image\":{\"@id\":\"https:\\\/\\\/www.delc.ch\\\/de\\\/zuweiser-neu\\\/dermatologie\\\/photodynamische-therapie\\\/#primaryimage\"},\"thumbnailUrl\":\"https:\\\/\\\/www.delc.ch\\\/wp-content\\\/uploads\\\/2026\\\/09\\\/Photodynamische-Therapie-1.jpg\",\"datePublished\":\"2026-09-03T08:06:01+00:00\",\"breadcrumb\":{\"@id\":\"https:\\\/\\\/www.delc.ch\\\/de\\\/zuweiser-neu\\\/dermatologie\\\/photodynamische-therapie\\\/#breadcrumb\"},\"inLanguage\":\"de\",\"potentialAction\":[{\"@type\":\"ReadAction\",\"target\":[\"https:\\\/\\\/www.delc.ch\\\/de\\\/zuweiser-neu\\\/dermatologie\\\/photodynamische-therapie\\\/\"]}]},{\"@type\":\"ImageObject\",\"inLanguage\":\"de\",\"@id\":\"https:\\\/\\\/www.delc.ch\\\/de\\\/zuweiser-neu\\\/dermatologie\\\/photodynamische-therapie\\\/#primaryimage\",\"url\":\"https:\\\/\\\/www.delc.ch\\\/wp-content\\\/uploads\\\/2026\\\/09\\\/Photodynamische-Therapie-1.jpg\",\"contentUrl\":\"https:\\\/\\\/www.delc.ch\\\/wp-content\\\/uploads\\\/2026\\\/09\\\/Photodynamische-Therapie-1.jpg\"},{\"@type\":\"BreadcrumbList\",\"@id\":\"https:\\\/\\\/www.delc.ch\\\/de\\\/zuweiser-neu\\\/dermatologie\\\/photodynamische-therapie\\\/#breadcrumb\",\"itemListElement\":[{\"@type\":\"ListItem\",\"position\":1,\"name\":\"Home\",\"item\":\"https:\\\/\\\/www.delc.ch\\\/de\\\/\"},{\"@type\":\"ListItem\",\"position\":2,\"name\":\"Zuweiser NEU\",\"item\":\"https:\\\/\\\/www.delc.ch\\\/de\\\/zuweiser-neu\\\/\"},{\"@type\":\"ListItem\",\"position\":3,\"name\":\"Dermatologie \u2013 Zuweiser\",\"item\":\"https:\\\/\\\/www.delc.ch\\\/de\\\/zuweiser-neu\\\/dermatologie\\\/\"},{\"@type\":\"ListItem\",\"position\":4,\"name\":\"Photodynamische Therapie\"}]},{\"@type\":\"WebSite\",\"@id\":\"https:\\\/\\\/www.delc.ch\\\/de\\\/#website\",\"url\":\"https:\\\/\\\/www.delc.ch\\\/de\\\/\",\"name\":\"Clinique Delc\",\"description\":\"Plastische Chirurgie, Dermatologie, Laser &amp; Venenheilkunde\",\"publisher\":{\"@id\":\"https:\\\/\\\/www.delc.ch\\\/de\\\/#organization\"},\"potentialAction\":[{\"@type\":\"SearchAction\",\"target\":{\"@type\":\"EntryPoint\",\"urlTemplate\":\"https:\\\/\\\/www.delc.ch\\\/de\\\/?s={search_term_string}\"},\"query-input\":{\"@type\":\"PropertyValueSpecification\",\"valueRequired\":true,\"valueName\":\"search_term_string\"}}],\"inLanguage\":\"de\"},{\"@type\":\"Organization\",\"@id\":\"https:\\\/\\\/www.delc.ch\\\/de\\\/#organization\",\"name\":\"Clinique Delc\",\"url\":\"https:\\\/\\\/www.delc.ch\\\/de\\\/\",\"logo\":{\"@type\":\"ImageObject\",\"inLanguage\":\"de\",\"@id\":\"https:\\\/\\\/www.delc.ch\\\/de\\\/#\\\/schema\\\/logo\\\/image\\\/\",\"url\":\"https:\\\/\\\/www.delc.ch\\\/wp-content\\\/uploads\\\/2020\\\/04\\\/DELC_Logo.png\",\"contentUrl\":\"https:\\\/\\\/www.delc.ch\\\/wp-content\\\/uploads\\\/2020\\\/04\\\/DELC_Logo.png\",\"width\":1369,\"height\":444,\"caption\":\"Clinique Delc\"},\"image\":{\"@id\":\"https:\\\/\\\/www.delc.ch\\\/de\\\/#\\\/schema\\\/logo\\\/image\\\/\"}}]}<\/script>\n<!-- \/ Yoast SEO plugin. -->","yoast_head_json":{"title":"Photodynamische Therapie - Clinique Delc","robots":{"index":"noindex","follow":"follow"},"og_locale":"de_DE","og_type":"article","og_title":"Photodynamische Therapie - Clinique Delc","og_description":"Photodynamische Therapie (PDT) Die PDT ist eine minimal-invasive Therapie f\u00fcr pr\u00e4kanzer\u00f6se Hautver\u00e4nderungen, oberfl\u00e4chlichen Hautkrebs und aktinische Keratosen. Sie kombiniert einen lichtsensibilisierenden Wirkstoff mit Licht, um gezielt abnorme Hautzellen zu zerst\u00f6ren. Diagnose und Indikation Die Phototherapie ist indiziert bei Hautl\u00e4sionen mit erh\u00f6htem Krebsrisiko, wie z. B. aktinischen Keratosen, oberfl\u00e4chlichen Basalzellkarzinomen, Lentigo maligna und Bowen-Erkrankungen. Ein Psoralen-Derivat [&hellip;]","og_url":"https:\/\/www.delc.ch\/de\/zuweiser-neu\/dermatologie\/photodynamische-therapie\/","og_site_name":"Clinique Delc","og_image":[{"url":"https:\/\/www.delc.ch\/wp-content\/uploads\/2026\/09\/Photodynamische-Therapie-1.jpg","type":"","width":"","height":""}],"twitter_card":"summary_large_image","twitter_misc":{"Gesch\u00e4tzte Lesezeit":"3\u00a0Minuten"},"schema":{"@context":"https:\/\/schema.org","@graph":[{"@type":"WebPage","@id":"https:\/\/www.delc.ch\/de\/zuweiser-neu\/dermatologie\/photodynamische-therapie\/","url":"https:\/\/www.delc.ch\/de\/zuweiser-neu\/dermatologie\/photodynamische-therapie\/","name":"Photodynamische Therapie - Clinique Delc","isPartOf":{"@id":"https:\/\/www.delc.ch\/de\/#website"},"primaryImageOfPage":{"@id":"https:\/\/www.delc.ch\/de\/zuweiser-neu\/dermatologie\/photodynamische-therapie\/#primaryimage"},"image":{"@id":"https:\/\/www.delc.ch\/de\/zuweiser-neu\/dermatologie\/photodynamische-therapie\/#primaryimage"},"thumbnailUrl":"https:\/\/www.delc.ch\/wp-content\/uploads\/2026\/09\/Photodynamische-Therapie-1.jpg","datePublished":"2026-09-03T08:06:01+00:00","breadcrumb":{"@id":"https:\/\/www.delc.ch\/de\/zuweiser-neu\/dermatologie\/photodynamische-therapie\/#breadcrumb"},"inLanguage":"de","potentialAction":[{"@type":"ReadAction","target":["https:\/\/www.delc.ch\/de\/zuweiser-neu\/dermatologie\/photodynamische-therapie\/"]}]},{"@type":"ImageObject","inLanguage":"de","@id":"https:\/\/www.delc.ch\/de\/zuweiser-neu\/dermatologie\/photodynamische-therapie\/#primaryimage","url":"https:\/\/www.delc.ch\/wp-content\/uploads\/2026\/09\/Photodynamische-Therapie-1.jpg","contentUrl":"https:\/\/www.delc.ch\/wp-content\/uploads\/2026\/09\/Photodynamische-Therapie-1.jpg"},{"@type":"BreadcrumbList","@id":"https:\/\/www.delc.ch\/de\/zuweiser-neu\/dermatologie\/photodynamische-therapie\/#breadcrumb","itemListElement":[{"@type":"ListItem","position":1,"name":"Home","item":"https:\/\/www.delc.ch\/de\/"},{"@type":"ListItem","position":2,"name":"Zuweiser NEU","item":"https:\/\/www.delc.ch\/de\/zuweiser-neu\/"},{"@type":"ListItem","position":3,"name":"Dermatologie \u2013 Zuweiser","item":"https:\/\/www.delc.ch\/de\/zuweiser-neu\/dermatologie\/"},{"@type":"ListItem","position":4,"name":"Photodynamische Therapie"}]},{"@type":"WebSite","@id":"https:\/\/www.delc.ch\/de\/#website","url":"https:\/\/www.delc.ch\/de\/","name":"Clinique Delc","description":"Plastische Chirurgie, Dermatologie, Laser &amp; Venenheilkunde","publisher":{"@id":"https:\/\/www.delc.ch\/de\/#organization"},"potentialAction":[{"@type":"SearchAction","target":{"@type":"EntryPoint","urlTemplate":"https:\/\/www.delc.ch\/de\/?s={search_term_string}"},"query-input":{"@type":"PropertyValueSpecification","valueRequired":true,"valueName":"search_term_string"}}],"inLanguage":"de"},{"@type":"Organization","@id":"https:\/\/www.delc.ch\/de\/#organization","name":"Clinique Delc","url":"https:\/\/www.delc.ch\/de\/","logo":{"@type":"ImageObject","inLanguage":"de","@id":"https:\/\/www.delc.ch\/de\/#\/schema\/logo\/image\/","url":"https:\/\/www.delc.ch\/wp-content\/uploads\/2020\/04\/DELC_Logo.png","contentUrl":"https:\/\/www.delc.ch\/wp-content\/uploads\/2020\/04\/DELC_Logo.png","width":1369,"height":444,"caption":"Clinique Delc"},"image":{"@id":"https:\/\/www.delc.ch\/de\/#\/schema\/logo\/image\/"}}]}},"_links":{"self":[{"href":"https:\/\/www.delc.ch\/de\/wp-json\/wp\/v2\/pages\/29940","targetHints":{"allow":["GET"]}}],"collection":[{"href":"https:\/\/www.delc.ch\/de\/wp-json\/wp\/v2\/pages"}],"about":[{"href":"https:\/\/www.delc.ch\/de\/wp-json\/wp\/v2\/types\/page"}],"author":[{"embeddable":true,"href":"https:\/\/www.delc.ch\/de\/wp-json\/wp\/v2\/users\/3"}],"replies":[{"embeddable":true,"href":"https:\/\/www.delc.ch\/de\/wp-json\/wp\/v2\/comments?post=29940"}],"version-history":[{"count":8,"href":"https:\/\/www.delc.ch\/de\/wp-json\/wp\/v2\/pages\/29940\/revisions"}],"predecessor-version":[{"id":30340,"href":"https:\/\/www.delc.ch\/de\/wp-json\/wp\/v2\/pages\/29940\/revisions\/30340"}],"up":[{"embeddable":true,"href":"https:\/\/www.delc.ch\/de\/wp-json\/wp\/v2\/pages\/29686"}],"wp:attachment":[{"href":"https:\/\/www.delc.ch\/de\/wp-json\/wp\/v2\/media?parent=29940"}],"curies":[{"name":"wp","href":"https:\/\/api.w.org\/{rel}","templated":true}]}}