{"id":29910,"date":"2026-09-03T10:02:00","date_gmt":"2026-09-03T08:02:00","guid":{"rendered":"https:\/\/www.delc.ch\/?page_id=29910"},"modified":"2026-09-03T10:02:42","modified_gmt":"2026-09-03T08:02:42","slug":"lichttherapie","status":"publish","type":"page","link":"https:\/\/www.delc.ch\/de\/zuweiser-neu\/dermatologie\/lichttherapie\/","title":{"rendered":"Lichttherapie"},"content":{"rendered":"\t\t<div data-elementor-type=\"wp-page\" data-elementor-id=\"29910\" class=\"elementor elementor-29910\" data-elementor-post-type=\"page\">\n\t\t\t\t<div class=\"elementor-element elementor-element-097d0b0 e-flex e-con-boxed e-con e-parent\" data-id=\"097d0b0\" data-element_type=\"container\" data-e-type=\"container\">\n\t\t\t\t\t<div class=\"e-con-inner\">\n\t\t<div class=\"elementor-element elementor-element-56ae79f e-con-full e-flex e-con e-child\" data-id=\"56ae79f\" data-element_type=\"container\" data-e-type=\"container\">\n\t\t\t\t<div class=\"elementor-element elementor-element-c6a72b0 elementor-widget elementor-widget-text-editor\" data-id=\"c6a72b0\" data-element_type=\"widget\" data-e-type=\"widget\" data-widget_type=\"text-editor.default\">\n\t\t\t\t<div class=\"elementor-widget-container\">\n\t\t\t\t\t\t\t\t\t<p><span dir=\"auto\" style=\"vertical-align: inherit;\"><span dir=\"auto\" style=\"vertical-align: inherit;\">Light therapy (UVA, UVB, PUVA)<\/span><\/span><\/p>\t\t\t\t\t\t\t\t<\/div>\n\t\t\t\t<\/div>\n\t\t\t\t<div class=\"elementor-element elementor-element-4154338 elementor-widget elementor-widget-image\" data-id=\"4154338\" data-element_type=\"widget\" data-e-type=\"widget\" data-widget_type=\"image.default\">\n\t\t\t\t<div class=\"elementor-widget-container\">\n\t\t\t\t\t\t\t\t\t\t\t\t\t\t\t<img fetchpriority=\"high\" decoding=\"async\" width=\"800\" height=\"466\" src=\"https:\/\/www.delc.ch\/wp-content\/uploads\/2026\/09\/Lichttherapie.jpg\" class=\"attachment-large size-large wp-image-29912\" alt=\"\" srcset=\"https:\/\/www.delc.ch\/wp-content\/uploads\/2026\/09\/Lichttherapie.jpg 800w, https:\/\/www.delc.ch\/wp-content\/uploads\/2026\/09\/Lichttherapie-300x175.jpg 300w, https:\/\/www.delc.ch\/wp-content\/uploads\/2026\/09\/Lichttherapie-768x447.jpg 768w\" sizes=\"(max-width: 800px) 100vw, 800px\" \/>\t\t\t\t\t\t\t\t\t\t\t\t\t\t\t<\/div>\n\t\t\t\t<\/div>\n\t\t\t\t<div class=\"elementor-element elementor-element-6d504da elementor-widget elementor-widget-text-editor\" data-id=\"6d504da\" data-element_type=\"widget\" data-e-type=\"widget\" data-widget_type=\"text-editor.default\">\n\t\t\t\t<div class=\"elementor-widget-container\">\n\t\t\t\t\t\t\t\t\t<p>Die Lichttherapie ist eine bew\u00e4hrte Behandlung chronischer Hauterkrankungen wie Psoriasis, atopische Dermatitis sowie Vitiligo. Sie nutzt die entz\u00fcndungshemmende und antiproliferative Wirkung von UV-Licht, um Hautzellen zu regulieren und die Regeneration zu f\u00f6rdern. UVA, UVB und PUVA werden je nach Erkrankung und Schweregrad individuell eingesetzt.<\/p>\t\t\t\t\t\t\t\t<\/div>\n\t\t\t\t<\/div>\n\t\t\t\t<\/div>\n\t\t\t\t\t<\/div>\n\t\t\t\t<\/div>\n\t\t<div class=\"elementor-element elementor-element-7e59f40 e-flex e-con-boxed e-con e-parent\" data-id=\"7e59f40\" data-element_type=\"container\" data-e-type=\"container\" data-settings=\"{&quot;background_background&quot;:&quot;classic&quot;}\">\n\t\t\t\t\t<div class=\"e-con-inner\">\n\t\t\t\t<div class=\"elementor-element elementor-element-2fe190f elementor-widget elementor-widget-n-accordion\" data-id=\"2fe190f\" data-element_type=\"widget\" data-e-type=\"widget\" data-settings=\"{&quot;default_state&quot;:&quot;all_collapsed&quot;,&quot;max_items_expended&quot;:&quot;one&quot;,&quot;n_accordion_animation_duration&quot;:{&quot;unit&quot;:&quot;ms&quot;,&quot;size&quot;:400,&quot;sizes&quot;:[]}}\" data-widget_type=\"nested-accordion.default\">\n\t\t\t\t<div class=\"elementor-widget-container\">\n\t\t\t\t\t\t\t<div class=\"e-n-accordion\" aria-label=\"Accordion. Open links with Enter or Space, close with Escape, and navigate with Arrow Keys\">\n\t\t\t\t\t\t<details id=\"e-n-accordion-item-5020\" class=\"e-n-accordion-item\" >\n\t\t\t\t<summary class=\"e-n-accordion-item-title\" data-accordion-index=\"1\" tabindex=\"0\" aria-expanded=\"false\" aria-controls=\"e-n-accordion-item-5020\" >\n\t\t\t\t\t<span class='e-n-accordion-item-title-header'><div class=\"e-n-accordion-item-title-text\"> Indikation <\/div><\/span>\n\t\t\t\t\t\t\t<span class='e-n-accordion-item-title-icon'>\n\t\t\t<span class='e-opened' ><i aria-hidden=\"true\" class=\"icon icon-up-arrow1\"><\/i><\/span>\n\t\t\t<span class='e-closed'><i aria-hidden=\"true\" class=\"icon icon-down-arrow1\"><\/i><\/span>\n\t\t<\/span>\n\n\t\t\t\t\t\t<\/summary>\n\t\t\t\t<div role=\"region\" aria-labelledby=\"e-n-accordion-item-5020\" class=\"elementor-element elementor-element-ac253a0 e-con-full e-flex e-con e-child\" data-id=\"ac253a0\" data-element_type=\"container\" data-e-type=\"container\">\n\t\t\t\t<div class=\"elementor-element elementor-element-e65dcde elementor-widget elementor-widget-text-editor\" data-id=\"e65dcde\" data-element_type=\"widget\" data-e-type=\"widget\" data-widget_type=\"text-editor.default\">\n\t\t\t\t<div class=\"elementor-widget-container\">\n\t\t\t\t\t\t\t\t\t<p><span dir=\"auto\" style=\"vertical-align: inherit;\"><span dir=\"auto\" style=\"vertical-align: inherit;\">Phototherapy is indicated for chronic or treatment-resistant skin diseases. UVB (especially NB-UVB) is used for conditions such as psoriasis and atopic dermatitis because it has an anti-inflammatory effect and reduces cell proliferation. The combination of UVA and psoralen (PUVA) is primarily used for advanced psoriasis and vitiligo, as psoralen sensitizes the skin to UVA and thus enhances the effect of UVA irradiation.<\/span><\/span><\/p>\t\t\t\t\t\t\t\t<\/div>\n\t\t\t\t<\/div>\n\t\t\t\t<\/div>\n\t\t\t\t\t<\/details>\n\t\t\t\t\t\t<details id=\"e-n-accordion-item-5021\" class=\"e-n-accordion-item\" >\n\t\t\t\t<summary class=\"e-n-accordion-item-title\" data-accordion-index=\"2\" tabindex=\"-1\" aria-expanded=\"false\" aria-controls=\"e-n-accordion-item-5021\" >\n\t\t\t\t\t<span class='e-n-accordion-item-title-header'><div class=\"e-n-accordion-item-title-text\"> Komplikationen <\/div><\/span>\n\t\t\t\t\t\t\t<span class='e-n-accordion-item-title-icon'>\n\t\t\t<span class='e-opened' ><i aria-hidden=\"true\" class=\"icon icon-up-arrow1\"><\/i><\/span>\n\t\t\t<span class='e-closed'><i aria-hidden=\"true\" class=\"icon icon-down-arrow1\"><\/i><\/span>\n\t\t<\/span>\n\n\t\t\t\t\t\t<\/summary>\n\t\t\t\t<div role=\"region\" aria-labelledby=\"e-n-accordion-item-5021\" class=\"elementor-element elementor-element-42ed05b e-con-full e-flex e-con e-child\" data-id=\"42ed05b\" data-element_type=\"container\" data-e-type=\"container\">\n\t\t\t\t<div class=\"elementor-element elementor-element-5ff4c38 elementor-widget elementor-widget-text-editor\" data-id=\"5ff4c38\" data-element_type=\"widget\" data-e-type=\"widget\" data-widget_type=\"text-editor.default\">\n\t\t\t\t<div class=\"elementor-widget-container\">\n\t\t\t\t\t\t\t\t\t<p><strong>Red Flags:<\/strong> Warnsignale bei der Phototherapie sind \u00fcberm\u00e4ssige R\u00f6tung, Blasenbildung und starke Schmerzen, da diese Anzeichen auf eine m\u00f6gliche \u00dcberdosierung hinweisen k\u00f6nnen. Langfristig kann die Phototherapie, insbesondere PUVA, das Hautkrebsrisiko aufgrund der kumulativen Wirkung erh\u00f6hen, da die intensivere UV-Bestrahlung die Haut sch\u00e4digen und das Risiko f\u00fcr Hautkrebs steigern kann.<\/p>\t\t\t\t\t\t\t\t<\/div>\n\t\t\t\t<\/div>\n\t\t\t\t<\/div>\n\t\t\t\t\t<\/details>\n\t\t\t\t\t\t<details id=\"e-n-accordion-item-5022\" class=\"e-n-accordion-item\" >\n\t\t\t\t<summary class=\"e-n-accordion-item-title\" data-accordion-index=\"3\" tabindex=\"-1\" aria-expanded=\"false\" aria-controls=\"e-n-accordion-item-5022\" >\n\t\t\t\t\t<span class='e-n-accordion-item-title-header'><div class=\"e-n-accordion-item-title-text\"> Verlauf <\/div><\/span>\n\t\t\t\t\t\t\t<span class='e-n-accordion-item-title-icon'>\n\t\t\t<span class='e-opened' ><i aria-hidden=\"true\" class=\"icon icon-up-arrow1\"><\/i><\/span>\n\t\t\t<span class='e-closed'><i aria-hidden=\"true\" class=\"icon icon-down-arrow1\"><\/i><\/span>\n\t\t<\/span>\n\n\t\t\t\t\t\t<\/summary>\n\t\t\t\t<div role=\"region\" aria-labelledby=\"e-n-accordion-item-5022\" class=\"elementor-element elementor-element-025dd63 e-con-full e-flex e-con e-child\" data-id=\"025dd63\" data-element_type=\"container\" data-e-type=\"container\">\n\t\t\t\t<div class=\"elementor-element elementor-element-d9a00ce elementor-widget elementor-widget-text-editor\" data-id=\"d9a00ce\" data-element_type=\"widget\" data-e-type=\"widget\" data-widget_type=\"text-editor.default\">\n\t\t\t\t<div class=\"elementor-widget-container\">\n\t\t\t\t\t\t\t\t\t<p>Vor Beginn der Therapie ist eine dermatologische Untersuchung erforderlich, um die passende UV-Form auszuw\u00e4hlen. Die Kontrolle erfolgt durch eine individuelle Dosierung, regelm\u00e4ssige Hautkontrollen und eine Anpassung der Therapie basierend auf der Reaktion der Haut.<\/p>\t\t\t\t\t\t\t\t<\/div>\n\t\t\t\t<\/div>\n\t\t\t\t<\/div>\n\t\t\t\t\t<\/details>\n\t\t\t\t\t\t<details id=\"e-n-accordion-item-5023\" class=\"e-n-accordion-item\" >\n\t\t\t\t<summary class=\"e-n-accordion-item-title\" data-accordion-index=\"4\" tabindex=\"-1\" aria-expanded=\"false\" aria-controls=\"e-n-accordion-item-5023\" >\n\t\t\t\t\t<span class='e-n-accordion-item-title-header'><div class=\"e-n-accordion-item-title-text\"> Mehrwert f\u00fcr Patient und Zuweiser <\/div><\/span>\n\t\t\t\t\t\t\t<span class='e-n-accordion-item-title-icon'>\n\t\t\t<span class='e-opened' ><i aria-hidden=\"true\" class=\"icon icon-up-arrow1\"><\/i><\/span>\n\t\t\t<span class='e-closed'><i aria-hidden=\"true\" class=\"icon icon-down-arrow1\"><\/i><\/span>\n\t\t<\/span>\n\n\t\t\t\t\t\t<\/summary>\n\t\t\t\t<div role=\"region\" aria-labelledby=\"e-n-accordion-item-5023\" class=\"elementor-element elementor-element-3988a66 e-con-full e-flex e-con e-child\" data-id=\"3988a66\" data-element_type=\"container\" data-e-type=\"container\">\n\t\t\t\t<div class=\"elementor-element elementor-element-dafb446 elementor-widget elementor-widget-text-editor\" data-id=\"dafb446\" data-element_type=\"widget\" data-e-type=\"widget\" data-widget_type=\"text-editor.default\">\n\t\t\t\t<div class=\"elementor-widget-container\">\n\t\t\t\t\t\t\t\t\t<p>Die Phototherapie ist eine effektive Option bei chronischen, schwer behandelbaren Hauterkrankungen. Sie verbessert die Symptome, steigert die Lebensqualit\u00e4t der Patient:innen und bietet den Zuweisern eine effiziente Behandlungsalternative, insbesondere f\u00fcr F\u00e4lle, die mit anderen Therapieans\u00e4tzen schwer zu kontrollieren sind.<\/p>\t\t\t\t\t\t\t\t<\/div>\n\t\t\t\t<\/div>\n\t\t\t\t<\/div>\n\t\t\t\t\t<\/details>\n\t\t\t\t\t\t<details id=\"e-n-accordion-item-5024\" class=\"e-n-accordion-item\" >\n\t\t\t\t<summary class=\"e-n-accordion-item-title\" data-accordion-index=\"5\" tabindex=\"-1\" aria-expanded=\"false\" aria-controls=\"e-n-accordion-item-5024\" >\n\t\t\t\t\t<span class='e-n-accordion-item-title-header'><div class=\"e-n-accordion-item-title-text\"> Abschluss <\/div><\/span>\n\t\t\t\t\t\t\t<span class='e-n-accordion-item-title-icon'>\n\t\t\t<span class='e-opened' ><i aria-hidden=\"true\" class=\"icon icon-up-arrow1\"><\/i><\/span>\n\t\t\t<span class='e-closed'><i aria-hidden=\"true\" class=\"icon icon-down-arrow1\"><\/i><\/span>\n\t\t<\/span>\n\n\t\t\t\t\t\t<\/summary>\n\t\t\t\t<div role=\"region\" aria-labelledby=\"e-n-accordion-item-5024\" class=\"elementor-element elementor-element-0c6767c e-con-full e-flex e-con e-child\" data-id=\"0c6767c\" data-element_type=\"container\" data-e-type=\"container\">\n\t\t\t\t<div class=\"elementor-element elementor-element-26ca70f elementor-widget elementor-widget-text-editor\" data-id=\"26ca70f\" data-element_type=\"widget\" data-e-type=\"widget\" data-widget_type=\"text-editor.default\">\n\t\t\t\t<div class=\"elementor-widget-container\">\n\t\t\t\t\t\t\t\t\t<p>Die Lichttherapie ist eine wertvolle, individualisierte Behandlungsoption, die antiproliferative, antiinflammatorische und immunmodulierende Wirkungen hat. Sie eignet sich besonders gut als \u00dcbergangstherapie, um den Hautbefund zu stabilisieren und Symptome zu lindern.<\/p>\t\t\t\t\t\t\t\t<\/div>\n\t\t\t\t<\/div>\n\t\t\t\t<\/div>\n\t\t\t\t\t<\/details>\n\t\t\t\t\t<\/div>\n\t\t\t\t\t\t<\/div>\n\t\t\t\t<\/div>\n\t\t\t\t\t<\/div>\n\t\t\t\t<\/div>\n\t\t\t\t<\/div>\n\t\t\n    <div class=\"xs_social_share_widget xs_share_url after_content \t\tmain_content  wslu-style-1 wslu-share-box-shaped wslu-fill-colored wslu-none wslu-share-horizontal wslu-theme-font-no wslu-main_content\">\n\n\t\t\n        <ul>\n\t\t\t        <\/ul>\n    <\/div> \n","protected":false},"excerpt":{"rendered":"<p>Light therapy (UVA, UVB, PUVA) Die Lichttherapie ist eine bew\u00e4hrte Behandlung chronischer Hauterkrankungen wie Psoriasis, atopische Dermatitis sowie Vitiligo. Sie nutzt die entz\u00fcndungshemmende und antiproliferative Wirkung von UV-Licht, um Hautzellen zu regulieren und die Regeneration zu f\u00f6rdern. UVA, UVB und PUVA werden je nach Erkrankung und Schweregrad individuell eingesetzt. Indikation Phototherapy is indicated for chronic [&hellip;]<\/p>\n","protected":false},"author":3,"featured_media":0,"parent":29686,"menu_order":0,"comment_status":"closed","ping_status":"closed","template":"elementor_header_footer","meta":{"postBodyCss":"","postBodyMargin":[],"postBodyPadding":[],"postBodyBackground":{"backgroundType":"classic","gradient":""},"footnotes":""},"class_list":["post-29910","page","type-page","status-publish","hentry"],"yoast_head":"<!-- This site is optimized with the Yoast SEO plugin v28.4 - https:\/\/yoast.com\/product\/yoast-seo-wordpress\/ -->\n<title>Lichttherapie - Clinique Delc<\/title>\n<meta name=\"robots\" content=\"noindex, follow\" \/>\n<meta property=\"og:locale\" content=\"de_DE\" \/>\n<meta property=\"og:type\" content=\"article\" \/>\n<meta property=\"og:title\" content=\"Lichttherapie - Clinique Delc\" \/>\n<meta property=\"og:description\" content=\"Light therapy (UVA, UVB, PUVA) Die Lichttherapie ist eine bew\u00e4hrte Behandlung chronischer Hauterkrankungen wie Psoriasis, atopische Dermatitis sowie Vitiligo. Sie nutzt die entz\u00fcndungshemmende und antiproliferative Wirkung von UV-Licht, um Hautzellen zu regulieren und die Regeneration zu f\u00f6rdern. UVA, UVB und PUVA werden je nach Erkrankung und Schweregrad individuell eingesetzt. Indikation Phototherapy is indicated for chronic [&hellip;]\" \/>\n<meta property=\"og:url\" content=\"https:\/\/www.delc.ch\/de\/zuweiser-neu\/dermatologie\/lichttherapie\/\" \/>\n<meta property=\"og:site_name\" content=\"Clinique Delc\" \/>\n<meta property=\"article:modified_time\" content=\"2026-09-03T08:02:42+00:00\" \/>\n<meta property=\"og:image\" content=\"https:\/\/www.delc.ch\/wp-content\/uploads\/2026\/09\/Lichttherapie.jpg\" \/>\n\t<meta property=\"og:image:width\" content=\"800\" \/>\n\t<meta property=\"og:image:height\" content=\"466\" \/>\n\t<meta property=\"og:image:type\" content=\"image\/jpeg\" \/>\n<meta name=\"twitter:card\" content=\"summary_large_image\" \/>\n<meta name=\"twitter:label1\" content=\"Gesch\u00e4tzte Lesezeit\" \/>\n\t<meta name=\"twitter:data1\" content=\"3\u00a0Minuten\" \/>\n<script type=\"application\/ld+json\" class=\"yoast-schema-graph\">{\"@context\":\"https:\\\/\\\/schema.org\",\"@graph\":[{\"@type\":\"WebPage\",\"@id\":\"https:\\\/\\\/www.delc.ch\\\/de\\\/zuweiser-neu\\\/dermatologie\\\/lichttherapie\\\/\",\"url\":\"https:\\\/\\\/www.delc.ch\\\/de\\\/zuweiser-neu\\\/dermatologie\\\/lichttherapie\\\/\",\"name\":\"Lichttherapie - Clinique Delc\",\"isPartOf\":{\"@id\":\"https:\\\/\\\/www.delc.ch\\\/de\\\/#website\"},\"primaryImageOfPage\":{\"@id\":\"https:\\\/\\\/www.delc.ch\\\/de\\\/zuweiser-neu\\\/dermatologie\\\/lichttherapie\\\/#primaryimage\"},\"image\":{\"@id\":\"https:\\\/\\\/www.delc.ch\\\/de\\\/zuweiser-neu\\\/dermatologie\\\/lichttherapie\\\/#primaryimage\"},\"thumbnailUrl\":\"https:\\\/\\\/www.delc.ch\\\/wp-content\\\/uploads\\\/2026\\\/09\\\/Lichttherapie.jpg\",\"datePublished\":\"2026-09-03T08:02:00+00:00\",\"dateModified\":\"2026-09-03T08:02:42+00:00\",\"breadcrumb\":{\"@id\":\"https:\\\/\\\/www.delc.ch\\\/de\\\/zuweiser-neu\\\/dermatologie\\\/lichttherapie\\\/#breadcrumb\"},\"inLanguage\":\"de\",\"potentialAction\":[{\"@type\":\"ReadAction\",\"target\":[\"https:\\\/\\\/www.delc.ch\\\/de\\\/zuweiser-neu\\\/dermatologie\\\/lichttherapie\\\/\"]}]},{\"@type\":\"ImageObject\",\"inLanguage\":\"de\",\"@id\":\"https:\\\/\\\/www.delc.ch\\\/de\\\/zuweiser-neu\\\/dermatologie\\\/lichttherapie\\\/#primaryimage\",\"url\":\"https:\\\/\\\/www.delc.ch\\\/wp-content\\\/uploads\\\/2026\\\/09\\\/Lichttherapie.jpg\",\"contentUrl\":\"https:\\\/\\\/www.delc.ch\\\/wp-content\\\/uploads\\\/2026\\\/09\\\/Lichttherapie.jpg\"},{\"@type\":\"BreadcrumbList\",\"@id\":\"https:\\\/\\\/www.delc.ch\\\/de\\\/zuweiser-neu\\\/dermatologie\\\/lichttherapie\\\/#breadcrumb\",\"itemListElement\":[{\"@type\":\"ListItem\",\"position\":1,\"name\":\"Home\",\"item\":\"https:\\\/\\\/www.delc.ch\\\/de\\\/\"},{\"@type\":\"ListItem\",\"position\":2,\"name\":\"Zuweiser NEU\",\"item\":\"https:\\\/\\\/www.delc.ch\\\/de\\\/zuweiser-neu\\\/\"},{\"@type\":\"ListItem\",\"position\":3,\"name\":\"Dermatologie \u2013 Zuweiser\",\"item\":\"https:\\\/\\\/www.delc.ch\\\/de\\\/zuweiser-neu\\\/dermatologie\\\/\"},{\"@type\":\"ListItem\",\"position\":4,\"name\":\"Lichttherapie\"}]},{\"@type\":\"WebSite\",\"@id\":\"https:\\\/\\\/www.delc.ch\\\/de\\\/#website\",\"url\":\"https:\\\/\\\/www.delc.ch\\\/de\\\/\",\"name\":\"Clinique Delc\",\"description\":\"Plastische Chirurgie, Dermatologie, Laser &amp; Venenheilkunde\",\"publisher\":{\"@id\":\"https:\\\/\\\/www.delc.ch\\\/de\\\/#organization\"},\"potentialAction\":[{\"@type\":\"SearchAction\",\"target\":{\"@type\":\"EntryPoint\",\"urlTemplate\":\"https:\\\/\\\/www.delc.ch\\\/de\\\/?s={search_term_string}\"},\"query-input\":{\"@type\":\"PropertyValueSpecification\",\"valueRequired\":true,\"valueName\":\"search_term_string\"}}],\"inLanguage\":\"de\"},{\"@type\":\"Organization\",\"@id\":\"https:\\\/\\\/www.delc.ch\\\/de\\\/#organization\",\"name\":\"Clinique Delc\",\"url\":\"https:\\\/\\\/www.delc.ch\\\/de\\\/\",\"logo\":{\"@type\":\"ImageObject\",\"inLanguage\":\"de\",\"@id\":\"https:\\\/\\\/www.delc.ch\\\/de\\\/#\\\/schema\\\/logo\\\/image\\\/\",\"url\":\"https:\\\/\\\/www.delc.ch\\\/wp-content\\\/uploads\\\/2020\\\/04\\\/DELC_Logo.png\",\"contentUrl\":\"https:\\\/\\\/www.delc.ch\\\/wp-content\\\/uploads\\\/2020\\\/04\\\/DELC_Logo.png\",\"width\":1369,\"height\":444,\"caption\":\"Clinique Delc\"},\"image\":{\"@id\":\"https:\\\/\\\/www.delc.ch\\\/de\\\/#\\\/schema\\\/logo\\\/image\\\/\"}}]}<\/script>\n<!-- \/ Yoast SEO plugin. -->","yoast_head_json":{"title":"Lichttherapie - Clinique Delc","robots":{"index":"noindex","follow":"follow"},"og_locale":"de_DE","og_type":"article","og_title":"Lichttherapie - Clinique Delc","og_description":"Light therapy (UVA, UVB, PUVA) Die Lichttherapie ist eine bew\u00e4hrte Behandlung chronischer Hauterkrankungen wie Psoriasis, atopische Dermatitis sowie Vitiligo. Sie nutzt die entz\u00fcndungshemmende und antiproliferative Wirkung von UV-Licht, um Hautzellen zu regulieren und die Regeneration zu f\u00f6rdern. UVA, UVB und PUVA werden je nach Erkrankung und Schweregrad individuell eingesetzt. Indikation Phototherapy is indicated for chronic [&hellip;]","og_url":"https:\/\/www.delc.ch\/de\/zuweiser-neu\/dermatologie\/lichttherapie\/","og_site_name":"Clinique Delc","article_modified_time":"2026-09-03T08:02:42+00:00","og_image":[{"width":800,"height":466,"url":"https:\/\/www.delc.ch\/wp-content\/uploads\/2026\/09\/Lichttherapie.jpg","type":"image\/jpeg"}],"twitter_card":"summary_large_image","twitter_misc":{"Gesch\u00e4tzte Lesezeit":"3\u00a0Minuten"},"schema":{"@context":"https:\/\/schema.org","@graph":[{"@type":"WebPage","@id":"https:\/\/www.delc.ch\/de\/zuweiser-neu\/dermatologie\/lichttherapie\/","url":"https:\/\/www.delc.ch\/de\/zuweiser-neu\/dermatologie\/lichttherapie\/","name":"Lichttherapie - Clinique Delc","isPartOf":{"@id":"https:\/\/www.delc.ch\/de\/#website"},"primaryImageOfPage":{"@id":"https:\/\/www.delc.ch\/de\/zuweiser-neu\/dermatologie\/lichttherapie\/#primaryimage"},"image":{"@id":"https:\/\/www.delc.ch\/de\/zuweiser-neu\/dermatologie\/lichttherapie\/#primaryimage"},"thumbnailUrl":"https:\/\/www.delc.ch\/wp-content\/uploads\/2026\/09\/Lichttherapie.jpg","datePublished":"2026-09-03T08:02:00+00:00","dateModified":"2026-09-03T08:02:42+00:00","breadcrumb":{"@id":"https:\/\/www.delc.ch\/de\/zuweiser-neu\/dermatologie\/lichttherapie\/#breadcrumb"},"inLanguage":"de","potentialAction":[{"@type":"ReadAction","target":["https:\/\/www.delc.ch\/de\/zuweiser-neu\/dermatologie\/lichttherapie\/"]}]},{"@type":"ImageObject","inLanguage":"de","@id":"https:\/\/www.delc.ch\/de\/zuweiser-neu\/dermatologie\/lichttherapie\/#primaryimage","url":"https:\/\/www.delc.ch\/wp-content\/uploads\/2026\/09\/Lichttherapie.jpg","contentUrl":"https:\/\/www.delc.ch\/wp-content\/uploads\/2026\/09\/Lichttherapie.jpg"},{"@type":"BreadcrumbList","@id":"https:\/\/www.delc.ch\/de\/zuweiser-neu\/dermatologie\/lichttherapie\/#breadcrumb","itemListElement":[{"@type":"ListItem","position":1,"name":"Home","item":"https:\/\/www.delc.ch\/de\/"},{"@type":"ListItem","position":2,"name":"Zuweiser NEU","item":"https:\/\/www.delc.ch\/de\/zuweiser-neu\/"},{"@type":"ListItem","position":3,"name":"Dermatologie \u2013 Zuweiser","item":"https:\/\/www.delc.ch\/de\/zuweiser-neu\/dermatologie\/"},{"@type":"ListItem","position":4,"name":"Lichttherapie"}]},{"@type":"WebSite","@id":"https:\/\/www.delc.ch\/de\/#website","url":"https:\/\/www.delc.ch\/de\/","name":"Clinique Delc","description":"Plastische Chirurgie, Dermatologie, Laser &amp; Venenheilkunde","publisher":{"@id":"https:\/\/www.delc.ch\/de\/#organization"},"potentialAction":[{"@type":"SearchAction","target":{"@type":"EntryPoint","urlTemplate":"https:\/\/www.delc.ch\/de\/?s={search_term_string}"},"query-input":{"@type":"PropertyValueSpecification","valueRequired":true,"valueName":"search_term_string"}}],"inLanguage":"de"},{"@type":"Organization","@id":"https:\/\/www.delc.ch\/de\/#organization","name":"Clinique Delc","url":"https:\/\/www.delc.ch\/de\/","logo":{"@type":"ImageObject","inLanguage":"de","@id":"https:\/\/www.delc.ch\/de\/#\/schema\/logo\/image\/","url":"https:\/\/www.delc.ch\/wp-content\/uploads\/2020\/04\/DELC_Logo.png","contentUrl":"https:\/\/www.delc.ch\/wp-content\/uploads\/2020\/04\/DELC_Logo.png","width":1369,"height":444,"caption":"Clinique Delc"},"image":{"@id":"https:\/\/www.delc.ch\/de\/#\/schema\/logo\/image\/"}}]}},"_links":{"self":[{"href":"https:\/\/www.delc.ch\/de\/wp-json\/wp\/v2\/pages\/29910","targetHints":{"allow":["GET"]}}],"collection":[{"href":"https:\/\/www.delc.ch\/de\/wp-json\/wp\/v2\/pages"}],"about":[{"href":"https:\/\/www.delc.ch\/de\/wp-json\/wp\/v2\/types\/page"}],"author":[{"embeddable":true,"href":"https:\/\/www.delc.ch\/de\/wp-json\/wp\/v2\/users\/3"}],"replies":[{"embeddable":true,"href":"https:\/\/www.delc.ch\/de\/wp-json\/wp\/v2\/comments?post=29910"}],"version-history":[{"count":8,"href":"https:\/\/www.delc.ch\/de\/wp-json\/wp\/v2\/pages\/29910\/revisions"}],"predecessor-version":[{"id":30328,"href":"https:\/\/www.delc.ch\/de\/wp-json\/wp\/v2\/pages\/29910\/revisions\/30328"}],"up":[{"embeddable":true,"href":"https:\/\/www.delc.ch\/de\/wp-json\/wp\/v2\/pages\/29686"}],"wp:attachment":[{"href":"https:\/\/www.delc.ch\/de\/wp-json\/wp\/v2\/media?parent=29910"}],"curies":[{"name":"wp","href":"https:\/\/api.w.org\/{rel}","templated":true}]}}