{"id":29862,"date":"2026-09-03T09:50:32","date_gmt":"2026-09-03T07:50:32","guid":{"rendered":"https:\/\/www.delc.ch\/?page_id=29862"},"modified":"2026-09-03T09:50:32","modified_gmt":"2026-09-03T07:50:32","slug":"haarerkrankungen","status":"publish","type":"page","link":"https:\/\/www.delc.ch\/de\/zuweiser-neu\/dermatologie\/haarerkrankungen\/","title":{"rendered":"Haarerkrankungen"},"content":{"rendered":"\t\t<div data-elementor-type=\"wp-page\" data-elementor-id=\"29862\" class=\"elementor elementor-29862\" data-elementor-post-type=\"page\">\n\t\t\t\t<div class=\"elementor-element elementor-element-6950acb e-flex e-con-boxed e-con e-parent\" data-id=\"6950acb\" data-element_type=\"container\" data-e-type=\"container\">\n\t\t\t\t\t<div class=\"e-con-inner\">\n\t\t<div class=\"elementor-element elementor-element-6cae02b e-con-full e-flex e-con e-child\" data-id=\"6cae02b\" data-element_type=\"container\" data-e-type=\"container\">\n\t\t\t\t<div class=\"elementor-element elementor-element-60309af elementor-widget elementor-widget-text-editor\" data-id=\"60309af\" data-element_type=\"widget\" data-e-type=\"widget\" data-widget_type=\"text-editor.default\">\n\t\t\t\t<div class=\"elementor-widget-container\">\n\t\t\t\t\t\t\t\t\t<p>Haarerkrankungen: Differenzierte Diagnostik und moderne Therapieans\u00e4tze<\/p>\t\t\t\t\t\t\t\t<\/div>\n\t\t\t\t<\/div>\n\t\t\t\t<div class=\"elementor-element elementor-element-6a898b1 elementor-widget elementor-widget-image\" data-id=\"6a898b1\" data-element_type=\"widget\" data-e-type=\"widget\" data-widget_type=\"image.default\">\n\t\t\t\t<div class=\"elementor-widget-container\">\n\t\t\t\t\t\t\t\t\t\t\t\t\t\t\t<img fetchpriority=\"high\" decoding=\"async\" width=\"800\" height=\"466\" src=\"https:\/\/www.delc.ch\/wp-content\/uploads\/2026\/09\/Haarerkrankungen.jpg\" class=\"attachment-large size-large wp-image-29864\" alt=\"\" srcset=\"https:\/\/www.delc.ch\/wp-content\/uploads\/2026\/09\/Haarerkrankungen.jpg 800w, https:\/\/www.delc.ch\/wp-content\/uploads\/2026\/09\/Haarerkrankungen-300x175.jpg 300w, https:\/\/www.delc.ch\/wp-content\/uploads\/2026\/09\/Haarerkrankungen-768x447.jpg 768w\" sizes=\"(max-width: 800px) 100vw, 800px\" \/>\t\t\t\t\t\t\t\t\t\t\t\t\t\t\t<\/div>\n\t\t\t\t<\/div>\n\t\t\t\t<div class=\"elementor-element elementor-element-4c597c3 elementor-widget elementor-widget-text-editor\" data-id=\"4c597c3\" data-element_type=\"widget\" data-e-type=\"widget\" data-widget_type=\"text-editor.default\">\n\t\t\t\t<div class=\"elementor-widget-container\">\n\t\t\t\t\t\t\t\t\t<p>Haarerkrankungen sind sehr vielf\u00e4ltig. Sie k\u00f6nnen zu Haarausfall, Haarverlust, und Kopfhautprobleme (Juckreiz, Schuppen, Schuppen, oder R\u00f6tungen) verursachen. Die Ursachen k\u00f6nnen vielfaltig sein: von genetischen Faktoren, Stress, hormonellen Schwankungen, bis hin zu Autoimmunerkrankungen, Infektionen und \u00e4usseren Einfl\u00fcssen wie Haarstyling reichen.<\/p><p>Lokalisierte oder diffuse Haarausf\u00e4lle, auch Alopezien bezeichnet, stellen ein heterogenes Krankheitsbild mit manchmal einer erheblichen psychosozialen Belastung dar. Die korrekte Evaluation einer Alopezie ist sehr wichtig und umfasst eine detaillierte Anamnese und medizinische Untersuchung. Gegebenenfalls sind auch diagnostischen Verfahren (wie ein Trichogramm, eine Hautstanze) und Blutuntersuchungen (z.B. Analysder Schilddr\u00fcsenfunktionon, der Eisenreserve, und oder Bestimmung der Hormone) hilfreich oder notwendig, um die Ursache genau zu identifizieren.<\/p><p>Eine Differenzierung zwischen nicht vernarbenden (zum Beispiel, androgenetische Alopezie, telogenes Effluvium, Alopecia areata,) und vernarbenden Formen (zum Beispiel. Lichen planopilaris und frontal fibrosierende Alopezie) ist essenziell, da nur erstere potenziell reversibel sind und um die notwendigen Behandlungsoptionen zu bestimmen.<\/p>\t\t\t\t\t\t\t\t<\/div>\n\t\t\t\t<\/div>\n\t\t\t\t<\/div>\n\t\t\t\t\t<\/div>\n\t\t\t\t<\/div>\n\t\t<div class=\"elementor-element elementor-element-fdea40b e-flex e-con-boxed e-con e-parent\" data-id=\"fdea40b\" data-element_type=\"container\" data-e-type=\"container\" data-settings=\"{&quot;background_background&quot;:&quot;classic&quot;}\">\n\t\t\t\t\t<div class=\"e-con-inner\">\n\t\t\t\t<div class=\"elementor-element elementor-element-05ec3cd elementor-widget elementor-widget-n-accordion\" data-id=\"05ec3cd\" data-element_type=\"widget\" data-e-type=\"widget\" data-settings=\"{&quot;default_state&quot;:&quot;all_collapsed&quot;,&quot;max_items_expended&quot;:&quot;one&quot;,&quot;n_accordion_animation_duration&quot;:{&quot;unit&quot;:&quot;ms&quot;,&quot;size&quot;:400,&quot;sizes&quot;:[]}}\" data-widget_type=\"nested-accordion.default\">\n\t\t\t\t<div class=\"elementor-widget-container\">\n\t\t\t\t\t\t\t<div class=\"e-n-accordion\" aria-label=\"Accordion. Open links with Enter or Space, close with Escape, and navigate with Arrow Keys\">\n\t\t\t\t\t\t<details id=\"e-n-accordion-item-6210\" class=\"e-n-accordion-item\" >\n\t\t\t\t<summary class=\"e-n-accordion-item-title\" data-accordion-index=\"1\" tabindex=\"0\" aria-expanded=\"false\" aria-controls=\"e-n-accordion-item-6210\" >\n\t\t\t\t\t<span class='e-n-accordion-item-title-header'><div class=\"e-n-accordion-item-title-text\"> Diagnostik und klinische Zeichen <\/div><\/span>\n\t\t\t\t\t\t\t<span class='e-n-accordion-item-title-icon'>\n\t\t\t<span class='e-opened' ><i aria-hidden=\"true\" class=\"icon icon-up-arrow1\"><\/i><\/span>\n\t\t\t<span class='e-closed'><i aria-hidden=\"true\" class=\"icon icon-down-arrow1\"><\/i><\/span>\n\t\t<\/span>\n\n\t\t\t\t\t\t<\/summary>\n\t\t\t\t<div role=\"region\" aria-labelledby=\"e-n-accordion-item-6210\" class=\"elementor-element elementor-element-99d8312 e-con-full e-flex e-con e-child\" data-id=\"99d8312\" data-element_type=\"container\" data-e-type=\"container\">\n\t\t\t\t<div class=\"elementor-element elementor-element-e24e260 elementor-widget elementor-widget-text-editor\" data-id=\"e24e260\" data-element_type=\"widget\" data-e-type=\"widget\" data-widget_type=\"text-editor.default\">\n\t\t\t\t<div class=\"elementor-widget-container\">\n\t\t\t\t\t\t\t\t\t<p><span dir=\"auto\" style=\"vertical-align: inherit;\"><span dir=\"auto\" style=\"vertical-align: inherit;\">The diagnostic workup is based on clinical examination and trichoscopy using manual or digital dermatoscopy. Additionally, a digital trichogram (Tricoscale\u00ae) can be performed, which analyzes parameters such as the anagen (hair growth) to telogen (hair shedding) ratio, hair density, and follicle count.<\/span><\/span><\/p><p><span dir=\"auto\" style=\"vertical-align: inherit;\"><span dir=\"auto\" style=\"vertical-align: inherit;\">This requires two appointments 48 hours apart; a coin-sized area is first shaved and then dyed before the software digitally analyzes the data.<\/span><\/span><\/p><p><span dir=\"auto\" style=\"vertical-align: inherit;\"><span dir=\"auto\" style=\"vertical-align: inherit;\">In cases of unclear or scarring alopecia, a punch biopsy in the direction of hair growth is also indicated, ideally from the active edge of the lesion, in order to obtain representative material.<\/span><\/span><\/p>\t\t\t\t\t\t\t\t<\/div>\n\t\t\t\t<\/div>\n\t\t\t\t<\/div>\n\t\t\t\t\t<\/details>\n\t\t\t\t\t\t<details id=\"e-n-accordion-item-6211\" class=\"e-n-accordion-item\" >\n\t\t\t\t<summary class=\"e-n-accordion-item-title\" data-accordion-index=\"2\" tabindex=\"-1\" aria-expanded=\"false\" aria-controls=\"e-n-accordion-item-6211\" >\n\t\t\t\t\t<span class='e-n-accordion-item-title-header'><div class=\"e-n-accordion-item-title-text\"> H\u00e4ufige Diagnosen <\/div><\/span>\n\t\t\t\t\t\t\t<span class='e-n-accordion-item-title-icon'>\n\t\t\t<span class='e-opened' ><i aria-hidden=\"true\" class=\"icon icon-up-arrow1\"><\/i><\/span>\n\t\t\t<span class='e-closed'><i aria-hidden=\"true\" class=\"icon icon-down-arrow1\"><\/i><\/span>\n\t\t<\/span>\n\n\t\t\t\t\t\t<\/summary>\n\t\t\t\t<div role=\"region\" aria-labelledby=\"e-n-accordion-item-6211\" class=\"elementor-element elementor-element-dca3bc4 e-con-full e-flex e-con e-child\" data-id=\"dca3bc4\" data-element_type=\"container\" data-e-type=\"container\">\n\t\t\t\t<div class=\"elementor-element elementor-element-f7de85c elementor-widget elementor-widget-text-editor\" data-id=\"f7de85c\" data-element_type=\"widget\" data-e-type=\"widget\" data-widget_type=\"text-editor.default\">\n\t\t\t\t<div class=\"elementor-widget-container\">\n\t\t\t\t\t\t\t\t\t<p><strong>Alopecia areata (AA)<\/strong><\/p><p>Autoimmun bedingte, nicht vernarbende Alopezie mit umschriebenen, haarlosen Arealen. Assoziationen mit anderen Autoimmunerkrankungen (Thyreoiditis, Z\u00f6liakie) sind h\u00e4ufig.<\/p><p>Trichoskopisch finden sich Exclamation mark hairs und sp\u00e4ter yellow dots. keine entz\u00fcndliche Komponente.<\/p><p><strong>Therapie:<\/strong> bei lokalisierten Formen intralesionale oder topische Kortikosteroide; bei rasch progredienten oder ausgedehnten Verl\u00e4ufen systemische Steroide, Ciclosporin, Methotrexat oder JAK-Inhibitoren (off label) unter engmaschiger Kontrolle.<\/p><p><strong>\u00a0<\/strong><\/p><p><strong>Androgenetische Alopezie (AGA)<\/strong><\/p><p>Hormonell-genetisch bedingter, nicht vernarbender Haarausfall mit fronto-parietalem Muster (M\u00e4nner: Norwood-Hamilton, Frauen: Ludwig). Trichoskopisch: Miniaturisierung der Follikel, verminderte Haardichte, Reduktion der terminalen Haare pro Follikeleinheit.<\/p><p><strong>Therapie:<\/strong> topisches Minoxidil 5 %, topisches Finasterid (off label); systemisch Finasterid 1 mg\/d oder Dutasterid 0.5 mg\/d (off label), bei Frauen nach Menopause auch Spironolacton. Erg\u00e4nzend PRP (platelet-rich plasma) als stimulierende Zusatztherapie.<\/p><p>\u00a0<\/p><p><strong>Telogenes Effluvium (TE)<\/strong><\/p><p>Diffuser Haarausfall 2\u20134 Monate nach einem Trigger (Operation, Crash-Di\u00e4t, Infekt, Stress, Hormonver\u00e4nderung, post partum, An\u00e4mie).<\/p><p><strong>Therapie:<\/strong> kausale Behandlung, Optimierung der Mikron\u00e4hrstoffe (Ferritin, Vitamin D, B12, Zink), ggf. unterst\u00fctzend topisches oder niedrig dosiertes orales Minoxidil sowie PRP.<\/p><p>\u00a0<\/p><p><strong>Lichen planopilaris (LPP) und frontal fibrosierende Alopezie (FFA)<\/strong><\/p><p><strong>Vernarbende Alopezien mit entz\u00fcndlicher Follikeldestruktion.<\/strong><\/p><p><strong>Klinisch:<\/strong> perifollikul\u00e4re R\u00f6tung und Schuppung, gl\u00e4nzende atrophe Areale. FFA zeigt typischerweise ein langsames Zur\u00fcckweichen der fronto-temporalen Haarlinie, h\u00e4ufig mit Verlust der Augenbrauen und in Einzelf\u00e4llen der Bart- oder K\u00f6rperhaare. Typisch sind noch lonely hairs, verbleibende einzelne Haare in Atrophie Zonen.<\/p><p><strong>Trichoskopisch:<\/strong> perifollikul\u00e4re Hyperkeratosen, erythemat\u00f6ser Saum, Verlust der Follikel\u00f6ffnungen.<\/p>\t\t\t\t\t\t\t\t<\/div>\n\t\t\t\t<\/div>\n\t\t\t\t<\/div>\n\t\t\t\t\t<\/details>\n\t\t\t\t\t\t<details id=\"e-n-accordion-item-6212\" class=\"e-n-accordion-item\" >\n\t\t\t\t<summary class=\"e-n-accordion-item-title\" data-accordion-index=\"3\" tabindex=\"-1\" aria-expanded=\"false\" aria-controls=\"e-n-accordion-item-6212\" >\n\t\t\t\t\t<span class='e-n-accordion-item-title-header'><div class=\"e-n-accordion-item-title-text\"> Therapie <\/div><\/span>\n\t\t\t\t\t\t\t<span class='e-n-accordion-item-title-icon'>\n\t\t\t<span class='e-opened' ><i aria-hidden=\"true\" class=\"icon icon-up-arrow1\"><\/i><\/span>\n\t\t\t<span class='e-closed'><i aria-hidden=\"true\" class=\"icon icon-down-arrow1\"><\/i><\/span>\n\t\t<\/span>\n\n\t\t\t\t\t\t<\/summary>\n\t\t\t\t<div role=\"region\" aria-labelledby=\"e-n-accordion-item-6212\" class=\"elementor-element elementor-element-b6bf5ac e-con-full e-flex e-con e-child\" data-id=\"b6bf5ac\" data-element_type=\"container\" data-e-type=\"container\">\n\t\t\t\t<div class=\"elementor-element elementor-element-9a72df7 elementor-widget elementor-widget-text-editor\" data-id=\"9a72df7\" data-element_type=\"widget\" data-e-type=\"widget\" data-widget_type=\"text-editor.default\">\n\t\t\t\t<div class=\"elementor-widget-container\">\n\t\t\t\t\t\t\t\t\t<p><strong>Lokal:<\/strong> potente Kortikosteroid-Tinkturen (z. B. Triamcinolon 0.2 %, Betamethason, Clobetasol), Calcineurin-Inhibitoren.<\/p><p><strong>Intral\u00e4sional:<\/strong> Triamcinolon-Acetonid-Injektionen (begrenzter Erfolg).<\/p><p><strong>Systemisch:<\/strong> Hydroxychloroquin, Retinoide (Acitretin), Finasterid oder Dutasterid (off label, v.a. postmenopausal).<\/p><p>Ziel ist die Krankheitsstabilisierung, da bereits vernarbte Areale irreversibel sind.<\/p>\t\t\t\t\t\t\t\t<\/div>\n\t\t\t\t<\/div>\n\t\t\t\t<\/div>\n\t\t\t\t\t<\/details>\n\t\t\t\t\t\t<details id=\"e-n-accordion-item-6213\" class=\"e-n-accordion-item\" >\n\t\t\t\t<summary class=\"e-n-accordion-item-title\" data-accordion-index=\"4\" tabindex=\"-1\" aria-expanded=\"false\" aria-controls=\"e-n-accordion-item-6213\" >\n\t\t\t\t\t<span class='e-n-accordion-item-title-header'><div class=\"e-n-accordion-item-title-text\"> Weitere relevante Differenzialdiagnosen <\/div><\/span>\n\t\t\t\t\t\t\t<span class='e-n-accordion-item-title-icon'>\n\t\t\t<span class='e-opened' ><i aria-hidden=\"true\" class=\"icon icon-up-arrow1\"><\/i><\/span>\n\t\t\t<span class='e-closed'><i aria-hidden=\"true\" class=\"icon icon-down-arrow1\"><\/i><\/span>\n\t\t<\/span>\n\n\t\t\t\t\t\t<\/summary>\n\t\t\t\t<div role=\"region\" aria-labelledby=\"e-n-accordion-item-6213\" class=\"elementor-element elementor-element-44f4901 e-con-full e-flex e-con e-child\" data-id=\"44f4901\" data-element_type=\"container\" data-e-type=\"container\">\n\t\t\t\t<div class=\"elementor-element elementor-element-e292291 elementor-widget elementor-widget-text-editor\" data-id=\"e292291\" data-element_type=\"widget\" data-e-type=\"widget\" data-widget_type=\"text-editor.default\">\n\t\t\t\t<div class=\"elementor-widget-container\">\n\t\t\t\t\t\t\t\t\t<p><strong>Acne keloidalis nuchae (AKN)<\/strong><\/p><p>Chronisch-entz\u00fcndliche, vernarbende Follikulitis im Nacken- und Okzipitalbereich, v. a. bei M\u00e4nnern mit dichtem, krausem Haar.<\/p><p>Trichoskopisch zeigen sich Pusteln, perifollikul\u00e4re Papeln und teils keloidartige Plaques.<\/p><p>\u00c4tiologisch werden mechanische Reize (Rasur, Reibung), androgenabh\u00e4ngige Faktoren und bakterielle Superinfektionen diskutiert.<\/p><p><strong>Therapie:<\/strong> Reduktion mechanischer Irritation, antiseptische Waschungen, topische und intral\u00e4sionale Kortikosteroide, bei Bedarf systemische Tetracycline oder Isotretinoin. In chronisch fibrosierten Stadien bei ausgew\u00e4hlten F\u00e4llen kann eine chirurgische Exzision, intraoperative Kryochirurgie, Radiotherapie oder Laserablation indiziert sein.<\/p><p><strong>\u00a0<\/strong><\/p><p><strong>Tinea capitis<\/strong><\/p><p>Infekti\u00f6se, meist durch Trichophyton oder Microsporum-Arten verursachte Mykose der Kopfhaut, v. a. bei Kindern.<\/p><p>Klinisch zeigen sich schuppende, haarlose Herde mit abgebrochenen Haarst\u00fcmpfen; bei T. tonsurans oft black dots, bei M. canis graue Schuppung.<\/p><p>Trichoskopisch sind comma hairs, corkscrew hairs und morse code hairs charakteristisch.<\/p><p><strong>Therapie:<\/strong> systemische Antimykotika je nach Erreger (z. B. Terbinafin) \u00fcber 4\u20138 Wochen; zus\u00e4tzlich antimykotische Shampoos (Ketoconazol, Ciclopirox) zur Reduktion der Sporen\u00fcbertragung.<\/p><p><strong>Mehrwert f\u00fcr Patient:innen und Zuweiser:innen \/ Abschluss<\/strong><\/p><p>Eine rasche und gezielte Abkl\u00e4rung erm\u00f6glicht es, fortschreitende oder irreversible Follikelsch\u00e4den fr\u00fchzeitig zu verhindern. Die Diagnostik erfolgt strukturiert und bildgest\u00fctzt, gefolgt von einer evidenzbasierten, individuell abgestimmten Therapie, bei Bedarf auch mit innovativen, aber leitliniengerechten Off-Label-Ans\u00e4tzen.<\/p><p>Bei komplexen oder chronischen Formen steht eine interdisziplin\u00e4re Betreuung im Vordergrund, um sowohl funktionell als auch \u00e4sthetisch ein optimales Ergebnis f\u00fcr die Patient:innen zu <\/p>\t\t\t\t\t\t\t\t<\/div>\n\t\t\t\t<\/div>\n\t\t\t\t<\/div>\n\t\t\t\t\t<\/details>\n\t\t\t\t\t<\/div>\n\t\t\t\t\t\t<\/div>\n\t\t\t\t<\/div>\n\t\t\t\t\t<\/div>\n\t\t\t\t<\/div>\n\t\t\t\t<\/div>\n\t\t\n    <div class=\"xs_social_share_widget xs_share_url after_content \t\tmain_content  wslu-style-1 wslu-share-box-shaped wslu-fill-colored wslu-none wslu-share-horizontal wslu-theme-font-no wslu-main_content\">\n\n\t\t\n        <ul>\n\t\t\t        <\/ul>\n    <\/div> \n","protected":false},"excerpt":{"rendered":"<p>Haarerkrankungen: Differenzierte Diagnostik und moderne Therapieans\u00e4tze Haarerkrankungen sind sehr vielf\u00e4ltig. Sie k\u00f6nnen zu Haarausfall, Haarverlust, und Kopfhautprobleme (Juckreiz, Schuppen, Schuppen, oder R\u00f6tungen) verursachen. Die Ursachen k\u00f6nnen vielfaltig sein: von genetischen Faktoren, Stress, hormonellen Schwankungen, bis hin zu Autoimmunerkrankungen, Infektionen und \u00e4usseren Einfl\u00fcssen wie Haarstyling reichen. Lokalisierte oder diffuse Haarausf\u00e4lle, auch Alopezien bezeichnet, stellen ein heterogenes [&hellip;]<\/p>\n","protected":false},"author":3,"featured_media":0,"parent":29686,"menu_order":0,"comment_status":"closed","ping_status":"closed","template":"elementor_header_footer","meta":{"postBodyCss":"","postBodyMargin":[],"postBodyPadding":[],"postBodyBackground":{"backgroundType":"classic","gradient":""},"footnotes":""},"class_list":["post-29862","page","type-page","status-publish","hentry"],"yoast_head":"<!-- This site is optimized with the Yoast SEO plugin v28.4 - https:\/\/yoast.com\/product\/yoast-seo-wordpress\/ -->\n<title>Haarerkrankungen - Clinique Delc<\/title>\n<meta name=\"robots\" content=\"noindex, follow\" \/>\n<meta property=\"og:locale\" content=\"de_DE\" \/>\n<meta property=\"og:type\" content=\"article\" \/>\n<meta property=\"og:title\" content=\"Haarerkrankungen - Clinique Delc\" \/>\n<meta property=\"og:description\" content=\"Haarerkrankungen: Differenzierte Diagnostik und moderne Therapieans\u00e4tze Haarerkrankungen sind sehr vielf\u00e4ltig. Sie k\u00f6nnen zu Haarausfall, Haarverlust, und Kopfhautprobleme (Juckreiz, Schuppen, Schuppen, oder R\u00f6tungen) verursachen. Die Ursachen k\u00f6nnen vielfaltig sein: von genetischen Faktoren, Stress, hormonellen Schwankungen, bis hin zu Autoimmunerkrankungen, Infektionen und \u00e4usseren Einfl\u00fcssen wie Haarstyling reichen. Lokalisierte oder diffuse Haarausf\u00e4lle, auch Alopezien bezeichnet, stellen ein heterogenes [&hellip;]\" \/>\n<meta property=\"og:url\" content=\"https:\/\/www.delc.ch\/de\/zuweiser-neu\/dermatologie\/haarerkrankungen\/\" \/>\n<meta property=\"og:site_name\" content=\"Clinique Delc\" \/>\n<meta property=\"og:image\" content=\"https:\/\/www.delc.ch\/wp-content\/uploads\/2026\/09\/Haarerkrankungen.jpg\" \/>\n<meta name=\"twitter:card\" content=\"summary_large_image\" \/>\n<meta name=\"twitter:label1\" content=\"Gesch\u00e4tzte Lesezeit\" \/>\n\t<meta name=\"twitter:data1\" content=\"7\u00a0Minuten\" \/>\n<script type=\"application\/ld+json\" class=\"yoast-schema-graph\">{\"@context\":\"https:\\\/\\\/schema.org\",\"@graph\":[{\"@type\":\"WebPage\",\"@id\":\"https:\\\/\\\/www.delc.ch\\\/de\\\/zuweiser-neu\\\/dermatologie\\\/haarerkrankungen\\\/\",\"url\":\"https:\\\/\\\/www.delc.ch\\\/de\\\/zuweiser-neu\\\/dermatologie\\\/haarerkrankungen\\\/\",\"name\":\"Haarerkrankungen - Clinique Delc\",\"isPartOf\":{\"@id\":\"https:\\\/\\\/www.delc.ch\\\/de\\\/#website\"},\"primaryImageOfPage\":{\"@id\":\"https:\\\/\\\/www.delc.ch\\\/de\\\/zuweiser-neu\\\/dermatologie\\\/haarerkrankungen\\\/#primaryimage\"},\"image\":{\"@id\":\"https:\\\/\\\/www.delc.ch\\\/de\\\/zuweiser-neu\\\/dermatologie\\\/haarerkrankungen\\\/#primaryimage\"},\"thumbnailUrl\":\"https:\\\/\\\/www.delc.ch\\\/wp-content\\\/uploads\\\/2026\\\/09\\\/Haarerkrankungen.jpg\",\"datePublished\":\"2026-09-03T07:50:32+00:00\",\"breadcrumb\":{\"@id\":\"https:\\\/\\\/www.delc.ch\\\/de\\\/zuweiser-neu\\\/dermatologie\\\/haarerkrankungen\\\/#breadcrumb\"},\"inLanguage\":\"de\",\"potentialAction\":[{\"@type\":\"ReadAction\",\"target\":[\"https:\\\/\\\/www.delc.ch\\\/de\\\/zuweiser-neu\\\/dermatologie\\\/haarerkrankungen\\\/\"]}]},{\"@type\":\"ImageObject\",\"inLanguage\":\"de\",\"@id\":\"https:\\\/\\\/www.delc.ch\\\/de\\\/zuweiser-neu\\\/dermatologie\\\/haarerkrankungen\\\/#primaryimage\",\"url\":\"https:\\\/\\\/www.delc.ch\\\/wp-content\\\/uploads\\\/2026\\\/09\\\/Haarerkrankungen.jpg\",\"contentUrl\":\"https:\\\/\\\/www.delc.ch\\\/wp-content\\\/uploads\\\/2026\\\/09\\\/Haarerkrankungen.jpg\"},{\"@type\":\"BreadcrumbList\",\"@id\":\"https:\\\/\\\/www.delc.ch\\\/de\\\/zuweiser-neu\\\/dermatologie\\\/haarerkrankungen\\\/#breadcrumb\",\"itemListElement\":[{\"@type\":\"ListItem\",\"position\":1,\"name\":\"Home\",\"item\":\"https:\\\/\\\/www.delc.ch\\\/de\\\/\"},{\"@type\":\"ListItem\",\"position\":2,\"name\":\"Zuweiser NEU\",\"item\":\"https:\\\/\\\/www.delc.ch\\\/de\\\/zuweiser-neu\\\/\"},{\"@type\":\"ListItem\",\"position\":3,\"name\":\"Dermatologie \u2013 Zuweiser\",\"item\":\"https:\\\/\\\/www.delc.ch\\\/de\\\/zuweiser-neu\\\/dermatologie\\\/\"},{\"@type\":\"ListItem\",\"position\":4,\"name\":\"Haarerkrankungen\"}]},{\"@type\":\"WebSite\",\"@id\":\"https:\\\/\\\/www.delc.ch\\\/de\\\/#website\",\"url\":\"https:\\\/\\\/www.delc.ch\\\/de\\\/\",\"name\":\"Clinique Delc\",\"description\":\"Plastische Chirurgie, Dermatologie, Laser &amp; Venenheilkunde\",\"publisher\":{\"@id\":\"https:\\\/\\\/www.delc.ch\\\/de\\\/#organization\"},\"potentialAction\":[{\"@type\":\"SearchAction\",\"target\":{\"@type\":\"EntryPoint\",\"urlTemplate\":\"https:\\\/\\\/www.delc.ch\\\/de\\\/?s={search_term_string}\"},\"query-input\":{\"@type\":\"PropertyValueSpecification\",\"valueRequired\":true,\"valueName\":\"search_term_string\"}}],\"inLanguage\":\"de\"},{\"@type\":\"Organization\",\"@id\":\"https:\\\/\\\/www.delc.ch\\\/de\\\/#organization\",\"name\":\"Clinique Delc\",\"url\":\"https:\\\/\\\/www.delc.ch\\\/de\\\/\",\"logo\":{\"@type\":\"ImageObject\",\"inLanguage\":\"de\",\"@id\":\"https:\\\/\\\/www.delc.ch\\\/de\\\/#\\\/schema\\\/logo\\\/image\\\/\",\"url\":\"https:\\\/\\\/www.delc.ch\\\/wp-content\\\/uploads\\\/2020\\\/04\\\/DELC_Logo.png\",\"contentUrl\":\"https:\\\/\\\/www.delc.ch\\\/wp-content\\\/uploads\\\/2020\\\/04\\\/DELC_Logo.png\",\"width\":1369,\"height\":444,\"caption\":\"Clinique Delc\"},\"image\":{\"@id\":\"https:\\\/\\\/www.delc.ch\\\/de\\\/#\\\/schema\\\/logo\\\/image\\\/\"}}]}<\/script>\n<!-- \/ Yoast SEO plugin. -->","yoast_head_json":{"title":"Haarerkrankungen - Clinique Delc","robots":{"index":"noindex","follow":"follow"},"og_locale":"de_DE","og_type":"article","og_title":"Haarerkrankungen - Clinique Delc","og_description":"Haarerkrankungen: Differenzierte Diagnostik und moderne Therapieans\u00e4tze Haarerkrankungen sind sehr vielf\u00e4ltig. Sie k\u00f6nnen zu Haarausfall, Haarverlust, und Kopfhautprobleme (Juckreiz, Schuppen, Schuppen, oder R\u00f6tungen) verursachen. Die Ursachen k\u00f6nnen vielfaltig sein: von genetischen Faktoren, Stress, hormonellen Schwankungen, bis hin zu Autoimmunerkrankungen, Infektionen und \u00e4usseren Einfl\u00fcssen wie Haarstyling reichen. Lokalisierte oder diffuse Haarausf\u00e4lle, auch Alopezien bezeichnet, stellen ein heterogenes [&hellip;]","og_url":"https:\/\/www.delc.ch\/de\/zuweiser-neu\/dermatologie\/haarerkrankungen\/","og_site_name":"Clinique Delc","og_image":[{"url":"https:\/\/www.delc.ch\/wp-content\/uploads\/2026\/09\/Haarerkrankungen.jpg","type":"","width":"","height":""}],"twitter_card":"summary_large_image","twitter_misc":{"Gesch\u00e4tzte Lesezeit":"7\u00a0Minuten"},"schema":{"@context":"https:\/\/schema.org","@graph":[{"@type":"WebPage","@id":"https:\/\/www.delc.ch\/de\/zuweiser-neu\/dermatologie\/haarerkrankungen\/","url":"https:\/\/www.delc.ch\/de\/zuweiser-neu\/dermatologie\/haarerkrankungen\/","name":"Haarerkrankungen - Clinique Delc","isPartOf":{"@id":"https:\/\/www.delc.ch\/de\/#website"},"primaryImageOfPage":{"@id":"https:\/\/www.delc.ch\/de\/zuweiser-neu\/dermatologie\/haarerkrankungen\/#primaryimage"},"image":{"@id":"https:\/\/www.delc.ch\/de\/zuweiser-neu\/dermatologie\/haarerkrankungen\/#primaryimage"},"thumbnailUrl":"https:\/\/www.delc.ch\/wp-content\/uploads\/2026\/09\/Haarerkrankungen.jpg","datePublished":"2026-09-03T07:50:32+00:00","breadcrumb":{"@id":"https:\/\/www.delc.ch\/de\/zuweiser-neu\/dermatologie\/haarerkrankungen\/#breadcrumb"},"inLanguage":"de","potentialAction":[{"@type":"ReadAction","target":["https:\/\/www.delc.ch\/de\/zuweiser-neu\/dermatologie\/haarerkrankungen\/"]}]},{"@type":"ImageObject","inLanguage":"de","@id":"https:\/\/www.delc.ch\/de\/zuweiser-neu\/dermatologie\/haarerkrankungen\/#primaryimage","url":"https:\/\/www.delc.ch\/wp-content\/uploads\/2026\/09\/Haarerkrankungen.jpg","contentUrl":"https:\/\/www.delc.ch\/wp-content\/uploads\/2026\/09\/Haarerkrankungen.jpg"},{"@type":"BreadcrumbList","@id":"https:\/\/www.delc.ch\/de\/zuweiser-neu\/dermatologie\/haarerkrankungen\/#breadcrumb","itemListElement":[{"@type":"ListItem","position":1,"name":"Home","item":"https:\/\/www.delc.ch\/de\/"},{"@type":"ListItem","position":2,"name":"Zuweiser NEU","item":"https:\/\/www.delc.ch\/de\/zuweiser-neu\/"},{"@type":"ListItem","position":3,"name":"Dermatologie \u2013 Zuweiser","item":"https:\/\/www.delc.ch\/de\/zuweiser-neu\/dermatologie\/"},{"@type":"ListItem","position":4,"name":"Haarerkrankungen"}]},{"@type":"WebSite","@id":"https:\/\/www.delc.ch\/de\/#website","url":"https:\/\/www.delc.ch\/de\/","name":"Clinique Delc","description":"Plastische Chirurgie, Dermatologie, Laser &amp; Venenheilkunde","publisher":{"@id":"https:\/\/www.delc.ch\/de\/#organization"},"potentialAction":[{"@type":"SearchAction","target":{"@type":"EntryPoint","urlTemplate":"https:\/\/www.delc.ch\/de\/?s={search_term_string}"},"query-input":{"@type":"PropertyValueSpecification","valueRequired":true,"valueName":"search_term_string"}}],"inLanguage":"de"},{"@type":"Organization","@id":"https:\/\/www.delc.ch\/de\/#organization","name":"Clinique Delc","url":"https:\/\/www.delc.ch\/de\/","logo":{"@type":"ImageObject","inLanguage":"de","@id":"https:\/\/www.delc.ch\/de\/#\/schema\/logo\/image\/","url":"https:\/\/www.delc.ch\/wp-content\/uploads\/2020\/04\/DELC_Logo.png","contentUrl":"https:\/\/www.delc.ch\/wp-content\/uploads\/2020\/04\/DELC_Logo.png","width":1369,"height":444,"caption":"Clinique Delc"},"image":{"@id":"https:\/\/www.delc.ch\/de\/#\/schema\/logo\/image\/"}}]}},"_links":{"self":[{"href":"https:\/\/www.delc.ch\/de\/wp-json\/wp\/v2\/pages\/29862","targetHints":{"allow":["GET"]}}],"collection":[{"href":"https:\/\/www.delc.ch\/de\/wp-json\/wp\/v2\/pages"}],"about":[{"href":"https:\/\/www.delc.ch\/de\/wp-json\/wp\/v2\/types\/page"}],"author":[{"embeddable":true,"href":"https:\/\/www.delc.ch\/de\/wp-json\/wp\/v2\/users\/3"}],"replies":[{"embeddable":true,"href":"https:\/\/www.delc.ch\/de\/wp-json\/wp\/v2\/comments?post=29862"}],"version-history":[{"count":5,"href":"https:\/\/www.delc.ch\/de\/wp-json\/wp\/v2\/pages\/29862\/revisions"}],"predecessor-version":[{"id":30300,"href":"https:\/\/www.delc.ch\/de\/wp-json\/wp\/v2\/pages\/29862\/revisions\/30300"}],"up":[{"embeddable":true,"href":"https:\/\/www.delc.ch\/de\/wp-json\/wp\/v2\/pages\/29686"}],"wp:attachment":[{"href":"https:\/\/www.delc.ch\/de\/wp-json\/wp\/v2\/media?parent=29862"}],"curies":[{"name":"wp","href":"https:\/\/api.w.org\/{rel}","templated":true}]}}