{"id":29632,"date":"2026-09-01T15:31:24","date_gmt":"2026-09-01T13:31:24","guid":{"rendered":"https:\/\/www.delc.ch\/?page_id=29632"},"modified":"2026-09-01T16:29:11","modified_gmt":"2026-09-01T14:29:11","slug":"formular-biel","status":"publish","type":"page","link":"https:\/\/www.delc.ch\/de\/zuweiser-neu\/formular-biel\/","title":{"rendered":"Zuweiserformular Biel"},"content":{"rendered":"\t\t<div data-elementor-type=\"wp-page\" data-elementor-id=\"29632\" class=\"elementor elementor-29632\" data-elementor-post-type=\"page\">\n\t\t\t\t\t\t<section class=\"elementor-section elementor-top-section elementor-element elementor-element-6e7c95a elementor-section-boxed elementor-section-height-default elementor-section-height-default\" data-id=\"6e7c95a\" data-element_type=\"section\" data-e-type=\"section\">\n\t\t\t\t\t\t<div class=\"elementor-container elementor-column-gap-default\">\n\t\t\t\t\t<div class=\"elementor-column elementor-col-100 elementor-top-column elementor-element elementor-element-62ac0a4\" data-id=\"62ac0a4\" data-element_type=\"column\" data-e-type=\"column\">\n\t\t\t<div class=\"elementor-widget-wrap elementor-element-populated\">\n\t\t\t\t\t\t<div class=\"elementor-element elementor-element-a16fa79 elementor-widget elementor-widget-heading\" data-id=\"a16fa79\" data-element_type=\"widget\" data-e-type=\"widget\" data-widget_type=\"heading.default\">\n\t\t\t\t<div class=\"elementor-widget-container\">\n\t\t\t\t\t<h2 class=\"elementor-heading-title elementor-size-xxl\">Zuweisungen Biel<\/h2>\t\t\t\t<\/div>\n\t\t\t\t<\/div>\n\t\t\t\t<div class=\"elementor-element elementor-element-576647f elementor-widget elementor-widget-text-editor\" data-id=\"576647f\" data-element_type=\"widget\" data-e-type=\"widget\" data-widget_type=\"text-editor.default\">\n\t\t\t\t<div class=\"elementor-widget-container\">\n\t\t\t\t\t\t\t\t\t<p><strong>Konsultation<br \/><\/strong>Dermatologie | Venen | Plastische Chirurgie<\/p>\t\t\t\t\t\t\t\t<\/div>\n\t\t\t\t<\/div>\n\t\t\t\t<div class=\"elementor-element elementor-element-aae49e6 elementor-button-align-start elementor-widget elementor-widget-form\" data-id=\"aae49e6\" data-element_type=\"widget\" data-e-type=\"widget\" data-settings=\"{&quot;step_next_label&quot;:&quot;N\\u00e4chster&quot;,&quot;step_previous_label&quot;:&quot;Voriger&quot;,&quot;button_width&quot;:&quot;100&quot;,&quot;step_type&quot;:&quot;number_text&quot;,&quot;step_icon_shape&quot;:&quot;circle&quot;}\" data-widget_type=\"form.default\">\n\t\t\t\t<div class=\"elementor-widget-container\">\n\t\t\t\t\t\t\t<form class=\"elementor-form\" method=\"post\" name=\"Zuweis\" aria-label=\"Zuweis\">\n\t\t\t<input type=\"hidden\" name=\"post_id\" value=\"29632\"\/>\n\t\t\t<input type=\"hidden\" name=\"form_id\" value=\"aae49e6\"\/>\n\t\t\t<input type=\"hidden\" name=\"referer_title\" value=\"Zuweiserformular Biel - Clinique Delc\" \/>\n\n\t\t\t\t\t\t\t<input type=\"hidden\" name=\"queried_id\" value=\"29632\"\/>\n\t\t\t\n\t\t\t<div class=\"elementor-form-fields-wrapper elementor-labels-above\">\n\t\t\t\t\t\t\t\t<div class=\"elementor-field-type-text elementor-field-group elementor-column elementor-field-group-name elementor-col-50 elementor-md-100 elementor-field-required elementor-mark-required\">\n\t\t\t\t\t\t\t\t\t\t\t\t<label for=\"form-field-name\" class=\"elementor-field-label\">\n\t\t\t\t\t\t\t\tPatient\/in\t\t\t\t\t\t\t<\/label>\n\t\t\t\t\t\t\t\t\t\t\t\t\t\t<input size=\"1\" type=\"text\" name=\"form_fields[name]\" id=\"form-field-name\" class=\"elementor-field elementor-size-sm  elementor-field-textual\" placeholder=\"Name\" required=\"required\">\n\t\t\t\t\t\t\t\t\t\t\t<\/div>\n\t\t\t\t\t\t\t\t<div class=\"elementor-field-type-text elementor-field-group elementor-column elementor-field-group-email elementor-col-50 elementor-md-100 elementor-field-required elementor-mark-required\">\n\t\t\t\t\t\t\t\t\t\t\t\t<label for=\"form-field-email\" class=\"elementor-field-label\">\n\t\t\t\t\t\t\t\tVorname\t\t\t\t\t\t\t<\/label>\n\t\t\t\t\t\t\t\t\t\t\t\t\t\t<input size=\"1\" type=\"text\" name=\"form_fields[email]\" id=\"form-field-email\" class=\"elementor-field elementor-size-sm  elementor-field-textual\" required=\"required\">\n\t\t\t\t\t\t\t\t\t\t\t<\/div>\n\t\t\t\t\t\t\t\t<div class=\"elementor-field-type-text elementor-field-group elementor-column elementor-field-group-message elementor-col-75 elementor-md-100 elementor-field-required elementor-mark-required\">\n\t\t\t\t\t\t\t\t\t\t\t\t<label for=\"form-field-message\" class=\"elementor-field-label\">\n\t\t\t\t\t\t\t\tStrasse\t\t\t\t\t\t\t<\/label>\n\t\t\t\t\t\t\t\t\t\t\t\t\t\t<input size=\"1\" type=\"text\" name=\"form_fields[message]\" id=\"form-field-message\" class=\"elementor-field elementor-size-sm  elementor-field-textual\" required=\"required\">\n\t\t\t\t\t\t\t\t\t\t\t<\/div>\n\t\t\t\t\t\t\t\t<div class=\"elementor-field-type-text elementor-field-group elementor-column elementor-field-group-field_82616fa elementor-col-25 elementor-md-100 elementor-field-required elementor-mark-required\">\n\t\t\t\t\t\t\t\t\t\t\t\t<label for=\"form-field-field_82616fa\" class=\"elementor-field-label\">\n\t\t\t\t\t\t\t\tPLZ\/Ort\t\t\t\t\t\t\t<\/label>\n\t\t\t\t\t\t\t\t\t\t\t\t\t\t<input size=\"1\" type=\"text\" name=\"form_fields[field_82616fa]\" id=\"form-field-field_82616fa\" class=\"elementor-field elementor-size-sm  elementor-field-textual\" required=\"required\">\n\t\t\t\t\t\t\t\t\t\t\t<\/div>\n\t\t\t\t\t\t\t\t<div class=\"elementor-field-type-text elementor-field-group elementor-column elementor-field-group-field_681a95d elementor-col-25 elementor-md-100 elementor-field-required elementor-mark-required\">\n\t\t\t\t\t\t\t\t\t\t\t\t<label for=\"form-field-field_681a95d\" class=\"elementor-field-label\">\n\t\t\t\t\t\t\t\tGeburtsdatum\t\t\t\t\t\t\t<\/label>\n\t\t\t\t\t\t\t\t\t\t\t\t\t\t<input size=\"1\" type=\"text\" name=\"form_fields[field_681a95d]\" id=\"form-field-field_681a95d\" class=\"elementor-field elementor-size-sm  elementor-field-textual\" required=\"required\">\n\t\t\t\t\t\t\t\t\t\t\t<\/div>\n\t\t\t\t\t\t\t\t<div class=\"elementor-field-type-tel elementor-field-group elementor-column elementor-field-group-field_2ff3bc1 elementor-col-25 elementor-md-100 elementor-field-required elementor-mark-required\">\n\t\t\t\t\t\t\t\t\t\t\t\t<label for=\"form-field-field_2ff3bc1\" class=\"elementor-field-label\">\n\t\t\t\t\t\t\t\tTelefon\t\t\t\t\t\t\t<\/label>\n\t\t\t\t\t\t\t\t<input size=\"1\" type=\"tel\" name=\"form_fields[field_2ff3bc1]\" id=\"form-field-field_2ff3bc1\" class=\"elementor-field elementor-size-sm  elementor-field-textual\" required=\"required\" pattern=\"[0-9()#&amp;+*-=.]+\" title=\"Nur Nummern oder Telefon-Zeichen (#, -, *, etc) werden akzeptiert.\">\n\n\t\t\t\t\t\t<\/div>\n\t\t\t\t\t\t\t\t<div class=\"elementor-field-type-email elementor-field-group elementor-column elementor-field-group-field_d7eae9f elementor-col-50 elementor-md-100 elementor-field-required elementor-mark-required\">\n\t\t\t\t\t\t\t\t\t\t\t\t<label for=\"form-field-field_d7eae9f\" class=\"elementor-field-label\">\n\t\t\t\t\t\t\t\tEmail\t\t\t\t\t\t\t<\/label>\n\t\t\t\t\t\t\t\t\t\t\t\t\t\t<input size=\"1\" type=\"email\" name=\"form_fields[field_d7eae9f]\" id=\"form-field-field_d7eae9f\" class=\"elementor-field elementor-size-sm  elementor-field-textual\" required=\"required\">\n\t\t\t\t\t\t\t\t\t\t\t<\/div>\n\t\t\t\t\t\t\t\t<div class=\"elementor-field-type-checkbox elementor-field-group elementor-column elementor-field-group-field_e2cc28e elementor-col-50 elementor-md-100\">\n\t\t\t\t\t\t\t\t\t\t\t\t<label for=\"form-field-field_e2cc28e\" class=\"elementor-field-label\">\n\t\t\t\t\t\t\t\tGeschlecht\t\t\t\t\t\t\t<\/label>\n\t\t\t\t\t\t<div class=\"elementor-field-subgroup  elementor-subgroup-inline\"><span class=\"elementor-field-option\"><input type=\"checkbox\" value=\"weiblich\" id=\"form-field-field_e2cc28e-0\" name=\"form_fields[field_e2cc28e][]\"> <label for=\"form-field-field_e2cc28e-0\">weiblich<\/label><\/span><span class=\"elementor-field-option\"><input type=\"checkbox\" value=\"m\u00e4nnlich\" id=\"form-field-field_e2cc28e-1\" name=\"form_fields[field_e2cc28e][]\"> <label for=\"form-field-field_e2cc28e-1\">m\u00e4nnlich<\/label><\/span><span class=\"elementor-field-option\"><input type=\"checkbox\" value=\"andere\" id=\"form-field-field_e2cc28e-2\" name=\"form_fields[field_e2cc28e][]\"> <label for=\"form-field-field_e2cc28e-2\">andere<\/label><\/span><\/div>\t\t\t\t<\/div>\n\t\t\t\t\t\t\t\t<div class=\"elementor-field-type-checkbox elementor-field-group elementor-column elementor-field-group-field_e51dafe elementor-col-50 elementor-md-100\">\n\t\t\t\t\t\t\t\t\t\t\t\t<label for=\"form-field-field_e51dafe\" class=\"elementor-field-label\">\n\t\t\t\t\t\t\t\tGew\u00fcnschte Sprechstunde\t\t\t\t\t\t\t<\/label>\n\t\t\t\t\t\t<div class=\"elementor-field-subgroup  elementor-subgroup-inline\"><span class=\"elementor-field-option\"><input type=\"checkbox\" value=\"Dermatologie\" id=\"form-field-field_e51dafe-0\" name=\"form_fields[field_e51dafe][]\"> <label for=\"form-field-field_e51dafe-0\">Dermatologie<\/label><\/span><span class=\"elementor-field-option\"><input type=\"checkbox\" value=\"Venen\" id=\"form-field-field_e51dafe-1\" name=\"form_fields[field_e51dafe][]\"> <label for=\"form-field-field_e51dafe-1\">Venen<\/label><\/span><span class=\"elementor-field-option\"><input type=\"checkbox\" value=\"Plastische Chirurgie\" id=\"form-field-field_e51dafe-2\" name=\"form_fields[field_e51dafe][]\"> <label for=\"form-field-field_e51dafe-2\">Plastische Chirurgie<\/label><\/span><\/div>\t\t\t\t<\/div>\n\t\t\t\t\t\t\t\t<div class=\"elementor-field-type-textarea elementor-field-group elementor-column elementor-field-group-field_c67ed59 elementor-col-50 elementor-md-100\">\n\t\t\t\t\t\t\t\t\t\t\t\t<label for=\"form-field-field_c67ed59\" class=\"elementor-field-label\">\n\t\t\t\t\t\t\t\tDiagnose\t\t\t\t\t\t\t<\/label>\n\t\t\t\t\t\t<textarea class=\"elementor-field-textual elementor-field  elementor-size-sm\" name=\"form_fields[field_c67ed59]\" id=\"form-field-field_c67ed59\" rows=\"3\"><\/textarea>\t\t\t\t<\/div>\n\t\t\t\t\t\t\t\t<div class=\"elementor-field-type-textarea elementor-field-group elementor-column elementor-field-group-field_c5cb8f1 elementor-col-50 elementor-md-100\">\n\t\t\t\t\t\t\t\t\t\t\t\t<label for=\"form-field-field_c5cb8f1\" class=\"elementor-field-label\">\n\t\t\t\t\t\t\t\tMedikation\t\t\t\t\t\t\t<\/label>\n\t\t\t\t\t\t<textarea class=\"elementor-field-textual elementor-field  elementor-size-sm\" name=\"form_fields[field_c5cb8f1]\" id=\"form-field-field_c5cb8f1\" rows=\"3\"><\/textarea>\t\t\t\t<\/div>\n\t\t\t\t\t\t\t\t<div class=\"elementor-field-type-textarea elementor-field-group elementor-column elementor-field-group-field_2ca9163 elementor-col-50 elementor-md-100\">\n\t\t\t\t\t\t\t\t\t\t\t\t<label for=\"form-field-field_2ca9163\" class=\"elementor-field-label\">\n\t\t\t\t\t\t\t\tFragestellung\/Bemerkung\t\t\t\t\t\t\t<\/label>\n\t\t\t\t\t\t<textarea class=\"elementor-field-textual elementor-field  elementor-size-sm\" name=\"form_fields[field_2ca9163]\" id=\"form-field-field_2ca9163\" rows=\"3\"><\/textarea>\t\t\t\t<\/div>\n\t\t\t\t\t\t\t\t<div class=\"elementor-field-type-textarea elementor-field-group elementor-column elementor-field-group-field_aeee6c5 elementor-col-50 elementor-md-100\">\n\t\t\t\t\t\t\t\t\t\t\t\t<label for=\"form-field-field_aeee6c5\" class=\"elementor-field-label\">\n\t\t\t\t\t\t\t\tSonstiges\t\t\t\t\t\t\t<\/label>\n\t\t\t\t\t\t<textarea class=\"elementor-field-textual elementor-field  elementor-size-sm\" name=\"form_fields[field_aeee6c5]\" id=\"form-field-field_aeee6c5\" rows=\"3\"><\/textarea>\t\t\t\t<\/div>\n\t\t\t\t\t\t\t\t<div class=\"elementor-field-type-text elementor-field-group elementor-column elementor-field-group-field_3b74b21 elementor-col-50 elementor-md-100 elementor-field-required elementor-mark-required\">\n\t\t\t\t\t\t\t\t\t\t\t\t<label for=\"form-field-field_3b74b21\" class=\"elementor-field-label\">\n\t\t\t\t\t\t\t\tZuweisung durch\t\t\t\t\t\t\t<\/label>\n\t\t\t\t\t\t\t\t\t\t\t\t\t\t<input size=\"1\" type=\"text\" name=\"form_fields[field_3b74b21]\" id=\"form-field-field_3b74b21\" class=\"elementor-field elementor-size-sm  elementor-field-textual\" placeholder=\"Name\" required=\"required\">\n\t\t\t\t\t\t\t\t\t\t\t<\/div>\n\t\t\t\t\t\t\t\t<div class=\"elementor-field-type-text elementor-field-group elementor-column elementor-field-group-field_0756921 elementor-col-50 elementor-md-100 elementor-field-required elementor-mark-required\">\n\t\t\t\t\t\t\t\t\t\t\t\t<label for=\"form-field-field_0756921\" class=\"elementor-field-label\">\n\t\t\t\t\t\t\t\tAdresse\t\t\t\t\t\t\t<\/label>\n\t\t\t\t\t\t\t\t\t\t\t\t\t\t<input size=\"1\" type=\"text\" name=\"form_fields[field_0756921]\" id=\"form-field-field_0756921\" class=\"elementor-field elementor-size-sm  elementor-field-textual\" required=\"required\">\n\t\t\t\t\t\t\t\t\t\t\t<\/div>\n\t\t\t\t\t\t\t\t<div class=\"elementor-field-type-text elementor-field-group elementor-column elementor-field-group-field_a1a0639 elementor-col-50 elementor-md-100 elementor-field-required elementor-mark-required\">\n\t\t\t\t\t\t\t\t\t\t\t\t<label for=\"form-field-field_a1a0639\" class=\"elementor-field-label\">\n\t\t\t\t\t\t\t\tOrt\t\t\t\t\t\t\t<\/label>\n\t\t\t\t\t\t\t\t\t\t\t\t\t\t<input size=\"1\" type=\"text\" name=\"form_fields[field_a1a0639]\" id=\"form-field-field_a1a0639\" class=\"elementor-field elementor-size-sm  elementor-field-textual\" required=\"required\">\n\t\t\t\t\t\t\t\t\t\t\t<\/div>\n\t\t\t\t\t\t\t\t<div class=\"elementor-field-type-text elementor-field-group elementor-column elementor-field-group-field_2e51447 elementor-col-50 elementor-md-100 elementor-field-required elementor-mark-required\">\n\t\t\t\t\t\t\t\t\t\t\t\t<label for=\"form-field-field_2e51447\" class=\"elementor-field-label\">\n\t\t\t\t\t\t\t\tTelefon\t\t\t\t\t\t\t<\/label>\n\t\t\t\t\t\t\t\t\t\t\t\t\t\t<input size=\"1\" type=\"text\" name=\"form_fields[field_2e51447]\" id=\"form-field-field_2e51447\" class=\"elementor-field elementor-size-sm  elementor-field-textual\" required=\"required\">\n\t\t\t\t\t\t\t\t\t\t\t<\/div>\n\t\t\t\t\t\t\t\t<div class=\"elementor-field-type-email elementor-field-group elementor-column elementor-field-group-field_6295e1a elementor-col-50 elementor-md-100 elementor-field-required elementor-mark-required\">\n\t\t\t\t\t\t\t\t\t\t\t\t<label for=\"form-field-field_6295e1a\" class=\"elementor-field-label\">\n\t\t\t\t\t\t\t\tEmail\t\t\t\t\t\t\t<\/label>\n\t\t\t\t\t\t\t\t\t\t\t\t\t\t<input size=\"1\" type=\"email\" name=\"form_fields[field_6295e1a]\" id=\"form-field-field_6295e1a\" class=\"elementor-field elementor-size-sm  elementor-field-textual\" required=\"required\">\n\t\t\t\t\t\t\t\t\t\t\t<\/div>\n\t\t\t\t\t\t\t\t<div class=\"elementor-field-type-upload elementor-field-group elementor-column elementor-field-group-field_44c0e9c elementor-col-100 elementor-md-100\">\n\t\t\t\t\t\t\t\t\t\t\t\t<label for=\"form-field-field_44c0e9c\" class=\"elementor-field-label\">\n\t\t\t\t\t\t\t\tLaden Sie hier alle n\u00fctzlichen Dokumente hoch\t\t\t\t\t\t\t<\/label>\n\t\t\t\t\t\t\t\t<input type=\"file\" name=\"form_fields[field_44c0e9c]\" id=\"form-field-field_44c0e9c\" class=\"elementor-field elementor-size-sm  elementor-upload-field\" data-maxsize=\"1\" data-maxsize-message=\"Diese Datei \u00fcbersteigt die maximale Dateigr\u00f6\u00dfe.\">\n\n\t\t\t\t\t\t<\/div>\n\t\t\t\t\t\t\t\t<div class=\"elementor-field-type-recaptcha_v3 elementor-field-group elementor-column elementor-field-group-field_078c0f5 elementor-col-100 recaptcha_v3-bottomright\">\n\t\t\t\t\t<div class=\"elementor-field\" id=\"form-field-field_078c0f5\"><div class=\"elementor-g-recaptcha\" data-sitekey=\"6LclWgUpAAAAAH9hpKOD3E_G2y0a_QGE8MSjCEVQ\" data-type=\"v3\" data-action=\"Form\" data-badge=\"bottomright\" data-size=\"invisible\"><\/div><\/div>\t\t\t\t<\/div>\n\t\t\t\t\t\t\t\t<div class=\"elementor-field-type-html elementor-field-group elementor-column elementor-field-group-field_ad3110b elementor-col-100\">\n\t\t\t\t\tDiese Website ist durch reCAPTCHA und das Google\n    <a href=\"https:\/\/policies.google.com\/privacy\">Datenschutzbestimmungen<\/a> und\n    <a href=\"https:\/\/policies.google.com\/terms\">Bedingungen der Dienstleistung<\/a> anwenden.\t\t\t\t<\/div>\n\t\t\t\t\t\t\t\t<div class=\"elementor-field-group elementor-column elementor-field-type-submit elementor-col-100 e-form__buttons\">\n\t\t\t\t\t<button class=\"elementor-button elementor-size-lg\" type=\"submit\">\n\t\t\t\t\t\t<span class=\"elementor-button-content-wrapper\">\n\t\t\t\t\t\t\t\t\t\t\t\t\t\t\t<span class=\"elementor-button-icon\">\n\t\t\t\t\t\t\t\t\t<i aria-hidden=\"true\" class=\"fas fa-arrow-right\"><\/i>\t\t\t\t\t\t\t\t\t\t\t\t\t\t\t\t\t<\/span>\n\t\t\t\t\t\t\t\t\t\t\t\t\t\t\t\t\t\t\t\t\t\t<span class=\"elementor-button-text\">Senden<\/span>\n\t\t\t\t\t\t\t\t\t\t\t\t\t<\/span>\n\t\t\t\t\t<\/button>\n\t\t\t\t<\/div>\n\t\t\t<\/div>\n\t\t<\/form>\n\t\t\t\t\t\t<\/div>\n\t\t\t\t<\/div>\n\t\t\t\t<div class=\"elementor-element elementor-element-4e01b3a elementor-widget elementor-widget-text-editor\" data-id=\"4e01b3a\" data-element_type=\"widget\" data-e-type=\"widget\" data-widget_type=\"text-editor.default\">\n\t\t\t\t<div class=\"elementor-widget-container\">\n\t\t\t\t\t\t\t\t\t<p>*Pflichtfeld<\/p>\t\t\t\t\t\t\t\t<\/div>\n\t\t\t\t<\/div>\n\t\t\t\t\t<\/div>\n\t\t<\/div>\n\t\t\t\t\t<\/div>\n\t\t<\/section>\n\t\t\t\t<section class=\"elementor-section elementor-top-section elementor-element elementor-element-3e23cd5 elementor-section-boxed elementor-section-height-default elementor-section-height-default\" data-id=\"3e23cd5\" data-element_type=\"section\" data-e-type=\"section\">\n\t\t\t\t\t\t<div class=\"elementor-container elementor-column-gap-default\">\n\t\t\t\t\t<div class=\"elementor-column elementor-col-100 elementor-top-column elementor-element elementor-element-b3549da\" data-id=\"b3549da\" data-element_type=\"column\" data-e-type=\"column\">\n\t\t\t<div class=\"elementor-widget-wrap elementor-element-populated\">\n\t\t\t\t\t\t<div class=\"elementor-element elementor-element-89d1635 premium-gallery-tilt-disabled elementor-widget elementor-widget-premium-img-gallery\" data-id=\"89d1635\" data-element_type=\"widget\" data-e-type=\"widget\" data-settings=\"{&quot;premium_gallery_img_content&quot;:[{&quot;premium_gallery_img_name&quot;:&quot;Prof. Dr. med. Georgios Gaitanis&quot;,&quot;premium_gallery_img_category&quot;:&quot;Dermatologie&quot;,&quot;premium_gallery_img&quot;:{&quot;url&quot;:&quot;https:\\\/\\\/www.delc.ch\\\/wp-content\\\/uploads\\\/2025\\\/11\\\/George-profile-photo-web-1.jpg&quot;,&quot;id&quot;:26660,&quot;size&quot;:&quot;&quot;,&quot;alt&quot;:&quot;&quot;,&quot;source&quot;:&quot;library&quot;},&quot;premium_gallery_img_desc&quot;:&quot;Facharzt f\\u00fcr Dermatologie und Venerologie FMH\\n&lt;\\\/br&gt;\\n&lt;\\\/br&gt;\\n\\u2192 Lebenslauf\\n&quot;,&quot;premium_gallery_img_link_switch&quot;:&quot;&quot;,&quot;premium_gallery_img_link&quot;:{&quot;url&quot;:&quot;https:\\\/\\\/www.delc.ch\\\/de\\\/georgios-gaitanis\\\/&quot;,&quot;is_external&quot;:&quot;&quot;,&quot;nofollow&quot;:&quot;&quot;,&quot;custom_attributes&quot;:&quot;&quot;},&quot;premium_gallery_img_alt&quot;:&quot;&quot;,&quot;premium_gallery_image_width&quot;:&quot;50%&quot;,&quot;premium_gallery_image_width_tablet&quot;:&quot;100%&quot;,&quot;premium_gallery_image_width_mobile&quot;:&quot;100%&quot;,&quot;premium_gallery_image_vcell&quot;:{&quot;unit&quot;:&quot;px&quot;,&quot;size&quot;:6,&quot;sizes&quot;:[]},&quot;premium_gallery_link_whole&quot;:&quot;yes&quot;,&quot;_id&quot;:&quot;8d776ea&quot;,&quot;premium_gallery_image_cell&quot;:{&quot;unit&quot;:&quot;px&quot;,&quot;size&quot;:4,&quot;sizes&quot;:[]},&quot;premium_gallery_image_cell_tablet&quot;:{&quot;unit&quot;:&quot;px&quot;,&quot;size&quot;:&quot;&quot;,&quot;sizes&quot;:[]},&quot;premium_gallery_image_cell_mobile&quot;:{&quot;unit&quot;:&quot;px&quot;,&quot;size&quot;:&quot;&quot;,&quot;sizes&quot;:[]},&quot;premium_gallery_image_vcell_tablet&quot;:{&quot;unit&quot;:&quot;px&quot;,&quot;size&quot;:&quot;&quot;,&quot;sizes&quot;:[]},&quot;premium_gallery_image_vcell_mobile&quot;:{&quot;unit&quot;:&quot;px&quot;,&quot;size&quot;:&quot;&quot;,&quot;sizes&quot;:[]},&quot;premium_gallery_video&quot;:&quot;&quot;,&quot;premium_gallery_video_type&quot;:null,&quot;premium_gallery_video_url&quot;:null,&quot;premium_gallery_video_self&quot;:null,&quot;premium_gallery_video_self_url&quot;:null,&quot;premium_gallery_video_controls&quot;:null,&quot;premium_gallery_video_mute&quot;:null,&quot;premium_gallery_video_loop&quot;:null,&quot;download_button&quot;:null,&quot;privacy_mode&quot;:null,&quot;premmium_gallery_img_info&quot;:&quot;&quot;,&quot;premium_gallery_img_link_type&quot;:&quot;url&quot;,&quot;premium_gallery_img_existing&quot;:null,&quot;premium_gallery_lightbox_whole&quot;:&quot;&quot;},{&quot;premium_gallery_img_name&quot;:&quot;PD Dr. med. Dr. phil. nat. Cristel Ruini&quot;,&quot;premium_gallery_img_category&quot;:&quot;Dermatologie&quot;,&quot;premium_gallery_img&quot;:{&quot;url&quot;:&quot;https:\\\/\\\/www.delc.ch\\\/wp-content\\\/uploads\\\/2025\\\/09\\\/Cristel-management-photo.jpg&quot;,&quot;id&quot;:25484,&quot;size&quot;:&quot;&quot;,&quot;alt&quot;:&quot;&quot;,&quot;source&quot;:&quot;library&quot;},&quot;premium_gallery_img_desc&quot;:&quot;Fach\\u00e4rztin f\\u00fcr Dermatologie und Venerologie FMH\\n&lt;\\\/br&gt;\\n&lt;\\\/br&gt;\\n\\u2192 Lebenslauf\\n&quot;,&quot;premium_gallery_img_link_switch&quot;:&quot;&quot;,&quot;premium_gallery_img_link&quot;:{&quot;url&quot;:&quot;https:\\\/\\\/www.delc.ch\\\/de\\\/cristel-ruini\\\/&quot;,&quot;is_external&quot;:&quot;&quot;,&quot;nofollow&quot;:&quot;&quot;,&quot;custom_attributes&quot;:&quot;&quot;},&quot;premium_gallery_img_alt&quot;:&quot;&quot;,&quot;premium_gallery_image_width&quot;:&quot;50%&quot;,&quot;premium_gallery_image_width_tablet&quot;:&quot;100%&quot;,&quot;premium_gallery_image_width_mobile&quot;:&quot;100%&quot;,&quot;premium_gallery_image_vcell&quot;:{&quot;unit&quot;:&quot;px&quot;,&quot;size&quot;:6,&quot;sizes&quot;:[]},&quot;premium_gallery_link_whole&quot;:&quot;yes&quot;,&quot;_id&quot;:&quot;a1dc80f&quot;,&quot;premium_gallery_image_cell&quot;:{&quot;unit&quot;:&quot;px&quot;,&quot;size&quot;:4,&quot;sizes&quot;:[]},&quot;premium_gallery_image_cell_tablet&quot;:{&quot;unit&quot;:&quot;px&quot;,&quot;size&quot;:&quot;&quot;,&quot;sizes&quot;:[]},&quot;premium_gallery_image_cell_mobile&quot;:{&quot;unit&quot;:&quot;px&quot;,&quot;size&quot;:&quot;&quot;,&quot;sizes&quot;:[]},&quot;premium_gallery_image_vcell_tablet&quot;:{&quot;unit&quot;:&quot;px&quot;,&quot;size&quot;:&quot;&quot;,&quot;sizes&quot;:[]},&quot;premium_gallery_image_vcell_mobile&quot;:{&quot;unit&quot;:&quot;px&quot;,&quot;size&quot;:&quot;&quot;,&quot;sizes&quot;:[]},&quot;premium_gallery_video&quot;:&quot;&quot;,&quot;premium_gallery_video_type&quot;:null,&quot;premium_gallery_video_url&quot;:null,&quot;premium_gallery_video_self&quot;:null,&quot;premium_gallery_video_self_url&quot;:null,&quot;premium_gallery_video_controls&quot;:null,&quot;premium_gallery_video_mute&quot;:null,&quot;premium_gallery_video_loop&quot;:null,&quot;download_button&quot;:null,&quot;privacy_mode&quot;:null,&quot;premmium_gallery_img_info&quot;:&quot;&quot;,&quot;premium_gallery_img_link_type&quot;:&quot;url&quot;,&quot;premium_gallery_img_existing&quot;:null,&quot;premium_gallery_lightbox_whole&quot;:&quot;&quot;},{&quot;premium_gallery_img_name&quot;:&quot;Prof. em. Dr. med. Luca Borradori&quot;,&quot;premium_gallery_img_category&quot;:&quot;Dermatologie&quot;,&quot;premium_gallery_img&quot;:{&quot;url&quot;:&quot;https:\\\/\\\/www.delc.ch\\\/wp-content\\\/uploads\\\/2026\\\/06\\\/Luca-Website-Profile-Picture-1.jpg&quot;,&quot;id&quot;:28687,&quot;size&quot;:&quot;&quot;,&quot;alt&quot;:&quot;&quot;,&quot;source&quot;:&quot;library&quot;},&quot;premium_gallery_img_desc&quot;:&quot;Konsiliararzt Clinique DELC, Facharzt f\\u00fcr Dermatologie und Venerologie FMH\\n&lt;\\\/br&gt;\\n&lt;\\\/br&gt;\\n\\u2192 Lebenslauf&quot;,&quot;premium_gallery_img_link_switch&quot;:&quot;&quot;,&quot;premium_gallery_img_alt&quot;:&quot;&quot;,&quot;premium_gallery_image_width&quot;:&quot;50%&quot;,&quot;premium_gallery_image_width_tablet&quot;:&quot;100%&quot;,&quot;premium_gallery_image_width_mobile&quot;:&quot;100%&quot;,&quot;premium_gallery_image_vcell&quot;:{&quot;unit&quot;:&quot;px&quot;,&quot;size&quot;:6,&quot;sizes&quot;:[]},&quot;premium_gallery_link_whole&quot;:&quot;yes&quot;,&quot;_id&quot;:&quot;87b1d01&quot;,&quot;premium_gallery_img_link&quot;:{&quot;url&quot;:&quot;https:\\\/\\\/www.delc.ch\\\/de\\\/luca-borradori\\\/&quot;,&quot;is_external&quot;:&quot;&quot;,&quot;nofollow&quot;:&quot;&quot;,&quot;custom_attributes&quot;:&quot;&quot;},&quot;premium_gallery_image_cell&quot;:{&quot;unit&quot;:&quot;px&quot;,&quot;size&quot;:4,&quot;sizes&quot;:[]},&quot;premium_gallery_image_cell_tablet&quot;:{&quot;unit&quot;:&quot;px&quot;,&quot;size&quot;:&quot;&quot;,&quot;sizes&quot;:[]},&quot;premium_gallery_image_cell_mobile&quot;:{&quot;unit&quot;:&quot;px&quot;,&quot;size&quot;:&quot;&quot;,&quot;sizes&quot;:[]},&quot;premium_gallery_image_vcell_tablet&quot;:{&quot;unit&quot;:&quot;px&quot;,&quot;size&quot;:&quot;&quot;,&quot;sizes&quot;:[]},&quot;premium_gallery_image_vcell_mobile&quot;:{&quot;unit&quot;:&quot;px&quot;,&quot;size&quot;:&quot;&quot;,&quot;sizes&quot;:[]},&quot;premium_gallery_video&quot;:&quot;&quot;,&quot;premium_gallery_video_type&quot;:null,&quot;premium_gallery_video_url&quot;:null,&quot;premium_gallery_video_self&quot;:null,&quot;premium_gallery_video_self_url&quot;:null,&quot;premium_gallery_video_controls&quot;:null,&quot;premium_gallery_video_mute&quot;:null,&quot;premium_gallery_video_loop&quot;:null,&quot;download_button&quot;:null,&quot;privacy_mode&quot;:null,&quot;premmium_gallery_img_info&quot;:&quot;&quot;,&quot;premium_gallery_img_link_type&quot;:&quot;url&quot;,&quot;premium_gallery_img_existing&quot;:null,&quot;premium_gallery_lightbox_whole&quot;:&quot;&quot;},{&quot;premium_gallery_img_name&quot;:&quot;David Eyer&quot;,&quot;premium_gallery_img_category&quot;:&quot;Plastische und Aesthetische Chirurgie&quot;,&quot;_id&quot;:&quot;3b31a67&quot;,&quot;premium_gallery_img&quot;:{&quot;url&quot;:&quot;https:\\\/\\\/www.delc.ch\\\/wp-content\\\/uploads\\\/2025\\\/09\\\/David-website-profile-photo.jpg&quot;,&quot;id&quot;:25393,&quot;size&quot;:&quot;&quot;,&quot;alt&quot;:&quot;&quot;,&quot;source&quot;:&quot;library&quot;},&quot;premium_gallery_img_desc&quot;:&quot;Facharzt f\\u00fcr Plastische, Rekonstruktive und Aesthetische Chirurgie FMH\\n&lt;\\\/br&gt;\\n&lt;\\\/br&gt;\\n\\u2192 Lebenslauf\\n&quot;,&quot;premium_gallery_img_link_switch&quot;:&quot;&quot;,&quot;premium_gallery_img_link&quot;:{&quot;url&quot;:&quot;https:\\\/\\\/www.delc.ch\\\/de\\\/david-eyer\\\/&quot;,&quot;is_external&quot;:&quot;&quot;,&quot;nofollow&quot;:&quot;&quot;,&quot;custom_attributes&quot;:&quot;&quot;},&quot;premium_gallery_img_alt&quot;:&quot;&quot;,&quot;premium_gallery_image_width&quot;:&quot;50%&quot;,&quot;premium_gallery_image_width_tablet&quot;:&quot;100%&quot;,&quot;premium_gallery_image_width_mobile&quot;:&quot;100%&quot;,&quot;premium_gallery_image_vcell&quot;:{&quot;unit&quot;:&quot;px&quot;,&quot;size&quot;:6,&quot;sizes&quot;:[]},&quot;premium_gallery_link_whole&quot;:&quot;yes&quot;,&quot;premium_gallery_image_cell&quot;:{&quot;unit&quot;:&quot;px&quot;,&quot;size&quot;:4,&quot;sizes&quot;:[]},&quot;premium_gallery_image_cell_tablet&quot;:{&quot;unit&quot;:&quot;px&quot;,&quot;size&quot;:&quot;&quot;,&quot;sizes&quot;:[]},&quot;premium_gallery_image_cell_mobile&quot;:{&quot;unit&quot;:&quot;px&quot;,&quot;size&quot;:&quot;&quot;,&quot;sizes&quot;:[]},&quot;premium_gallery_image_vcell_tablet&quot;:{&quot;unit&quot;:&quot;px&quot;,&quot;size&quot;:&quot;&quot;,&quot;sizes&quot;:[]},&quot;premium_gallery_image_vcell_mobile&quot;:{&quot;unit&quot;:&quot;px&quot;,&quot;size&quot;:&quot;&quot;,&quot;sizes&quot;:[]},&quot;premium_gallery_video&quot;:&quot;&quot;,&quot;premium_gallery_video_type&quot;:null,&quot;premium_gallery_video_url&quot;:null,&quot;premium_gallery_video_self&quot;:null,&quot;premium_gallery_video_self_url&quot;:null,&quot;premium_gallery_video_controls&quot;:null,&quot;premium_gallery_video_mute&quot;:null,&quot;premium_gallery_video_loop&quot;:null,&quot;download_button&quot;:null,&quot;privacy_mode&quot;:null,&quot;premmium_gallery_img_info&quot;:&quot;&quot;,&quot;premium_gallery_img_link_type&quot;:&quot;url&quot;,&quot;premium_gallery_img_existing&quot;:null,&quot;premium_gallery_lightbox_whole&quot;:&quot;&quot;},{&quot;premium_gallery_img_name&quot;:&quot;Dr. med. Athanasios Papanikolaou&quot;,&quot;premium_gallery_img_category&quot;:&quot;Plastische und Aesthetische Chirurgie&quot;,&quot;premium_gallery_img&quot;:{&quot;url&quot;:&quot;https:\\\/\\\/www.delc.ch\\\/wp-content\\\/uploads\\\/2026\\\/05\\\/Athanasios-Profile-photo-1.jpg&quot;,&quot;id&quot;:28285,&quot;size&quot;:&quot;&quot;,&quot;alt&quot;:&quot;&quot;,&quot;source&quot;:&quot;library&quot;},&quot;premium_gallery_img_desc&quot;:&quot;Facharzt f\\u00fcr Plastische, Rekonstruktive und Aesthetische Chirurgie FMH\\n&lt;\\\/br&gt;\\n&lt;\\\/br&gt;\\n\\u2192 Lebenslauf&quot;,&quot;premium_gallery_img_link_switch&quot;:&quot;&quot;,&quot;premium_gallery_img_alt&quot;:&quot;&quot;,&quot;premium_gallery_image_width&quot;:&quot;50%&quot;,&quot;premium_gallery_image_width_tablet&quot;:&quot;100%&quot;,&quot;premium_gallery_image_width_mobile&quot;:&quot;100%&quot;,&quot;premium_gallery_image_vcell&quot;:{&quot;unit&quot;:&quot;px&quot;,&quot;size&quot;:6,&quot;sizes&quot;:[]},&quot;premium_gallery_link_whole&quot;:&quot;yes&quot;,&quot;_id&quot;:&quot;67745fb&quot;,&quot;premium_gallery_img_link&quot;:{&quot;url&quot;:&quot;https:\\\/\\\/www.delc.ch\\\/de\\\/athanasios-papanikolaou\\\/&quot;,&quot;is_external&quot;:&quot;&quot;,&quot;nofollow&quot;:&quot;&quot;,&quot;custom_attributes&quot;:&quot;&quot;},&quot;premium_gallery_image_cell&quot;:{&quot;unit&quot;:&quot;px&quot;,&quot;size&quot;:4,&quot;sizes&quot;:[]},&quot;premium_gallery_image_cell_tablet&quot;:{&quot;unit&quot;:&quot;px&quot;,&quot;size&quot;:&quot;&quot;,&quot;sizes&quot;:[]},&quot;premium_gallery_image_cell_mobile&quot;:{&quot;unit&quot;:&quot;px&quot;,&quot;size&quot;:&quot;&quot;,&quot;sizes&quot;:[]},&quot;premium_gallery_image_vcell_tablet&quot;:{&quot;unit&quot;:&quot;px&quot;,&quot;size&quot;:&quot;&quot;,&quot;sizes&quot;:[]},&quot;premium_gallery_image_vcell_mobile&quot;:{&quot;unit&quot;:&quot;px&quot;,&quot;size&quot;:&quot;&quot;,&quot;sizes&quot;:[]},&quot;premium_gallery_video&quot;:&quot;&quot;,&quot;premium_gallery_video_type&quot;:null,&quot;premium_gallery_video_url&quot;:null,&quot;premium_gallery_video_self&quot;:null,&quot;premium_gallery_video_self_url&quot;:null,&quot;premium_gallery_video_controls&quot;:null,&quot;premium_gallery_video_mute&quot;:null,&quot;premium_gallery_video_loop&quot;:null,&quot;download_button&quot;:null,&quot;privacy_mode&quot;:null,&quot;premmium_gallery_img_info&quot;:&quot;&quot;,&quot;premium_gallery_img_link_type&quot;:&quot;url&quot;,&quot;premium_gallery_img_existing&quot;:null,&quot;premium_gallery_lightbox_whole&quot;:&quot;&quot;},{&quot;premium_gallery_img_name&quot;:&quot;Fouad Mitri, MSc TMR&quot;,&quot;premium_gallery_img_category&quot;:&quot;Dermatologie&quot;,&quot;premium_gallery_img&quot;:{&quot;url&quot;:&quot;https:\\\/\\\/www.delc.ch\\\/wp-content\\\/uploads\\\/2025\\\/11\\\/Fouad-profile-photo-web.jpg&quot;,&quot;id&quot;:26668,&quot;size&quot;:&quot;&quot;,&quot;alt&quot;:&quot;&quot;,&quot;source&quot;:&quot;library&quot;},&quot;premium_gallery_img_desc&quot;:&quot;Facharzt f\\u00fcr Dermatologie und Venerologie\\n&lt;\\\/br&gt;\\n&lt;\\\/br&gt;\\n\\u2192 Lebenslauf\\n&quot;,&quot;premium_gallery_img_link_switch&quot;:&quot;&quot;,&quot;premium_gallery_img_link&quot;:{&quot;url&quot;:&quot;https:\\\/\\\/www.delc.ch\\\/de\\\/team\\\/fouad-mitri\\\/&quot;,&quot;is_external&quot;:&quot;&quot;,&quot;nofollow&quot;:&quot;&quot;,&quot;custom_attributes&quot;:&quot;&quot;},&quot;premium_gallery_img_alt&quot;:&quot;&quot;,&quot;premium_gallery_image_width&quot;:&quot;50%&quot;,&quot;premium_gallery_image_width_tablet&quot;:&quot;100%&quot;,&quot;premium_gallery_image_width_mobile&quot;:&quot;100%&quot;,&quot;premium_gallery_image_vcell&quot;:{&quot;unit&quot;:&quot;px&quot;,&quot;size&quot;:6,&quot;sizes&quot;:[]},&quot;premium_gallery_link_whole&quot;:&quot;yes&quot;,&quot;_id&quot;:&quot;daf9a1c&quot;,&quot;premium_gallery_image_cell&quot;:{&quot;unit&quot;:&quot;px&quot;,&quot;size&quot;:4,&quot;sizes&quot;:[]},&quot;premium_gallery_image_cell_tablet&quot;:{&quot;unit&quot;:&quot;px&quot;,&quot;size&quot;:&quot;&quot;,&quot;sizes&quot;:[]},&quot;premium_gallery_image_cell_mobile&quot;:{&quot;unit&quot;:&quot;px&quot;,&quot;size&quot;:&quot;&quot;,&quot;sizes&quot;:[]},&quot;premium_gallery_image_vcell_tablet&quot;:{&quot;unit&quot;:&quot;px&quot;,&quot;size&quot;:&quot;&quot;,&quot;sizes&quot;:[]},&quot;premium_gallery_image_vcell_mobile&quot;:{&quot;unit&quot;:&quot;px&quot;,&quot;size&quot;:&quot;&quot;,&quot;sizes&quot;:[]},&quot;premium_gallery_video&quot;:&quot;&quot;,&quot;premium_gallery_video_type&quot;:null,&quot;premium_gallery_video_url&quot;:null,&quot;premium_gallery_video_self&quot;:null,&quot;premium_gallery_video_self_url&quot;:null,&quot;premium_gallery_video_controls&quot;:null,&quot;premium_gallery_video_mute&quot;:null,&quot;premium_gallery_video_loop&quot;:null,&quot;download_button&quot;:null,&quot;privacy_mode&quot;:null,&quot;premmium_gallery_img_info&quot;:&quot;&quot;,&quot;premium_gallery_img_link_type&quot;:&quot;url&quot;,&quot;premium_gallery_img_existing&quot;:null,&quot;premium_gallery_lightbox_whole&quot;:&quot;&quot;},{&quot;premium_gallery_img_name&quot;:&quot;Duniashka Bellorin Waldburger&quot;,&quot;premium_gallery_img_category&quot;:&quot;Dermatologie&quot;,&quot;premium_gallery_img&quot;:{&quot;url&quot;:&quot;https:\\\/\\\/www.delc.ch\\\/wp-content\\\/uploads\\\/2025\\\/11\\\/Duniashka-profile-photo-web-1.jpg&quot;,&quot;id&quot;:26670,&quot;size&quot;:&quot;&quot;,&quot;alt&quot;:&quot;&quot;,&quot;source&quot;:&quot;library&quot;},&quot;premium_gallery_img_desc&quot;:&quot;Assistenz\\u00e4rztin f\\u00fcr Dermatologie und Venerologie\\n&lt;\\\/br&gt;\\n&lt;\\\/br&gt;\\n\\u2192 Lebenslauf\\n&quot;,&quot;premium_gallery_img_link_switch&quot;:&quot;&quot;,&quot;premium_gallery_img_link&quot;:{&quot;url&quot;:&quot;https:\\\/\\\/www.delc.ch\\\/de\\\/duniashka-bellorin-waldburger\\\/&quot;,&quot;is_external&quot;:&quot;&quot;,&quot;nofollow&quot;:&quot;&quot;,&quot;custom_attributes&quot;:&quot;&quot;},&quot;premium_gallery_img_alt&quot;:&quot;&quot;,&quot;premium_gallery_image_width&quot;:&quot;50%&quot;,&quot;premium_gallery_image_width_tablet&quot;:&quot;100%&quot;,&quot;premium_gallery_image_width_mobile&quot;:&quot;100%&quot;,&quot;premium_gallery_image_vcell&quot;:{&quot;unit&quot;:&quot;px&quot;,&quot;size&quot;:6,&quot;sizes&quot;:[]},&quot;premium_gallery_link_whole&quot;:&quot;yes&quot;,&quot;_id&quot;:&quot;56a31bd&quot;,&quot;premium_gallery_image_cell&quot;:{&quot;unit&quot;:&quot;px&quot;,&quot;size&quot;:4,&quot;sizes&quot;:[]},&quot;premium_gallery_image_cell_tablet&quot;:{&quot;unit&quot;:&quot;px&quot;,&quot;size&quot;:&quot;&quot;,&quot;sizes&quot;:[]},&quot;premium_gallery_image_cell_mobile&quot;:{&quot;unit&quot;:&quot;px&quot;,&quot;size&quot;:&quot;&quot;,&quot;sizes&quot;:[]},&quot;premium_gallery_image_vcell_tablet&quot;:{&quot;unit&quot;:&quot;px&quot;,&quot;size&quot;:&quot;&quot;,&quot;sizes&quot;:[]},&quot;premium_gallery_image_vcell_mobile&quot;:{&quot;unit&quot;:&quot;px&quot;,&quot;size&quot;:&quot;&quot;,&quot;sizes&quot;:[]},&quot;premium_gallery_video&quot;:&quot;&quot;,&quot;premium_gallery_video_type&quot;:null,&quot;premium_gallery_video_url&quot;:null,&quot;premium_gallery_video_self&quot;:null,&quot;premium_gallery_video_self_url&quot;:null,&quot;premium_gallery_video_controls&quot;:null,&quot;premium_gallery_video_mute&quot;:null,&quot;premium_gallery_video_loop&quot;:null,&quot;download_button&quot;:null,&quot;privacy_mode&quot;:null,&quot;premmium_gallery_img_info&quot;:&quot;&quot;,&quot;premium_gallery_img_link_type&quot;:&quot;url&quot;,&quot;premium_gallery_img_existing&quot;:null,&quot;premium_gallery_lightbox_whole&quot;:&quot;&quot;},{&quot;premium_gallery_img_name&quot;:&quot;Dr. med. Karl Pieper-Joshi&quot;,&quot;premium_gallery_img_category&quot;:&quot;Venenchirurgie&quot;,&quot;premium_gallery_img&quot;:{&quot;url&quot;:&quot;https:\\\/\\\/www.delc.ch\\\/wp-content\\\/uploads\\\/2025\\\/11\\\/Karl-profile-photo-web.jpg&quot;,&quot;id&quot;:26672,&quot;size&quot;:&quot;&quot;,&quot;alt&quot;:&quot;&quot;,&quot;source&quot;:&quot;library&quot;},&quot;premium_gallery_img_desc&quot;:&quot;Facharzt f\\u00fcr Chirurgie, FA Endoven\\u00f6se thermische Ablation von Stammvenen bei Varikose, FA Phlebologie FMH\\n&lt;\\\/br&gt;\\n&lt;\\\/br&gt;\\n\\u2192 Lebenslauf\\n&quot;,&quot;premium_gallery_img_link_switch&quot;:&quot;&quot;,&quot;premium_gallery_img_link&quot;:{&quot;url&quot;:&quot;https:\\\/\\\/www.delc.ch\\\/de\\\/karl-pieper\\\/&quot;,&quot;is_external&quot;:&quot;&quot;,&quot;nofollow&quot;:&quot;&quot;,&quot;custom_attributes&quot;:&quot;&quot;},&quot;premium_gallery_img_alt&quot;:&quot;&quot;,&quot;premium_gallery_image_width&quot;:&quot;50%&quot;,&quot;premium_gallery_image_width_tablet&quot;:&quot;100%&quot;,&quot;premium_gallery_image_width_mobile&quot;:&quot;100%&quot;,&quot;premium_gallery_image_vcell&quot;:{&quot;unit&quot;:&quot;px&quot;,&quot;size&quot;:6,&quot;sizes&quot;:[]},&quot;premium_gallery_link_whole&quot;:&quot;yes&quot;,&quot;_id&quot;:&quot;9c65199&quot;,&quot;premium_gallery_image_cell&quot;:{&quot;unit&quot;:&quot;px&quot;,&quot;size&quot;:4,&quot;sizes&quot;:[]},&quot;premium_gallery_image_cell_tablet&quot;:{&quot;unit&quot;:&quot;px&quot;,&quot;size&quot;:&quot;&quot;,&quot;sizes&quot;:[]},&quot;premium_gallery_image_cell_mobile&quot;:{&quot;unit&quot;:&quot;px&quot;,&quot;size&quot;:&quot;&quot;,&quot;sizes&quot;:[]},&quot;premium_gallery_image_vcell_tablet&quot;:{&quot;unit&quot;:&quot;px&quot;,&quot;size&quot;:&quot;&quot;,&quot;sizes&quot;:[]},&quot;premium_gallery_image_vcell_mobile&quot;:{&quot;unit&quot;:&quot;px&quot;,&quot;size&quot;:&quot;&quot;,&quot;sizes&quot;:[]},&quot;premium_gallery_video&quot;:&quot;&quot;,&quot;premium_gallery_video_type&quot;:null,&quot;premium_gallery_video_url&quot;:null,&quot;premium_gallery_video_self&quot;:null,&quot;premium_gallery_video_self_url&quot;:null,&quot;premium_gallery_video_controls&quot;:null,&quot;premium_gallery_video_mute&quot;:null,&quot;premium_gallery_video_loop&quot;:null,&quot;download_button&quot;:null,&quot;privacy_mode&quot;:null,&quot;premmium_gallery_img_info&quot;:&quot;&quot;,&quot;premium_gallery_img_link_type&quot;:&quot;url&quot;,&quot;premium_gallery_img_existing&quot;:null,&quot;premium_gallery_lightbox_whole&quot;:&quot;&quot;},{&quot;premium_gallery_img_name&quot;:&quot;Dr. med. Didier Coustou&quot;,&quot;premium_gallery_img_category&quot;:&quot;Dermatologie&quot;,&quot;premium_gallery_img&quot;:{&quot;url&quot;:&quot;https:\\\/\\\/www.delc.ch\\\/wp-content\\\/uploads\\\/2025\\\/11\\\/Didier-profile-photo-web.jpg&quot;,&quot;id&quot;:26675,&quot;size&quot;:&quot;&quot;,&quot;alt&quot;:&quot;&quot;,&quot;source&quot;:&quot;library&quot;},&quot;premium_gallery_img_desc&quot;:&quot;Facharzt f\\u00fcr Dermatologie und Venerologie\\n&lt;\\\/br&gt;\\n&lt;\\\/br&gt;\\n\\u2192 Lebenslauf\\n&quot;,&quot;premium_gallery_img_link_switch&quot;:&quot;&quot;,&quot;premium_gallery_img_link&quot;:{&quot;url&quot;:&quot;https:\\\/\\\/www.delc.ch\\\/de\\\/team\\\/didier-coustou\\\/&quot;,&quot;is_external&quot;:&quot;&quot;,&quot;nofollow&quot;:&quot;&quot;,&quot;custom_attributes&quot;:&quot;&quot;},&quot;premium_gallery_img_alt&quot;:&quot;&quot;,&quot;premium_gallery_image_width&quot;:&quot;50%&quot;,&quot;premium_gallery_image_width_tablet&quot;:&quot;100%&quot;,&quot;premium_gallery_image_width_mobile&quot;:&quot;100%&quot;,&quot;premium_gallery_image_vcell&quot;:{&quot;unit&quot;:&quot;px&quot;,&quot;size&quot;:6,&quot;sizes&quot;:[]},&quot;premium_gallery_link_whole&quot;:&quot;yes&quot;,&quot;_id&quot;:&quot;b08f28b&quot;,&quot;premium_gallery_image_cell&quot;:{&quot;unit&quot;:&quot;px&quot;,&quot;size&quot;:4,&quot;sizes&quot;:[]},&quot;premium_gallery_image_cell_tablet&quot;:{&quot;unit&quot;:&quot;px&quot;,&quot;size&quot;:&quot;&quot;,&quot;sizes&quot;:[]},&quot;premium_gallery_image_cell_mobile&quot;:{&quot;unit&quot;:&quot;px&quot;,&quot;size&quot;:&quot;&quot;,&quot;sizes&quot;:[]},&quot;premium_gallery_image_vcell_tablet&quot;:{&quot;unit&quot;:&quot;px&quot;,&quot;size&quot;:&quot;&quot;,&quot;sizes&quot;:[]},&quot;premium_gallery_image_vcell_mobile&quot;:{&quot;unit&quot;:&quot;px&quot;,&quot;size&quot;:&quot;&quot;,&quot;sizes&quot;:[]},&quot;premium_gallery_video&quot;:&quot;&quot;,&quot;premium_gallery_video_type&quot;:null,&quot;premium_gallery_video_url&quot;:null,&quot;premium_gallery_video_self&quot;:null,&quot;premium_gallery_video_self_url&quot;:null,&quot;premium_gallery_video_controls&quot;:null,&quot;premium_gallery_video_mute&quot;:null,&quot;premium_gallery_video_loop&quot;:null,&quot;download_button&quot;:null,&quot;privacy_mode&quot;:null,&quot;premmium_gallery_img_info&quot;:&quot;&quot;,&quot;premium_gallery_img_link_type&quot;:&quot;url&quot;,&quot;premium_gallery_img_existing&quot;:null,&quot;premium_gallery_lightbox_whole&quot;:&quot;&quot;},{&quot;premium_gallery_img_name&quot;:&quot;Dr. med. Inga Budrikaite&quot;,&quot;premium_gallery_img_category&quot;:&quot;Dermatologie&quot;,&quot;premium_gallery_img&quot;:{&quot;url&quot;:&quot;https:\\\/\\\/www.delc.ch\\\/wp-content\\\/uploads\\\/2025\\\/11\\\/Inga-profile-photo-web.jpg&quot;,&quot;id&quot;:26676,&quot;size&quot;:&quot;&quot;,&quot;alt&quot;:&quot;&quot;,&quot;source&quot;:&quot;library&quot;},&quot;premium_gallery_img_desc&quot;:&quot;Fach\\u00e4rztin f\\u00fcr Dermatologie und Venerologie\\n&lt;\\\/br&gt;\\n&lt;\\\/br&gt;\\n\\u2192 Lebenslauf\\n&quot;,&quot;premium_gallery_img_link_switch&quot;:&quot;&quot;,&quot;premium_gallery_img_link&quot;:{&quot;url&quot;:&quot;https:\\\/\\\/www.delc.ch\\\/de\\\/team\\\/inga-budrikaite\\\/&quot;,&quot;is_external&quot;:&quot;&quot;,&quot;nofollow&quot;:&quot;&quot;,&quot;custom_attributes&quot;:&quot;&quot;},&quot;premium_gallery_img_alt&quot;:&quot;&quot;,&quot;premium_gallery_image_width&quot;:&quot;50%&quot;,&quot;premium_gallery_image_width_tablet&quot;:&quot;100%&quot;,&quot;premium_gallery_image_width_mobile&quot;:&quot;100%&quot;,&quot;premium_gallery_image_vcell&quot;:{&quot;unit&quot;:&quot;px&quot;,&quot;size&quot;:6,&quot;sizes&quot;:[]},&quot;premium_gallery_link_whole&quot;:&quot;yes&quot;,&quot;_id&quot;:&quot;09f11a4&quot;,&quot;premium_gallery_image_cell&quot;:{&quot;unit&quot;:&quot;px&quot;,&quot;size&quot;:4,&quot;sizes&quot;:[]},&quot;premium_gallery_image_cell_tablet&quot;:{&quot;unit&quot;:&quot;px&quot;,&quot;size&quot;:&quot;&quot;,&quot;sizes&quot;:[]},&quot;premium_gallery_image_cell_mobile&quot;:{&quot;unit&quot;:&quot;px&quot;,&quot;size&quot;:&quot;&quot;,&quot;sizes&quot;:[]},&quot;premium_gallery_image_vcell_tablet&quot;:{&quot;unit&quot;:&quot;px&quot;,&quot;size&quot;:&quot;&quot;,&quot;sizes&quot;:[]},&quot;premium_gallery_image_vcell_mobile&quot;:{&quot;unit&quot;:&quot;px&quot;,&quot;size&quot;:&quot;&quot;,&quot;sizes&quot;:[]},&quot;premium_gallery_video&quot;:&quot;&quot;,&quot;premium_gallery_video_type&quot;:null,&quot;premium_gallery_video_url&quot;:null,&quot;premium_gallery_video_self&quot;:null,&quot;premium_gallery_video_self_url&quot;:null,&quot;premium_gallery_video_controls&quot;:null,&quot;premium_gallery_video_mute&quot;:null,&quot;premium_gallery_video_loop&quot;:null,&quot;download_button&quot;:null,&quot;privacy_mode&quot;:null,&quot;premmium_gallery_img_info&quot;:&quot;&quot;,&quot;premium_gallery_img_link_type&quot;:&quot;url&quot;,&quot;premium_gallery_img_existing&quot;:null,&quot;premium_gallery_lightbox_whole&quot;:&quot;&quot;},{&quot;premium_gallery_img_name&quot;:&quot;Dr. med. Michaela Ender&quot;,&quot;premium_gallery_img_category&quot;:&quot;Dermatologie&quot;,&quot;premium_gallery_img&quot;:{&quot;url&quot;:&quot;https:\\\/\\\/www.delc.ch\\\/wp-content\\\/uploads\\\/2025\\\/12\\\/Michaela-profile-photo-web.jpg&quot;,&quot;id&quot;:26938,&quot;size&quot;:&quot;&quot;,&quot;alt&quot;:&quot;&quot;,&quot;source&quot;:&quot;library&quot;},&quot;premium_gallery_img_desc&quot;:&quot;Fach\\u00e4rztin f\\u00fcr Dermatologie und Venerologie\\n&lt;\\\/br&gt;\\n&lt;\\\/br&gt;\\n\\u2192 Lebenslauf&quot;,&quot;premium_gallery_img_link_switch&quot;:&quot;&quot;,&quot;premium_gallery_img_alt&quot;:&quot;&quot;,&quot;premium_gallery_image_width&quot;:&quot;50%&quot;,&quot;premium_gallery_image_width_tablet&quot;:&quot;100%&quot;,&quot;premium_gallery_image_width_mobile&quot;:&quot;100%&quot;,&quot;premium_gallery_image_vcell&quot;:{&quot;unit&quot;:&quot;px&quot;,&quot;size&quot;:6,&quot;sizes&quot;:[]},&quot;premium_gallery_link_whole&quot;:&quot;yes&quot;,&quot;_id&quot;:&quot;20255a6&quot;,&quot;premium_gallery_img_link&quot;:{&quot;url&quot;:&quot;https:\\\/\\\/www.delc.ch\\\/de\\\/team\\\/michaela-ender\\\/&quot;,&quot;is_external&quot;:&quot;&quot;,&quot;nofollow&quot;:&quot;&quot;,&quot;custom_attributes&quot;:&quot;&quot;},&quot;premium_gallery_image_cell&quot;:{&quot;unit&quot;:&quot;px&quot;,&quot;size&quot;:4,&quot;sizes&quot;:[]},&quot;premium_gallery_image_cell_tablet&quot;:{&quot;unit&quot;:&quot;px&quot;,&quot;size&quot;:&quot;&quot;,&quot;sizes&quot;:[]},&quot;premium_gallery_image_cell_mobile&quot;:{&quot;unit&quot;:&quot;px&quot;,&quot;size&quot;:&quot;&quot;,&quot;sizes&quot;:[]},&quot;premium_gallery_image_vcell_tablet&quot;:{&quot;unit&quot;:&quot;px&quot;,&quot;size&quot;:&quot;&quot;,&quot;sizes&quot;:[]},&quot;premium_gallery_image_vcell_mobile&quot;:{&quot;unit&quot;:&quot;px&quot;,&quot;size&quot;:&quot;&quot;,&quot;sizes&quot;:[]},&quot;premium_gallery_video&quot;:&quot;&quot;,&quot;premium_gallery_video_type&quot;:null,&quot;premium_gallery_video_url&quot;:null,&quot;premium_gallery_video_self&quot;:null,&quot;premium_gallery_video_self_url&quot;:null,&quot;premium_gallery_video_controls&quot;:null,&quot;premium_gallery_video_mute&quot;:null,&quot;premium_gallery_video_loop&quot;:null,&quot;download_button&quot;:null,&quot;privacy_mode&quot;:null,&quot;premmium_gallery_img_info&quot;:&quot;&quot;,&quot;premium_gallery_img_link_type&quot;:&quot;url&quot;,&quot;premium_gallery_img_existing&quot;:null,&quot;premium_gallery_lightbox_whole&quot;:&quot;&quot;},{&quot;premium_gallery_img_name&quot;:&quot;Dr. med. Barbora Jara-Re\\u017en\\u00e1kov\\u00e1&quot;,&quot;premium_gallery_img_category&quot;:&quot;Dermatologie&quot;,&quot;premium_gallery_img&quot;:{&quot;url&quot;:&quot;https:\\\/\\\/www.delc.ch\\\/wp-content\\\/uploads\\\/2026\\\/04\\\/Barbora_website_profile-1.jpg&quot;,&quot;id&quot;:27969,&quot;size&quot;:&quot;&quot;,&quot;alt&quot;:&quot;&quot;,&quot;source&quot;:&quot;library&quot;},&quot;premium_gallery_img_desc&quot;:&quot;Assistenz\\u00e4rztin f\\u00fcr Dermatologie und Venerologie&quot;,&quot;premium_gallery_img_link_switch&quot;:&quot;&quot;,&quot;premium_gallery_img_alt&quot;:&quot;&quot;,&quot;premium_gallery_image_width&quot;:&quot;50%&quot;,&quot;premium_gallery_image_width_tablet&quot;:&quot;100%&quot;,&quot;premium_gallery_image_width_mobile&quot;:&quot;100%&quot;,&quot;premium_gallery_image_vcell&quot;:{&quot;unit&quot;:&quot;px&quot;,&quot;size&quot;:6,&quot;sizes&quot;:[]},&quot;premium_gallery_link_whole&quot;:&quot;yes&quot;,&quot;_id&quot;:&quot;bf4a491&quot;,&quot;premium_gallery_image_cell&quot;:{&quot;unit&quot;:&quot;px&quot;,&quot;size&quot;:4,&quot;sizes&quot;:[]},&quot;premium_gallery_image_cell_tablet&quot;:{&quot;unit&quot;:&quot;px&quot;,&quot;size&quot;:&quot;&quot;,&quot;sizes&quot;:[]},&quot;premium_gallery_image_cell_mobile&quot;:{&quot;unit&quot;:&quot;px&quot;,&quot;size&quot;:&quot;&quot;,&quot;sizes&quot;:[]},&quot;premium_gallery_image_vcell_tablet&quot;:{&quot;unit&quot;:&quot;px&quot;,&quot;size&quot;:&quot;&quot;,&quot;sizes&quot;:[]},&quot;premium_gallery_image_vcell_mobile&quot;:{&quot;unit&quot;:&quot;px&quot;,&quot;size&quot;:&quot;&quot;,&quot;sizes&quot;:[]},&quot;premium_gallery_video&quot;:&quot;&quot;,&quot;premium_gallery_video_type&quot;:null,&quot;premium_gallery_video_url&quot;:null,&quot;premium_gallery_video_self&quot;:null,&quot;premium_gallery_video_self_url&quot;:null,&quot;premium_gallery_video_controls&quot;:null,&quot;premium_gallery_video_mute&quot;:null,&quot;premium_gallery_video_loop&quot;:null,&quot;download_button&quot;:null,&quot;privacy_mode&quot;:null,&quot;premmium_gallery_img_info&quot;:&quot;&quot;,&quot;premium_gallery_img_link_type&quot;:&quot;url&quot;,&quot;premium_gallery_img_link&quot;:{&quot;url&quot;:&quot;&quot;,&quot;is_external&quot;:&quot;&quot;,&quot;nofollow&quot;:&quot;&quot;,&quot;custom_attributes&quot;:&quot;&quot;},&quot;premium_gallery_img_existing&quot;:null,&quot;premium_gallery_lightbox_whole&quot;:&quot;&quot;}]}\" data-widget_type=\"premium-img-gallery.default\">\n\t\t\t\t<div class=\"elementor-widget-container\">\n\t\t\t\t\t\n\t<div class=\"premium-img-gallery-no-lightbox elementor-invisible premium-img-gallery premium-img-gallery-fitRows zoomin\" id=\"premium-img-gallery-89d1635\">\n\t\t\n\t\t<div class=\"premium-img-gallery-filter\">\n\t\t\t<ul class=\"premium-gallery-cats-container\">\n\t\t\t\t\t\t\t\t\t<li>\n\t\t\t\t\t\t<a href=\"javascript:;\" class=\"category active\" data-filter=\"*\">\n\t\t\t\t\t\t\tAlle\t\t\t\t\t\t<\/a>\n\t\t\t\t\t<\/li>\n\t\t\t\t\t\t\t\t\t\t\t<li>\n\t\t\t\t\t\t\t<a href=\"javascript:;\" class=\"category elementor-repeater-item-ab16085 \" data-filter=\".dermatologie\">\n\t\t\t\t\t\t\t\tDermatologie\t\t\t\t\t\t\t<\/a>\n\t\t\t\t\t\t<\/li>\n\t\t\t\t\t\t\t\t\t\t\t\t<li>\n\t\t\t\t\t\t\t<a href=\"javascript:;\" class=\"category elementor-repeater-item-230fc15 \" data-filter=\".plastische-und-aesthetische-chirurgie\">\n\t\t\t\t\t\t\t\tPlastische und Aesthetische Chirurgie\t\t\t\t\t\t\t<\/a>\n\t\t\t\t\t\t<\/li>\n\t\t\t\t\t\t\t\t\t\t\t\t<li>\n\t\t\t\t\t\t\t<a href=\"javascript:;\" class=\"category elementor-repeater-item-858ea97 \" data-filter=\".venenchirurgie\">\n\t\t\t\t\t\t\t\tVenenchirurgie\t\t\t\t\t\t\t<\/a>\n\t\t\t\t\t\t<\/li>\n\t\t\t\t\t\t\t\t\t<\/ul>\n\t\t<\/div>\n\n\t\t\n\t\t<div class=\"premium-gallery-container\" data-settings=\"{&quot;img_size&quot;:&quot;fitRows&quot;,&quot;filter&quot;:&quot;yes&quot;,&quot;theme&quot;:null,&quot;active_cat&quot;:&quot;*&quot;,&quot;ltr_mode&quot;:true,&quot;shuffle&quot;:false,&quot;sort_by&quot;:&quot;original-order&quot;,&quot;skin&quot;:&quot;default&quot;,&quot;flag&quot;:&quot;cat&quot;}\">\n\n\t\t\t\t\t\t\t<div class=\"premium-gallery-item elementor-repeater-item-8d776ea dermatologie\">\n\t\t\t\t<div class=\"pa-gallery-img default\" onclick=\"\">\n\t\t\t\t\t<div class=\"pa-gallery-img-container\">\n\t\t\t\t\t\t\t\t<img fetchpriority=\"high\" decoding=\"async\" width=\"1080\" height=\"1350\" src=\"https:\/\/www.delc.ch\/wp-content\/uploads\/2025\/11\/George-profile-photo-web-1.jpg\" class=\"attachment-full size-full wp-image-26660\" alt=\"\" srcset=\"https:\/\/www.delc.ch\/wp-content\/uploads\/2025\/11\/George-profile-photo-web-1.jpg 1080w, https:\/\/www.delc.ch\/wp-content\/uploads\/2025\/11\/George-profile-photo-web-1-240x300.jpg 240w, https:\/\/www.delc.ch\/wp-content\/uploads\/2025\/11\/George-profile-photo-web-1-819x1024.jpg 819w, https:\/\/www.delc.ch\/wp-content\/uploads\/2025\/11\/George-profile-photo-web-1-768x960.jpg 768w\" sizes=\"(max-width: 1080px) 100vw, 1080px\" \/>\t\t\t\t\t\t\t<\/div>\n\t\t\t\t\t\t\t\t\t\t\t\t<div class=\"pa-gallery-icons-wrapper\">\n\t\t\t\t\t\t\t\t<div class=\"pa-gallery-icons-inner-container\">\n\t\t\t\t\t\t\t\t\t\t\t\t\t\t\t\t\t<\/div>\n\t\t\t\t\t\t\t<\/div>\n\t\t\t\t\t\t\t\t\t\t<div class=\"premium-gallery-caption\">\n\n\t\t\t\t\t\t\t\t\t<span class=\"premium-gallery-img-name\">Prof. Dr. med. Georgios Gaitanis<\/span>\n\t\t\t\t\t\t\t\t\t\t<p class=\"premium-gallery-img-desc\">Facharzt f\u00fcr Dermatologie und Venerologie FMH\n<\/br>\n<\/br>\n\u2192 Lebenslauf\n<\/p>\n\t\t\t\t\n\t\t\t<\/div>\n\t\t\t\t\t\t\t\t\t\t<a class=\"pa-gallery-whole-link\" href=\"https:\/\/www.delc.ch\/de\/georgios-gaitanis\/\">\n\t\t\t\t\t\t\t\t<span>\n\t\t\t\t\t\t\t\t\tProf. Dr. med. Georgios Gaitanis\t\t\t\t\t\t\t\t<\/span>\n\t\t\t\t\t\t\t<\/a>\n\t\t\t\t\t\t\t\t\t\t\t<\/div>\n\t\t\t<\/div>\n\t\t\t\t\t\t\t<div class=\"premium-gallery-item elementor-repeater-item-a1dc80f dermatologie\">\n\t\t\t\t<div class=\"pa-gallery-img default\" onclick=\"\">\n\t\t\t\t\t<div class=\"pa-gallery-img-container\">\n\t\t\t\t\t\t\t\t<img decoding=\"async\" width=\"1080\" height=\"1350\" src=\"https:\/\/www.delc.ch\/wp-content\/uploads\/2025\/09\/Cristel-management-photo.jpg\" class=\"attachment-full size-full wp-image-25484\" alt=\"\" srcset=\"https:\/\/www.delc.ch\/wp-content\/uploads\/2025\/09\/Cristel-management-photo.jpg 1080w, https:\/\/www.delc.ch\/wp-content\/uploads\/2025\/09\/Cristel-management-photo-240x300.jpg 240w, https:\/\/www.delc.ch\/wp-content\/uploads\/2025\/09\/Cristel-management-photo-819x1024.jpg 819w, https:\/\/www.delc.ch\/wp-content\/uploads\/2025\/09\/Cristel-management-photo-768x960.jpg 768w\" sizes=\"(max-width: 1080px) 100vw, 1080px\" \/>\t\t\t\t\t\t\t<\/div>\n\t\t\t\t\t\t\t\t\t\t\t\t<div class=\"pa-gallery-icons-wrapper\">\n\t\t\t\t\t\t\t\t<div class=\"pa-gallery-icons-inner-container\">\n\t\t\t\t\t\t\t\t\t\t\t\t\t\t\t\t\t<\/div>\n\t\t\t\t\t\t\t<\/div>\n\t\t\t\t\t\t\t\t\t\t<div class=\"premium-gallery-caption\">\n\n\t\t\t\t\t\t\t\t\t<span class=\"premium-gallery-img-name\">PD Dr. med. Dr. phil. nat. Cristel Ruini<\/span>\n\t\t\t\t\t\t\t\t\t\t<p class=\"premium-gallery-img-desc\">Fach\u00e4rztin f\u00fcr Dermatologie und Venerologie FMH\n<\/br>\n<\/br>\n\u2192 Lebenslauf\n<\/p>\n\t\t\t\t\n\t\t\t<\/div>\n\t\t\t\t\t\t\t\t\t\t<a class=\"pa-gallery-whole-link\" href=\"https:\/\/www.delc.ch\/de\/cristel-ruini\/\">\n\t\t\t\t\t\t\t\t<span>\n\t\t\t\t\t\t\t\t\tPD Dr. med. Dr. phil. nat. Cristel Ruini\t\t\t\t\t\t\t\t<\/span>\n\t\t\t\t\t\t\t<\/a>\n\t\t\t\t\t\t\t\t\t\t\t<\/div>\n\t\t\t<\/div>\n\t\t\t\t\t\t\t<div class=\"premium-gallery-item elementor-repeater-item-87b1d01 dermatologie\">\n\t\t\t\t<div class=\"pa-gallery-img default\" onclick=\"\">\n\t\t\t\t\t<div class=\"pa-gallery-img-container\">\n\t\t\t\t\t\t\t\t<img decoding=\"async\" width=\"1080\" height=\"1350\" src=\"https:\/\/www.delc.ch\/wp-content\/uploads\/2026\/06\/Luca-Website-Profile-Picture-1.jpg\" class=\"attachment-full size-full wp-image-28687\" alt=\"\" srcset=\"https:\/\/www.delc.ch\/wp-content\/uploads\/2026\/06\/Luca-Website-Profile-Picture-1.jpg 1080w, https:\/\/www.delc.ch\/wp-content\/uploads\/2026\/06\/Luca-Website-Profile-Picture-1-240x300.jpg 240w, https:\/\/www.delc.ch\/wp-content\/uploads\/2026\/06\/Luca-Website-Profile-Picture-1-819x1024.jpg 819w, https:\/\/www.delc.ch\/wp-content\/uploads\/2026\/06\/Luca-Website-Profile-Picture-1-768x960.jpg 768w\" sizes=\"(max-width: 1080px) 100vw, 1080px\" \/>\t\t\t\t\t\t\t<\/div>\n\t\t\t\t\t\t\t\t\t\t\t\t<div class=\"pa-gallery-icons-wrapper\">\n\t\t\t\t\t\t\t\t<div class=\"pa-gallery-icons-inner-container\">\n\t\t\t\t\t\t\t\t\t\t\t\t\t\t\t\t\t<\/div>\n\t\t\t\t\t\t\t<\/div>\n\t\t\t\t\t\t\t\t\t\t<div class=\"premium-gallery-caption\">\n\n\t\t\t\t\t\t\t\t\t<span class=\"premium-gallery-img-name\">Prof. em. Dr. med. Luca Borradori<\/span>\n\t\t\t\t\t\t\t\t\t\t<p class=\"premium-gallery-img-desc\">Konsiliararzt Clinique DELC, Facharzt f\u00fcr Dermatologie und Venerologie FMH\n<\/br>\n<\/br>\n\u2192 Lebenslauf<\/p>\n\t\t\t\t\n\t\t\t<\/div>\n\t\t\t\t\t\t\t\t\t\t<a class=\"pa-gallery-whole-link\" href=\"https:\/\/www.delc.ch\/de\/luca-borradori\/\">\n\t\t\t\t\t\t\t\t<span>\n\t\t\t\t\t\t\t\t\tProf. em. Dr. med. Luca Borradori\t\t\t\t\t\t\t\t<\/span>\n\t\t\t\t\t\t\t<\/a>\n\t\t\t\t\t\t\t\t\t\t\t<\/div>\n\t\t\t<\/div>\n\t\t\t\t\t\t\t<div class=\"premium-gallery-item elementor-repeater-item-3b31a67 plastische-und-aesthetische-chirurgie\">\n\t\t\t\t<div class=\"pa-gallery-img default\" onclick=\"\">\n\t\t\t\t\t<div class=\"pa-gallery-img-container\">\n\t\t\t\t\t\t\t\t<img loading=\"lazy\" decoding=\"async\" width=\"1080\" height=\"1350\" src=\"https:\/\/www.delc.ch\/wp-content\/uploads\/2025\/09\/David-website-profile-photo.jpg\" class=\"attachment-full size-full wp-image-25393\" alt=\"\" srcset=\"https:\/\/www.delc.ch\/wp-content\/uploads\/2025\/09\/David-website-profile-photo.jpg 1080w, https:\/\/www.delc.ch\/wp-content\/uploads\/2025\/09\/David-website-profile-photo-240x300.jpg 240w, https:\/\/www.delc.ch\/wp-content\/uploads\/2025\/09\/David-website-profile-photo-819x1024.jpg 819w, https:\/\/www.delc.ch\/wp-content\/uploads\/2025\/09\/David-website-profile-photo-768x960.jpg 768w\" sizes=\"(max-width: 1080px) 100vw, 1080px\" \/>\t\t\t\t\t\t\t<\/div>\n\t\t\t\t\t\t\t\t\t\t\t\t<div class=\"pa-gallery-icons-wrapper\">\n\t\t\t\t\t\t\t\t<div class=\"pa-gallery-icons-inner-container\">\n\t\t\t\t\t\t\t\t\t\t\t\t\t\t\t\t\t<\/div>\n\t\t\t\t\t\t\t<\/div>\n\t\t\t\t\t\t\t\t\t\t<div class=\"premium-gallery-caption\">\n\n\t\t\t\t\t\t\t\t\t<span class=\"premium-gallery-img-name\">David Eyer<\/span>\n\t\t\t\t\t\t\t\t\t\t<p class=\"premium-gallery-img-desc\">Facharzt f\u00fcr Plastische, Rekonstruktive und Aesthetische Chirurgie FMH\n<\/br>\n<\/br>\n\u2192 Lebenslauf\n<\/p>\n\t\t\t\t\n\t\t\t<\/div>\n\t\t\t\t\t\t\t\t\t\t<a class=\"pa-gallery-whole-link\" href=\"https:\/\/www.delc.ch\/de\/david-eyer\/\">\n\t\t\t\t\t\t\t\t<span>\n\t\t\t\t\t\t\t\t\tDavid Eyer\t\t\t\t\t\t\t\t<\/span>\n\t\t\t\t\t\t\t<\/a>\n\t\t\t\t\t\t\t\t\t\t\t<\/div>\n\t\t\t<\/div>\n\t\t\t\t\t\t\t<div class=\"premium-gallery-item elementor-repeater-item-67745fb plastische-und-aesthetische-chirurgie\">\n\t\t\t\t<div class=\"pa-gallery-img default\" onclick=\"\">\n\t\t\t\t\t<div class=\"pa-gallery-img-container\">\n\t\t\t\t\t\t\t\t<img loading=\"lazy\" decoding=\"async\" width=\"1080\" height=\"1350\" src=\"https:\/\/www.delc.ch\/wp-content\/uploads\/2026\/05\/Athanasios-Profile-photo-1.jpg\" class=\"attachment-full size-full wp-image-28285\" alt=\"\" srcset=\"https:\/\/www.delc.ch\/wp-content\/uploads\/2026\/05\/Athanasios-Profile-photo-1.jpg 1080w, https:\/\/www.delc.ch\/wp-content\/uploads\/2026\/05\/Athanasios-Profile-photo-1-240x300.jpg 240w, https:\/\/www.delc.ch\/wp-content\/uploads\/2026\/05\/Athanasios-Profile-photo-1-819x1024.jpg 819w, https:\/\/www.delc.ch\/wp-content\/uploads\/2026\/05\/Athanasios-Profile-photo-1-768x960.jpg 768w\" sizes=\"(max-width: 1080px) 100vw, 1080px\" \/>\t\t\t\t\t\t\t<\/div>\n\t\t\t\t\t\t\t\t\t\t\t\t<div class=\"pa-gallery-icons-wrapper\">\n\t\t\t\t\t\t\t\t<div class=\"pa-gallery-icons-inner-container\">\n\t\t\t\t\t\t\t\t\t\t\t\t\t\t\t\t\t<\/div>\n\t\t\t\t\t\t\t<\/div>\n\t\t\t\t\t\t\t\t\t\t<div class=\"premium-gallery-caption\">\n\n\t\t\t\t\t\t\t\t\t<span class=\"premium-gallery-img-name\">Dr. med. Athanasios Papanikolaou<\/span>\n\t\t\t\t\t\t\t\t\t\t<p class=\"premium-gallery-img-desc\">Facharzt f\u00fcr Plastische, Rekonstruktive und Aesthetische Chirurgie FMH\n<\/br>\n<\/br>\n\u2192 Lebenslauf<\/p>\n\t\t\t\t\n\t\t\t<\/div>\n\t\t\t\t\t\t\t\t\t\t<a class=\"pa-gallery-whole-link\" href=\"https:\/\/www.delc.ch\/de\/athanasios-papanikolaou\/\">\n\t\t\t\t\t\t\t\t<span>\n\t\t\t\t\t\t\t\t\tDr. med. Athanasios Papanikolaou\t\t\t\t\t\t\t\t<\/span>\n\t\t\t\t\t\t\t<\/a>\n\t\t\t\t\t\t\t\t\t\t\t<\/div>\n\t\t\t<\/div>\n\t\t\t\t\t\t\t<div class=\"premium-gallery-item elementor-repeater-item-daf9a1c dermatologie\">\n\t\t\t\t<div class=\"pa-gallery-img default\" onclick=\"\">\n\t\t\t\t\t<div class=\"pa-gallery-img-container\">\n\t\t\t\t\t\t\t\t<img loading=\"lazy\" decoding=\"async\" width=\"1080\" height=\"1350\" src=\"https:\/\/www.delc.ch\/wp-content\/uploads\/2025\/11\/Fouad-profile-photo-web.jpg\" class=\"attachment-full size-full wp-image-26668\" alt=\"\" srcset=\"https:\/\/www.delc.ch\/wp-content\/uploads\/2025\/11\/Fouad-profile-photo-web.jpg 1080w, https:\/\/www.delc.ch\/wp-content\/uploads\/2025\/11\/Fouad-profile-photo-web-240x300.jpg 240w, https:\/\/www.delc.ch\/wp-content\/uploads\/2025\/11\/Fouad-profile-photo-web-819x1024.jpg 819w, https:\/\/www.delc.ch\/wp-content\/uploads\/2025\/11\/Fouad-profile-photo-web-768x960.jpg 768w\" sizes=\"(max-width: 1080px) 100vw, 1080px\" \/>\t\t\t\t\t\t\t<\/div>\n\t\t\t\t\t\t\t\t\t\t\t\t<div class=\"pa-gallery-icons-wrapper\">\n\t\t\t\t\t\t\t\t<div class=\"pa-gallery-icons-inner-container\">\n\t\t\t\t\t\t\t\t\t\t\t\t\t\t\t\t\t<\/div>\n\t\t\t\t\t\t\t<\/div>\n\t\t\t\t\t\t\t\t\t\t<div class=\"premium-gallery-caption\">\n\n\t\t\t\t\t\t\t\t\t<span class=\"premium-gallery-img-name\">Fouad Mitri, MSc TMR<\/span>\n\t\t\t\t\t\t\t\t\t\t<p class=\"premium-gallery-img-desc\">Facharzt f\u00fcr Dermatologie und Venerologie\n<\/br>\n<\/br>\n\u2192 Lebenslauf\n<\/p>\n\t\t\t\t\n\t\t\t<\/div>\n\t\t\t\t\t\t\t\t\t\t<a class=\"pa-gallery-whole-link\" href=\"https:\/\/www.delc.ch\/de\/team\/fouad-mitri\/\">\n\t\t\t\t\t\t\t\t<span>\n\t\t\t\t\t\t\t\t\tFouad Mitri, MSc TMR\t\t\t\t\t\t\t\t<\/span>\n\t\t\t\t\t\t\t<\/a>\n\t\t\t\t\t\t\t\t\t\t\t<\/div>\n\t\t\t<\/div>\n\t\t\t\t\t\t\t<div class=\"premium-gallery-item elementor-repeater-item-56a31bd dermatologie\">\n\t\t\t\t<div class=\"pa-gallery-img default\" onclick=\"\">\n\t\t\t\t\t<div class=\"pa-gallery-img-container\">\n\t\t\t\t\t\t\t\t<img loading=\"lazy\" decoding=\"async\" width=\"1080\" height=\"1350\" src=\"https:\/\/www.delc.ch\/wp-content\/uploads\/2025\/11\/Duniashka-profile-photo-web-1.jpg\" class=\"attachment-full size-full wp-image-26670\" alt=\"\" srcset=\"https:\/\/www.delc.ch\/wp-content\/uploads\/2025\/11\/Duniashka-profile-photo-web-1.jpg 1080w, https:\/\/www.delc.ch\/wp-content\/uploads\/2025\/11\/Duniashka-profile-photo-web-1-240x300.jpg 240w, https:\/\/www.delc.ch\/wp-content\/uploads\/2025\/11\/Duniashka-profile-photo-web-1-819x1024.jpg 819w, https:\/\/www.delc.ch\/wp-content\/uploads\/2025\/11\/Duniashka-profile-photo-web-1-768x960.jpg 768w\" sizes=\"(max-width: 1080px) 100vw, 1080px\" \/>\t\t\t\t\t\t\t<\/div>\n\t\t\t\t\t\t\t\t\t\t\t\t<div class=\"pa-gallery-icons-wrapper\">\n\t\t\t\t\t\t\t\t<div class=\"pa-gallery-icons-inner-container\">\n\t\t\t\t\t\t\t\t\t\t\t\t\t\t\t\t\t<\/div>\n\t\t\t\t\t\t\t<\/div>\n\t\t\t\t\t\t\t\t\t\t<div class=\"premium-gallery-caption\">\n\n\t\t\t\t\t\t\t\t\t<span class=\"premium-gallery-img-name\">Duniashka Bellorin Waldburger<\/span>\n\t\t\t\t\t\t\t\t\t\t<p class=\"premium-gallery-img-desc\">Assistenz\u00e4rztin f\u00fcr Dermatologie und Venerologie\n<\/br>\n<\/br>\n\u2192 Lebenslauf\n<\/p>\n\t\t\t\t\n\t\t\t<\/div>\n\t\t\t\t\t\t\t\t\t\t<a class=\"pa-gallery-whole-link\" href=\"https:\/\/www.delc.ch\/de\/duniashka-bellorin-waldburger\/\">\n\t\t\t\t\t\t\t\t<span>\n\t\t\t\t\t\t\t\t\tDuniashka Bellorin Waldburger\t\t\t\t\t\t\t\t<\/span>\n\t\t\t\t\t\t\t<\/a>\n\t\t\t\t\t\t\t\t\t\t\t<\/div>\n\t\t\t<\/div>\n\t\t\t\t\t\t\t<div class=\"premium-gallery-item elementor-repeater-item-9c65199 venenchirurgie\">\n\t\t\t\t<div class=\"pa-gallery-img default\" onclick=\"\">\n\t\t\t\t\t<div class=\"pa-gallery-img-container\">\n\t\t\t\t\t\t\t\t<img loading=\"lazy\" decoding=\"async\" width=\"1080\" height=\"1350\" src=\"https:\/\/www.delc.ch\/wp-content\/uploads\/2025\/11\/Karl-profile-photo-web.jpg\" class=\"attachment-full size-full wp-image-26672\" alt=\"\" srcset=\"https:\/\/www.delc.ch\/wp-content\/uploads\/2025\/11\/Karl-profile-photo-web.jpg 1080w, https:\/\/www.delc.ch\/wp-content\/uploads\/2025\/11\/Karl-profile-photo-web-240x300.jpg 240w, https:\/\/www.delc.ch\/wp-content\/uploads\/2025\/11\/Karl-profile-photo-web-819x1024.jpg 819w, https:\/\/www.delc.ch\/wp-content\/uploads\/2025\/11\/Karl-profile-photo-web-768x960.jpg 768w\" sizes=\"(max-width: 1080px) 100vw, 1080px\" \/>\t\t\t\t\t\t\t<\/div>\n\t\t\t\t\t\t\t\t\t\t\t\t<div class=\"pa-gallery-icons-wrapper\">\n\t\t\t\t\t\t\t\t<div class=\"pa-gallery-icons-inner-container\">\n\t\t\t\t\t\t\t\t\t\t\t\t\t\t\t\t\t<\/div>\n\t\t\t\t\t\t\t<\/div>\n\t\t\t\t\t\t\t\t\t\t<div class=\"premium-gallery-caption\">\n\n\t\t\t\t\t\t\t\t\t<span class=\"premium-gallery-img-name\">Dr. med. Karl Pieper-Joshi<\/span>\n\t\t\t\t\t\t\t\t\t\t<p class=\"premium-gallery-img-desc\">Facharzt f\u00fcr Chirurgie, FA Endoven\u00f6se thermische Ablation von Stammvenen bei Varikose, FA Phlebologie FMH\n<\/br>\n<\/br>\n\u2192 Lebenslauf\n<\/p>\n\t\t\t\t\n\t\t\t<\/div>\n\t\t\t\t\t\t\t\t\t\t<a class=\"pa-gallery-whole-link\" href=\"https:\/\/www.delc.ch\/de\/karl-pieper\/\">\n\t\t\t\t\t\t\t\t<span>\n\t\t\t\t\t\t\t\t\tDr. med. Karl Pieper-Joshi\t\t\t\t\t\t\t\t<\/span>\n\t\t\t\t\t\t\t<\/a>\n\t\t\t\t\t\t\t\t\t\t\t<\/div>\n\t\t\t<\/div>\n\t\t\t\t\t\t\t<div class=\"premium-gallery-item elementor-repeater-item-b08f28b dermatologie\">\n\t\t\t\t<div class=\"pa-gallery-img default\" onclick=\"\">\n\t\t\t\t\t<div class=\"pa-gallery-img-container\">\n\t\t\t\t\t\t\t\t<img loading=\"lazy\" decoding=\"async\" width=\"1080\" height=\"1350\" src=\"https:\/\/www.delc.ch\/wp-content\/uploads\/2025\/11\/Didier-profile-photo-web.jpg\" class=\"attachment-full size-full wp-image-26675\" alt=\"\" srcset=\"https:\/\/www.delc.ch\/wp-content\/uploads\/2025\/11\/Didier-profile-photo-web.jpg 1080w, https:\/\/www.delc.ch\/wp-content\/uploads\/2025\/11\/Didier-profile-photo-web-240x300.jpg 240w, https:\/\/www.delc.ch\/wp-content\/uploads\/2025\/11\/Didier-profile-photo-web-819x1024.jpg 819w, https:\/\/www.delc.ch\/wp-content\/uploads\/2025\/11\/Didier-profile-photo-web-768x960.jpg 768w\" sizes=\"(max-width: 1080px) 100vw, 1080px\" \/>\t\t\t\t\t\t\t<\/div>\n\t\t\t\t\t\t\t\t\t\t\t\t<div class=\"pa-gallery-icons-wrapper\">\n\t\t\t\t\t\t\t\t<div class=\"pa-gallery-icons-inner-container\">\n\t\t\t\t\t\t\t\t\t\t\t\t\t\t\t\t\t<\/div>\n\t\t\t\t\t\t\t<\/div>\n\t\t\t\t\t\t\t\t\t\t<div class=\"premium-gallery-caption\">\n\n\t\t\t\t\t\t\t\t\t<span class=\"premium-gallery-img-name\">Dr. med. Didier Coustou<\/span>\n\t\t\t\t\t\t\t\t\t\t<p class=\"premium-gallery-img-desc\">Facharzt f\u00fcr Dermatologie und Venerologie\n<\/br>\n<\/br>\n\u2192 Lebenslauf\n<\/p>\n\t\t\t\t\n\t\t\t<\/div>\n\t\t\t\t\t\t\t\t\t\t<a class=\"pa-gallery-whole-link\" href=\"https:\/\/www.delc.ch\/de\/team\/didier-coustou\/\">\n\t\t\t\t\t\t\t\t<span>\n\t\t\t\t\t\t\t\t\tDr. med. Didier Coustou\t\t\t\t\t\t\t\t<\/span>\n\t\t\t\t\t\t\t<\/a>\n\t\t\t\t\t\t\t\t\t\t\t<\/div>\n\t\t\t<\/div>\n\t\t\t\t\t\t\t<div class=\"premium-gallery-item elementor-repeater-item-09f11a4 dermatologie\">\n\t\t\t\t<div class=\"pa-gallery-img default\" onclick=\"\">\n\t\t\t\t\t<div class=\"pa-gallery-img-container\">\n\t\t\t\t\t\t\t\t<img loading=\"lazy\" decoding=\"async\" width=\"1080\" height=\"1350\" src=\"https:\/\/www.delc.ch\/wp-content\/uploads\/2025\/11\/Inga-profile-photo-web.jpg\" class=\"attachment-full size-full wp-image-26676\" alt=\"\" srcset=\"https:\/\/www.delc.ch\/wp-content\/uploads\/2025\/11\/Inga-profile-photo-web.jpg 1080w, https:\/\/www.delc.ch\/wp-content\/uploads\/2025\/11\/Inga-profile-photo-web-240x300.jpg 240w, https:\/\/www.delc.ch\/wp-content\/uploads\/2025\/11\/Inga-profile-photo-web-819x1024.jpg 819w, https:\/\/www.delc.ch\/wp-content\/uploads\/2025\/11\/Inga-profile-photo-web-768x960.jpg 768w\" sizes=\"(max-width: 1080px) 100vw, 1080px\" \/>\t\t\t\t\t\t\t<\/div>\n\t\t\t\t\t\t\t\t\t\t\t\t<div class=\"pa-gallery-icons-wrapper\">\n\t\t\t\t\t\t\t\t<div class=\"pa-gallery-icons-inner-container\">\n\t\t\t\t\t\t\t\t\t\t\t\t\t\t\t\t\t<\/div>\n\t\t\t\t\t\t\t<\/div>\n\t\t\t\t\t\t\t\t\t\t<div class=\"premium-gallery-caption\">\n\n\t\t\t\t\t\t\t\t\t<span class=\"premium-gallery-img-name\">Dr. med. Inga Budrikaite<\/span>\n\t\t\t\t\t\t\t\t\t\t<p class=\"premium-gallery-img-desc\">Fach\u00e4rztin f\u00fcr Dermatologie und Venerologie\n<\/br>\n<\/br>\n\u2192 Lebenslauf\n<\/p>\n\t\t\t\t\n\t\t\t<\/div>\n\t\t\t\t\t\t\t\t\t\t<a class=\"pa-gallery-whole-link\" href=\"https:\/\/www.delc.ch\/de\/team\/inga-budrikaite\/\">\n\t\t\t\t\t\t\t\t<span>\n\t\t\t\t\t\t\t\t\tDr. med. Inga Budrikaite\t\t\t\t\t\t\t\t<\/span>\n\t\t\t\t\t\t\t<\/a>\n\t\t\t\t\t\t\t\t\t\t\t<\/div>\n\t\t\t<\/div>\n\t\t\t\t\t\t\t<div class=\"premium-gallery-item elementor-repeater-item-20255a6 dermatologie\">\n\t\t\t\t<div class=\"pa-gallery-img default\" onclick=\"\">\n\t\t\t\t\t<div class=\"pa-gallery-img-container\">\n\t\t\t\t\t\t\t\t<img loading=\"lazy\" decoding=\"async\" width=\"1080\" height=\"1350\" src=\"https:\/\/www.delc.ch\/wp-content\/uploads\/2025\/12\/Michaela-profile-photo-web.jpg\" class=\"attachment-full size-full wp-image-26938\" alt=\"\" srcset=\"https:\/\/www.delc.ch\/wp-content\/uploads\/2025\/12\/Michaela-profile-photo-web.jpg 1080w, https:\/\/www.delc.ch\/wp-content\/uploads\/2025\/12\/Michaela-profile-photo-web-240x300.jpg 240w, https:\/\/www.delc.ch\/wp-content\/uploads\/2025\/12\/Michaela-profile-photo-web-819x1024.jpg 819w, https:\/\/www.delc.ch\/wp-content\/uploads\/2025\/12\/Michaela-profile-photo-web-768x960.jpg 768w\" sizes=\"(max-width: 1080px) 100vw, 1080px\" \/>\t\t\t\t\t\t\t<\/div>\n\t\t\t\t\t\t\t\t\t\t\t\t<div class=\"pa-gallery-icons-wrapper\">\n\t\t\t\t\t\t\t\t<div class=\"pa-gallery-icons-inner-container\">\n\t\t\t\t\t\t\t\t\t\t\t\t\t\t\t\t\t<\/div>\n\t\t\t\t\t\t\t<\/div>\n\t\t\t\t\t\t\t\t\t\t<div class=\"premium-gallery-caption\">\n\n\t\t\t\t\t\t\t\t\t<span class=\"premium-gallery-img-name\">Dr. med. Michaela Ender<\/span>\n\t\t\t\t\t\t\t\t\t\t<p class=\"premium-gallery-img-desc\">Fach\u00e4rztin f\u00fcr Dermatologie und Venerologie\n<\/br>\n<\/br>\n\u2192 Lebenslauf<\/p>\n\t\t\t\t\n\t\t\t<\/div>\n\t\t\t\t\t\t\t\t\t\t<a class=\"pa-gallery-whole-link\" href=\"https:\/\/www.delc.ch\/de\/team\/michaela-ender\/\">\n\t\t\t\t\t\t\t\t<span>\n\t\t\t\t\t\t\t\t\tDr. med. Michaela Ender\t\t\t\t\t\t\t\t<\/span>\n\t\t\t\t\t\t\t<\/a>\n\t\t\t\t\t\t\t\t\t\t\t<\/div>\n\t\t\t<\/div>\n\t\t\t\t\t\t\t<div class=\"premium-gallery-item elementor-repeater-item-bf4a491 dermatologie\">\n\t\t\t\t<div class=\"pa-gallery-img default\" onclick=\"\">\n\t\t\t\t\t<div class=\"pa-gallery-img-container\">\n\t\t\t\t\t\t\t\t<img loading=\"lazy\" decoding=\"async\" width=\"1080\" height=\"1350\" src=\"https:\/\/www.delc.ch\/wp-content\/uploads\/2026\/04\/Barbora_website_profile-1.jpg\" class=\"attachment-full size-full wp-image-27969\" alt=\"\" srcset=\"https:\/\/www.delc.ch\/wp-content\/uploads\/2026\/04\/Barbora_website_profile-1.jpg 1080w, https:\/\/www.delc.ch\/wp-content\/uploads\/2026\/04\/Barbora_website_profile-1-240x300.jpg 240w, https:\/\/www.delc.ch\/wp-content\/uploads\/2026\/04\/Barbora_website_profile-1-819x1024.jpg 819w, https:\/\/www.delc.ch\/wp-content\/uploads\/2026\/04\/Barbora_website_profile-1-768x960.jpg 768w\" sizes=\"(max-width: 1080px) 100vw, 1080px\" \/>\t\t\t\t\t\t\t<\/div>\n\t\t\t\t\t\t\t\t\t\t\t\t<div class=\"pa-gallery-icons-wrapper\">\n\t\t\t\t\t\t\t\t<div class=\"pa-gallery-icons-inner-container\">\n\t\t\t\t\t\t\t\t\t\t\t\t\t\t\t\t\t<\/div>\n\t\t\t\t\t\t\t<\/div>\n\t\t\t\t\t\t\t\t\t\t<div class=\"premium-gallery-caption\">\n\n\t\t\t\t\t\t\t\t\t<span class=\"premium-gallery-img-name\">Dr. med. Barbora Jara-Re\u017en\u00e1kov\u00e1<\/span>\n\t\t\t\t\t\t\t\t\t\t<p class=\"premium-gallery-img-desc\">Assistenz\u00e4rztin f\u00fcr Dermatologie und Venerologie<\/p>\n\t\t\t\t\n\t\t\t<\/div>\n\t\t\t\t\t\t\t\t\t\t<a class=\"pa-gallery-whole-link\">\n\t\t\t\t\t\t\t\t<span>\n\t\t\t\t\t\t\t\t\tDr. med. Barbora Jara-Re\u017en\u00e1kov\u00e1\t\t\t\t\t\t\t\t<\/span>\n\t\t\t\t\t\t\t<\/a>\n\t\t\t\t\t\t\t\t\t\t\t<\/div>\n\t\t\t<\/div>\n\t\t\t\n\t\t\t\t\t<\/div>\n\n\t\t\n\t<\/div>\n\n\t\t\n\t\t\n\t\t\t\t\t\t<\/div>\n\t\t\t\t<\/div>\n\t\t\t\t\t<\/div>\n\t\t<\/div>\n\t\t\t\t\t<\/div>\n\t\t<\/section>\n\t\t\t\t<\/div>\n\t\t\n    <div class=\"xs_social_share_widget xs_share_url after_content \t\tmain_content  wslu-style-1 wslu-share-box-shaped wslu-fill-colored wslu-none wslu-share-horizontal wslu-theme-font-no wslu-main_content\">\n\n\t\t\n        <ul>\n\t\t\t        <\/ul>\n    <\/div> \n","protected":false},"excerpt":{"rendered":"<p>Zuweisungen Biel KonsultationDermatologie | Venen | Plastische Chirurgie *Pflichtfeld Alle Dermatologie Plastische und Aesthetische Chirurgie Venenchirurgie Prof. Dr. med. Georgios Gaitanis Facharzt f\u00fcr Dermatologie und Venerologie FMH \u2192 Lebenslauf Prof. Dr. med. Georgios Gaitanis PD Dr. med. Dr. phil. nat. Cristel Ruini Fach\u00e4rztin f\u00fcr Dermatologie und Venerologie FMH \u2192 Lebenslauf PD Dr. med. Dr. phil. [&hellip;]<\/p>\n","protected":false},"author":3,"featured_media":0,"parent":29747,"menu_order":0,"comment_status":"closed","ping_status":"closed","template":"elementor_header_footer","meta":{"postBodyCss":"","postBodyMargin":[],"postBodyPadding":[],"postBodyBackground":{"backgroundType":"classic","gradient":""},"footnotes":""},"class_list":["post-29632","page","type-page","status-publish","hentry"],"yoast_head":"<!-- This site is optimized with the Yoast SEO plugin v28.3 - https:\/\/yoast.com\/product\/yoast-seo-wordpress\/ -->\n<title>Zuweiserformular Biel - Clinique Delc<\/title>\n<meta name=\"robots\" content=\"index, follow, max-snippet:-1, max-image-preview:large, max-video-preview:-1\" \/>\n<link rel=\"canonical\" href=\"https:\/\/www.delc.ch\/de\/zuweiser-neu\/formular-biel\/\" \/>\n<meta property=\"og:locale\" content=\"de_DE\" \/>\n<meta property=\"og:type\" content=\"article\" \/>\n<meta property=\"og:title\" content=\"Zuweiserformular Biel - Clinique Delc\" \/>\n<meta property=\"og:description\" content=\"Zuweisungen Biel KonsultationDermatologie | Venen | Plastische Chirurgie *Pflichtfeld Alle Dermatologie Plastische und Aesthetische Chirurgie Venenchirurgie Prof. Dr. med. Georgios Gaitanis Facharzt f\u00fcr Dermatologie und Venerologie FMH \u2192 Lebenslauf Prof. Dr. med. Georgios Gaitanis PD Dr. med. Dr. phil. nat. Cristel Ruini Fach\u00e4rztin f\u00fcr Dermatologie und Venerologie FMH \u2192 Lebenslauf PD Dr. med. Dr. phil. [&hellip;]\" \/>\n<meta property=\"og:url\" content=\"https:\/\/www.delc.ch\/de\/zuweiser-neu\/formular-biel\/\" \/>\n<meta property=\"og:site_name\" content=\"Clinique Delc\" \/>\n<meta property=\"article:modified_time\" content=\"2026-09-01T14:29:11+00:00\" \/>\n<meta property=\"og:image\" content=\"https:\/\/www.delc.ch\/wp-content\/uploads\/2025\/11\/George-profile-photo-web-1.jpg\" \/>\n\t<meta property=\"og:image:width\" content=\"1080\" \/>\n\t<meta property=\"og:image:height\" content=\"1350\" \/>\n\t<meta property=\"og:image:type\" content=\"image\/jpeg\" \/>\n<meta name=\"twitter:card\" content=\"summary_large_image\" \/>\n<meta name=\"twitter:label1\" content=\"Gesch\u00e4tzte Lesezeit\" \/>\n\t<meta name=\"twitter:data1\" content=\"1\u00a0Minute\" \/>\n<script type=\"application\/ld+json\" class=\"yoast-schema-graph\">{\"@context\":\"https:\\\/\\\/schema.org\",\"@graph\":[{\"@type\":\"WebPage\",\"@id\":\"https:\\\/\\\/www.delc.ch\\\/de\\\/zuweiser-neu\\\/formular-biel\\\/\",\"url\":\"https:\\\/\\\/www.delc.ch\\\/de\\\/zuweiser-neu\\\/formular-biel\\\/\",\"name\":\"Zuweiserformular Biel - Clinique Delc\",\"isPartOf\":{\"@id\":\"https:\\\/\\\/www.delc.ch\\\/de\\\/#website\"},\"primaryImageOfPage\":{\"@id\":\"https:\\\/\\\/www.delc.ch\\\/de\\\/zuweiser-neu\\\/formular-biel\\\/#primaryimage\"},\"image\":{\"@id\":\"https:\\\/\\\/www.delc.ch\\\/de\\\/zuweiser-neu\\\/formular-biel\\\/#primaryimage\"},\"thumbnailUrl\":\"https:\\\/\\\/www.delc.ch\\\/wp-content\\\/uploads\\\/2025\\\/11\\\/George-profile-photo-web-1.jpg\",\"datePublished\":\"2026-09-01T13:31:24+00:00\",\"dateModified\":\"2026-09-01T14:29:11+00:00\",\"breadcrumb\":{\"@id\":\"https:\\\/\\\/www.delc.ch\\\/de\\\/zuweiser-neu\\\/formular-biel\\\/#breadcrumb\"},\"inLanguage\":\"de\",\"potentialAction\":[{\"@type\":\"ReadAction\",\"target\":[\"https:\\\/\\\/www.delc.ch\\\/de\\\/zuweiser-neu\\\/formular-biel\\\/\"]}]},{\"@type\":\"ImageObject\",\"inLanguage\":\"de\",\"@id\":\"https:\\\/\\\/www.delc.ch\\\/de\\\/zuweiser-neu\\\/formular-biel\\\/#primaryimage\",\"url\":\"https:\\\/\\\/www.delc.ch\\\/wp-content\\\/uploads\\\/2025\\\/11\\\/George-profile-photo-web-1.jpg\",\"contentUrl\":\"https:\\\/\\\/www.delc.ch\\\/wp-content\\\/uploads\\\/2025\\\/11\\\/George-profile-photo-web-1.jpg\"},{\"@type\":\"BreadcrumbList\",\"@id\":\"https:\\\/\\\/www.delc.ch\\\/de\\\/zuweiser-neu\\\/formular-biel\\\/#breadcrumb\",\"itemListElement\":[{\"@type\":\"ListItem\",\"position\":1,\"name\":\"Home\",\"item\":\"https:\\\/\\\/www.delc.ch\\\/de\\\/\"},{\"@type\":\"ListItem\",\"position\":2,\"name\":\"Zuweiser NEU\",\"item\":\"https:\\\/\\\/www.delc.ch\\\/de\\\/zuweiser-neu\\\/\"},{\"@type\":\"ListItem\",\"position\":3,\"name\":\"Zuweiserformular Biel\"}]},{\"@type\":\"WebSite\",\"@id\":\"https:\\\/\\\/www.delc.ch\\\/de\\\/#website\",\"url\":\"https:\\\/\\\/www.delc.ch\\\/de\\\/\",\"name\":\"Clinique Delc\",\"description\":\"Plastische Chirurgie, Dermatologie, Laser &amp; Venenheilkunde\",\"publisher\":{\"@id\":\"https:\\\/\\\/www.delc.ch\\\/de\\\/#organization\"},\"potentialAction\":[{\"@type\":\"SearchAction\",\"target\":{\"@type\":\"EntryPoint\",\"urlTemplate\":\"https:\\\/\\\/www.delc.ch\\\/de\\\/?s={search_term_string}\"},\"query-input\":{\"@type\":\"PropertyValueSpecification\",\"valueRequired\":true,\"valueName\":\"search_term_string\"}}],\"inLanguage\":\"de\"},{\"@type\":\"Organization\",\"@id\":\"https:\\\/\\\/www.delc.ch\\\/de\\\/#organization\",\"name\":\"Clinique Delc\",\"url\":\"https:\\\/\\\/www.delc.ch\\\/de\\\/\",\"logo\":{\"@type\":\"ImageObject\",\"inLanguage\":\"de\",\"@id\":\"https:\\\/\\\/www.delc.ch\\\/de\\\/#\\\/schema\\\/logo\\\/image\\\/\",\"url\":\"https:\\\/\\\/www.delc.ch\\\/wp-content\\\/uploads\\\/2020\\\/04\\\/DELC_Logo.png\",\"contentUrl\":\"https:\\\/\\\/www.delc.ch\\\/wp-content\\\/uploads\\\/2020\\\/04\\\/DELC_Logo.png\",\"width\":1369,\"height\":444,\"caption\":\"Clinique Delc\"},\"image\":{\"@id\":\"https:\\\/\\\/www.delc.ch\\\/de\\\/#\\\/schema\\\/logo\\\/image\\\/\"}}]}<\/script>\n<!-- \/ Yoast SEO plugin. -->","yoast_head_json":{"title":"Zuweiserformular Biel - Clinique Delc","robots":{"index":"index","follow":"follow","max-snippet":"max-snippet:-1","max-image-preview":"max-image-preview:large","max-video-preview":"max-video-preview:-1"},"canonical":"https:\/\/www.delc.ch\/de\/zuweiser-neu\/formular-biel\/","og_locale":"de_DE","og_type":"article","og_title":"Zuweiserformular Biel - Clinique Delc","og_description":"Zuweisungen Biel KonsultationDermatologie | Venen | Plastische Chirurgie *Pflichtfeld Alle Dermatologie Plastische und Aesthetische Chirurgie Venenchirurgie Prof. Dr. med. Georgios Gaitanis Facharzt f\u00fcr Dermatologie und Venerologie FMH \u2192 Lebenslauf Prof. Dr. med. Georgios Gaitanis PD Dr. med. Dr. phil. nat. Cristel Ruini Fach\u00e4rztin f\u00fcr Dermatologie und Venerologie FMH \u2192 Lebenslauf PD Dr. med. Dr. phil. [&hellip;]","og_url":"https:\/\/www.delc.ch\/de\/zuweiser-neu\/formular-biel\/","og_site_name":"Clinique Delc","article_modified_time":"2026-09-01T14:29:11+00:00","og_image":[{"width":1080,"height":1350,"url":"https:\/\/www.delc.ch\/wp-content\/uploads\/2025\/11\/George-profile-photo-web-1.jpg","type":"image\/jpeg"}],"twitter_card":"summary_large_image","twitter_misc":{"Gesch\u00e4tzte Lesezeit":"1\u00a0Minute"},"schema":{"@context":"https:\/\/schema.org","@graph":[{"@type":"WebPage","@id":"https:\/\/www.delc.ch\/de\/zuweiser-neu\/formular-biel\/","url":"https:\/\/www.delc.ch\/de\/zuweiser-neu\/formular-biel\/","name":"Zuweiserformular Biel - Clinique Delc","isPartOf":{"@id":"https:\/\/www.delc.ch\/de\/#website"},"primaryImageOfPage":{"@id":"https:\/\/www.delc.ch\/de\/zuweiser-neu\/formular-biel\/#primaryimage"},"image":{"@id":"https:\/\/www.delc.ch\/de\/zuweiser-neu\/formular-biel\/#primaryimage"},"thumbnailUrl":"https:\/\/www.delc.ch\/wp-content\/uploads\/2025\/11\/George-profile-photo-web-1.jpg","datePublished":"2026-09-01T13:31:24+00:00","dateModified":"2026-09-01T14:29:11+00:00","breadcrumb":{"@id":"https:\/\/www.delc.ch\/de\/zuweiser-neu\/formular-biel\/#breadcrumb"},"inLanguage":"de","potentialAction":[{"@type":"ReadAction","target":["https:\/\/www.delc.ch\/de\/zuweiser-neu\/formular-biel\/"]}]},{"@type":"ImageObject","inLanguage":"de","@id":"https:\/\/www.delc.ch\/de\/zuweiser-neu\/formular-biel\/#primaryimage","url":"https:\/\/www.delc.ch\/wp-content\/uploads\/2025\/11\/George-profile-photo-web-1.jpg","contentUrl":"https:\/\/www.delc.ch\/wp-content\/uploads\/2025\/11\/George-profile-photo-web-1.jpg"},{"@type":"BreadcrumbList","@id":"https:\/\/www.delc.ch\/de\/zuweiser-neu\/formular-biel\/#breadcrumb","itemListElement":[{"@type":"ListItem","position":1,"name":"Home","item":"https:\/\/www.delc.ch\/de\/"},{"@type":"ListItem","position":2,"name":"Zuweiser NEU","item":"https:\/\/www.delc.ch\/de\/zuweiser-neu\/"},{"@type":"ListItem","position":3,"name":"Zuweiserformular Biel"}]},{"@type":"WebSite","@id":"https:\/\/www.delc.ch\/de\/#website","url":"https:\/\/www.delc.ch\/de\/","name":"Clinique Delc","description":"Plastische Chirurgie, Dermatologie, Laser &amp; Venenheilkunde","publisher":{"@id":"https:\/\/www.delc.ch\/de\/#organization"},"potentialAction":[{"@type":"SearchAction","target":{"@type":"EntryPoint","urlTemplate":"https:\/\/www.delc.ch\/de\/?s={search_term_string}"},"query-input":{"@type":"PropertyValueSpecification","valueRequired":true,"valueName":"search_term_string"}}],"inLanguage":"de"},{"@type":"Organization","@id":"https:\/\/www.delc.ch\/de\/#organization","name":"Clinique Delc","url":"https:\/\/www.delc.ch\/de\/","logo":{"@type":"ImageObject","inLanguage":"de","@id":"https:\/\/www.delc.ch\/de\/#\/schema\/logo\/image\/","url":"https:\/\/www.delc.ch\/wp-content\/uploads\/2020\/04\/DELC_Logo.png","contentUrl":"https:\/\/www.delc.ch\/wp-content\/uploads\/2020\/04\/DELC_Logo.png","width":1369,"height":444,"caption":"Clinique Delc"},"image":{"@id":"https:\/\/www.delc.ch\/de\/#\/schema\/logo\/image\/"}}]}},"_links":{"self":[{"href":"https:\/\/www.delc.ch\/de\/wp-json\/wp\/v2\/pages\/29632","targetHints":{"allow":["GET"]}}],"collection":[{"href":"https:\/\/www.delc.ch\/de\/wp-json\/wp\/v2\/pages"}],"about":[{"href":"https:\/\/www.delc.ch\/de\/wp-json\/wp\/v2\/types\/page"}],"author":[{"embeddable":true,"href":"https:\/\/www.delc.ch\/de\/wp-json\/wp\/v2\/users\/3"}],"replies":[{"embeddable":true,"href":"https:\/\/www.delc.ch\/de\/wp-json\/wp\/v2\/comments?post=29632"}],"version-history":[{"count":15,"href":"https:\/\/www.delc.ch\/de\/wp-json\/wp\/v2\/pages\/29632\/revisions"}],"predecessor-version":[{"id":30199,"href":"https:\/\/www.delc.ch\/de\/wp-json\/wp\/v2\/pages\/29632\/revisions\/30199"}],"up":[{"embeddable":true,"href":"https:\/\/www.delc.ch\/de\/wp-json\/wp\/v2\/pages\/29747"}],"wp:attachment":[{"href":"https:\/\/www.delc.ch\/de\/wp-json\/wp\/v2\/media?parent=29632"}],"curies":[{"name":"wp","href":"https:\/\/api.w.org\/{rel}","templated":true}]}}